{"id":35,"date":"2024-01-05T09:58:09","date_gmt":"2024-01-05T08:58:09","guid":{"rendered":"https:\/\/www.sevenadur.org\/2024\/?page_id=35"},"modified":"2024-03-12T10:57:08","modified_gmt":"2024-03-12T09:57:08","slug":"stages-et-ateliers","status":"publish","type":"page","link":"https:\/\/www.sevenadur.org\/2024\/stages-et-ateliers\/","title":{"rendered":"Stages et ateliers"},"content":{"rendered":"\n<h1 class=\"has-text-align-center wp-block-heading\"><strong>STAGES ET ATELIERS <\/strong><\/h1>\n\n\n\n<hr class=\"wp-block-separator has-text-color has-vivid-cyan-blue-color has-alpha-channel-opacity has-vivid-cyan-blue-background-color has-background is-style-wide\" \/>\n\n\n\n<div class=\"wp-block-media-text alignwide has-media-on-the-right is-stacked-on-mobile\" style=\"grid-template-columns:auto 30%\"><div class=\"wp-block-media-text__content\">\n<h5 class=\"wp-block-heading\">Stage de danse et percussions africaines<\/h5>\n\n\n\n<p class=\"has-small-font-size\">(organiser par Tilibora et Synzhoi)<\/p>\n\n\n\n<p style=\"font-size:11px\">Dimanche 25 f\u00e9vrier &#8211; (de 14 \u00e0 17h) &#8211;  Cercle celtique de Rennes, 26 Av. Charles et Raymonde Tillon, 35000 RENNES &#8211;  Bus : C4 14 12 (Arr\u00eat Bois l\u2019abb\u00e9 \/ Normandie) M\u00e9tro : A (Arr\u00eat Villejean), Adh\u00e9rents : 30 euros, non-adh\u00e9rents : 35 euros &#8211; Renseignements et inscriptions : synzhoi@gmail.com \/ http:\/\/synzhoi.free.fr <\/p>\n<\/div><figure class=\"wp-block-media-text__media\"><img loading=\"lazy\" decoding=\"async\" width=\"724\" height=\"1024\" src=\"https:\/\/www.sevenadur.org\/2024\/wp-content\/uploads\/sites\/11\/2024\/02\/1_1-724x1024.jpg\" alt=\"\" class=\"wp-image-493 size-full\" srcset=\"https:\/\/www.sevenadur.org\/2024\/wp-content\/uploads\/sites\/11\/2024\/02\/1_1-724x1024.jpg 724w, https:\/\/www.sevenadur.org\/2024\/wp-content\/uploads\/sites\/11\/2024\/02\/1_1-212x300.jpg 212w, https:\/\/www.sevenadur.org\/2024\/wp-content\/uploads\/sites\/11\/2024\/02\/1_1-768x1086.jpg 768w, https:\/\/www.sevenadur.org\/2024\/wp-content\/uploads\/sites\/11\/2024\/02\/1_1-1086x1536.jpg 1086w, https:\/\/www.sevenadur.org\/2024\/wp-content\/uploads\/sites\/11\/2024\/02\/1_1-500x707.jpg 500w, https:\/\/www.sevenadur.org\/2024\/wp-content\/uploads\/sites\/11\/2024\/02\/1_1-800x1132.jpg 800w, https:\/\/www.sevenadur.org\/2024\/wp-content\/uploads\/sites\/11\/2024\/02\/1_1-1280x1810.jpg 1280w, https:\/\/www.sevenadur.org\/2024\/wp-content\/uploads\/sites\/11\/2024\/02\/1_1.jpg 1414w\" sizes=\"auto, (max-width: 724px) 100vw, 724px\" \/><\/figure><\/div>\n\n\n\n<p><\/p>\n\n\n\n<div class=\"wp-block-media-text alignwide is-stacked-on-mobile\" style=\"grid-template-columns:32% auto\"><figure class=\"wp-block-media-text__media\"><img loading=\"lazy\" decoding=\"async\" width=\"1024\" height=\"713\" src=\"https:\/\/www.sevenadur.org\/2024\/wp-content\/uploads\/sites\/11\/2024\/01\/72901436_2651942698204055_8710952708678352896_o-1024x713.jpg\" alt=\"\" class=\"wp-image-110 size-full\" srcset=\"https:\/\/www.sevenadur.org\/2024\/wp-content\/uploads\/sites\/11\/2024\/01\/72901436_2651942698204055_8710952708678352896_o-1024x713.jpg 1024w, https:\/\/www.sevenadur.org\/2024\/wp-content\/uploads\/sites\/11\/2024\/01\/72901436_2651942698204055_8710952708678352896_o-300x209.jpg 300w, https:\/\/www.sevenadur.org\/2024\/wp-content\/uploads\/sites\/11\/2024\/01\/72901436_2651942698204055_8710952708678352896_o-768x534.jpg 768w, https:\/\/www.sevenadur.org\/2024\/wp-content\/uploads\/sites\/11\/2024\/01\/72901436_2651942698204055_8710952708678352896_o-1536x1069.jpg 1536w, https:\/\/www.sevenadur.org\/2024\/wp-content\/uploads\/sites\/11\/2024\/01\/72901436_2651942698204055_8710952708678352896_o-500x348.jpg 500w, https:\/\/www.sevenadur.org\/2024\/wp-content\/uploads\/sites\/11\/2024\/01\/72901436_2651942698204055_8710952708678352896_o-800x557.jpg 800w, https:\/\/www.sevenadur.org\/2024\/wp-content\/uploads\/sites\/11\/2024\/01\/72901436_2651942698204055_8710952708678352896_o-1280x891.jpg 1280w, https:\/\/www.sevenadur.org\/2024\/wp-content\/uploads\/sites\/11\/2024\/01\/72901436_2651942698204055_8710952708678352896_o.jpg 1772w\" sizes=\"auto, (max-width: 767px) 89vw, (max-width: 1000px) 54vw, (max-width: 1071px) 543px, 580px\" \/><\/figure><div class=\"wp-block-media-text__content\">\n<h5 class=\"wp-block-heading\">STAGE SONNEURS AVEC ALAN LETENNEUR<\/h5>\n\n\n\n<p class=\"has-small-font-size\">Alan Leteneur vous fera d\u00e9couvrir le r\u00e9pertoire et les styles de jeu (phras\u00e9s, ornementations, variations m\u00e9lodico-rythmiques\u2026) propre au Pays Vannetais, en s&rsquo;appuyant sur des collectes de sonneurs. Une petite introduction sur l&rsquo;anchage vous sera \u00e9galement propos\u00e9e. Ce stage est accessible aux joueurs de biniou et de bombarde. (Organisateur : CCR) <\/p>\n\n\n\n<p style=\"font-size:11px\">Samedi 09 mars &#8211; (9h30 &#8211; 17h00) -Cercle celtique de Rennes, 26 Av. Charles et Raymonde Tillon, 35000 RENNES \u2013 Bus : C4 14 12 (Arr\u00eat Bois l\u2019abb\u00e9 \/ Normandie) M\u00e9tro : A (Arr\u00eat Villejean) \u2013 30 euros &#8211; Renseignements \/ inscriptions&nbsp;: 02 99 54 36 45\/ contact@cercleceltiquederennes.org. Pr\u00e9voir un repas.<\/p>\n\n\n\n<p class=\"has-small-font-size\">Inscriptions en ligne :<\/p>\n\n\n\n<p class=\"has-small-font-size\"><a href=\"https:\/\/www.helloasso.com\/associations\/cercle-celtique-de-rennes\/evenements\/stage-sonneurs-avec-alan-letenneur\">https:\/\/www.helloasso.com\/associations\/cercle-celtique-de-rennes\/evenements\/stage-sonneurs-avec-alan-letenneur<\/a><\/p>\n<\/div><\/div>\n\n\n\n<div style=\"height:35px\" aria-hidden=\"true\" class=\"wp-block-spacer\"><\/div>\n\n\n\n<div class=\"wp-block-media-text alignwide has-media-on-the-right is-stacked-on-mobile\" style=\"grid-template-columns:auto 29%\"><div class=\"wp-block-media-text__content\">\n<h5 class=\"wp-block-heading\">STAGE ACCORD\u00c9ON AVEC CORENTIN LE DOUJET <\/h5>\n\n\n\n<p class=\"has-small-font-size\">Stage d&rsquo;accord\u00e9on diatonique anim\u00e9 par Corentin Le Doujet<br>R\u00e9pertoire de Haute-Bretagne (Pays Rennais, Nord Ille-et-Vilaine, Est C\u00f4tes d&rsquo;Armor).<br>Musique \u00e0 danser (quadrille, danse de couple, avant-deux, passe-pied, etc.) et airs \u00e0 la marche. (Organisateur : La Bou\u00e8ze) <\/p>\n\n\n\n<p style=\"font-size:11px\">Samedi 09 mars &#8211; (10h00 &#8211; 17h00) &#8211; 26 avenue Pierre Donzelot, Ferme des Gallets, 35000 RENNES &#8211; Bus&nbsp;: C1 (Arr\u00eat Donzelot) M\u00e9tro&nbsp;: B (Arr\u00eat Beaulieu-Universit\u00e9) -35 euros -30 euros pour les adh\u00e9rents La Bou\u00e8ze \/ La granjagoul \/ AFAP -Renseignements \/ inscription&nbsp;: 02 23 20 59 14 \/ contact@laboueze.bzh<\/p>\n<\/div><figure class=\"wp-block-media-text__media\"><img loading=\"lazy\" decoding=\"async\" width=\"724\" height=\"1024\" src=\"https:\/\/www.sevenadur.org\/2024\/wp-content\/uploads\/sites\/11\/2024\/01\/STAGES_SEVENADUR_2024-724x1024.png\" alt=\"\" class=\"wp-image-111 size-full\" srcset=\"https:\/\/www.sevenadur.org\/2024\/wp-content\/uploads\/sites\/11\/2024\/01\/STAGES_SEVENADUR_2024-724x1024.png 724w, https:\/\/www.sevenadur.org\/2024\/wp-content\/uploads\/sites\/11\/2024\/01\/STAGES_SEVENADUR_2024-212x300.png 212w, https:\/\/www.sevenadur.org\/2024\/wp-content\/uploads\/sites\/11\/2024\/01\/STAGES_SEVENADUR_2024-768x1086.png 768w, https:\/\/www.sevenadur.org\/2024\/wp-content\/uploads\/sites\/11\/2024\/01\/STAGES_SEVENADUR_2024-1086x1536.png 1086w, https:\/\/www.sevenadur.org\/2024\/wp-content\/uploads\/sites\/11\/2024\/01\/STAGES_SEVENADUR_2024-1448x2048.png 1448w, https:\/\/www.sevenadur.org\/2024\/wp-content\/uploads\/sites\/11\/2024\/01\/STAGES_SEVENADUR_2024-500x707.png 500w, https:\/\/www.sevenadur.org\/2024\/wp-content\/uploads\/sites\/11\/2024\/01\/STAGES_SEVENADUR_2024-800x1131.png 800w, https:\/\/www.sevenadur.org\/2024\/wp-content\/uploads\/sites\/11\/2024\/01\/STAGES_SEVENADUR_2024-1280x1810.png 1280w, https:\/\/www.sevenadur.org\/2024\/wp-content\/uploads\/sites\/11\/2024\/01\/STAGES_SEVENADUR_2024-1920x2715.png 1920w\" sizes=\"auto, (max-width: 724px) 100vw, 724px\" \/><\/figure><\/div>\n\n\n\n<div style=\"height:35px\" aria-hidden=\"true\" class=\"wp-block-spacer\"><\/div>\n\n\n\n<div class=\"wp-block-media-text alignwide is-stacked-on-mobile\" style=\"grid-template-columns:29% auto\"><figure class=\"wp-block-media-text__media\"><img loading=\"lazy\" decoding=\"async\" width=\"724\" height=\"1024\" src=\"https:\/\/www.sevenadur.org\/2024\/wp-content\/uploads\/sites\/11\/2024\/01\/STAGES_SEVENADUR_2024-1-724x1024.png\" alt=\"\" class=\"wp-image-112 size-full\" srcset=\"https:\/\/www.sevenadur.org\/2024\/wp-content\/uploads\/sites\/11\/2024\/01\/STAGES_SEVENADUR_2024-1-724x1024.png 724w, https:\/\/www.sevenadur.org\/2024\/wp-content\/uploads\/sites\/11\/2024\/01\/STAGES_SEVENADUR_2024-1-212x300.png 212w, https:\/\/www.sevenadur.org\/2024\/wp-content\/uploads\/sites\/11\/2024\/01\/STAGES_SEVENADUR_2024-1-768x1086.png 768w, https:\/\/www.sevenadur.org\/2024\/wp-content\/uploads\/sites\/11\/2024\/01\/STAGES_SEVENADUR_2024-1-1086x1536.png 1086w, https:\/\/www.sevenadur.org\/2024\/wp-content\/uploads\/sites\/11\/2024\/01\/STAGES_SEVENADUR_2024-1-1448x2048.png 1448w, https:\/\/www.sevenadur.org\/2024\/wp-content\/uploads\/sites\/11\/2024\/01\/STAGES_SEVENADUR_2024-1-500x707.png 500w, https:\/\/www.sevenadur.org\/2024\/wp-content\/uploads\/sites\/11\/2024\/01\/STAGES_SEVENADUR_2024-1-800x1131.png 800w, https:\/\/www.sevenadur.org\/2024\/wp-content\/uploads\/sites\/11\/2024\/01\/STAGES_SEVENADUR_2024-1-1280x1810.png 1280w, https:\/\/www.sevenadur.org\/2024\/wp-content\/uploads\/sites\/11\/2024\/01\/STAGES_SEVENADUR_2024-1-1920x2715.png 1920w\" sizes=\"auto, (max-width: 724px) 100vw, 724px\" \/><\/figure><div class=\"wp-block-media-text__content\">\n<h5 class=\"wp-block-heading\">STAGE DE DANSES AVEC CEDRIC LEBLANC<\/h5>\n\n\n\n<p class=\"has-small-font-size\">Avant-deux (de St-Aubin-du-Cormier jusqu&rsquo;au Mont-Saint-Michel) (Organisateur : La Bou\u00e8ze)<\/p>\n\n\n\n<p style=\"font-size:11px\">Samedi 09 mars &#8211; (13h30 &#8211; 17h00) &#8211; 26 avenue Pierre Donzelot, Ferme des Gallets, 35000 RENNES &#8211; Bus&nbsp;: C1 (Arr\u00eat Donzelot) M\u00e9tro&nbsp;: B (Arr\u00eat Beaulieu-Universit\u00e9) -35 euros &#8211; 10 euros \u2013 5 euros pour les adh\u00e9rents La Bou\u00e8ze \/ La granjagoul \/ AFAP &#8211; Renseignements&nbsp;\/ inscription : 02 23 20 59 14 \/ contact@laboueze.bzh<\/p>\n<\/div><\/div>\n\n\n\n<div style=\"height:35px\" aria-hidden=\"true\" class=\"wp-block-spacer\"><\/div>\n\n\n\n<div class=\"wp-block-media-text alignwide has-media-on-the-right is-stacked-on-mobile\" style=\"grid-template-columns:auto 31%\"><div class=\"wp-block-media-text__content\">\n<h5 class=\"wp-block-heading\">STAGE BRODERIE<\/h5>\n\n\n\n<p class=\"has-small-font-size\">Stage de broderie \u00e9tabli sur deux jours qui mettra en valeur la nuit et ses animaux nocturnes avec la cr\u00e9ation d\u2019une broche en variant les points, les couleurs et les fils. (Organisateur : CCR)<\/p>\n\n\n\n<p style=\"font-size:11px\">Samedi 09 mars et dimanche 10 mars &#8211; (9h30 &#8211; 17h00) &#8211; Cercle celtique de Rennes, 26 Av. Charles et Raymonde Tillon, 35000 RENNES \u2013 Bus : C4 14 12 (Arr\u00eat Bois l\u2019abb\u00e9 \/ Normandie) M\u00e9tro : A (Arr\u00eat Villejean) \u2013 25 euros -20 euros pour les adh\u00e9rents + Kit 10 euros (tarif pour les deux jours) &#8211; Renseignements \/ inscriptions&nbsp;: 02 99 54 36 45\/ contact@cercleceltiquederennes.org. Pr\u00e9voir un repas.<\/p>\n\n\n\n<p class=\"has-small-font-size\">Inscription en ligne : <\/p>\n\n\n\n<p class=\"has-small-font-size\"><a href=\"https:\/\/www.helloasso.com\/associations\/cercle-celtique-de-rennes\/evenements\/stage-broderie\">https:\/\/www.helloasso.com\/associations\/cercle-celtique-de-rennes\/evenements\/stage-broderie<\/a><\/p>\n<\/div><figure class=\"wp-block-media-text__media\"><img loading=\"lazy\" decoding=\"async\" width=\"720\" height=\"679\" src=\"https:\/\/www.sevenadur.org\/2024\/wp-content\/uploads\/sites\/11\/2024\/01\/1703148355322.jpg\" alt=\"\" class=\"wp-image-113 size-full\" srcset=\"https:\/\/www.sevenadur.org\/2024\/wp-content\/uploads\/sites\/11\/2024\/01\/1703148355322.jpg 720w, https:\/\/www.sevenadur.org\/2024\/wp-content\/uploads\/sites\/11\/2024\/01\/1703148355322-300x283.jpg 300w, https:\/\/www.sevenadur.org\/2024\/wp-content\/uploads\/sites\/11\/2024\/01\/1703148355322-500x472.jpg 500w\" sizes=\"auto, (max-width: 720px) 100vw, 720px\" \/><\/figure><\/div>\n\n\n\n<div style=\"height:35px\" aria-hidden=\"true\" class=\"wp-block-spacer\"><\/div>\n\n\n\n<div class=\"wp-block-media-text alignwide is-stacked-on-mobile\" style=\"grid-template-columns:30% auto\"><figure class=\"wp-block-media-text__media\"><img loading=\"lazy\" decoding=\"async\" width=\"724\" height=\"1024\" src=\"https:\/\/www.sevenadur.org\/2024\/wp-content\/uploads\/sites\/11\/2024\/01\/Stage-Musique-Folk-Melanesienne_page-0001-724x1024.jpg\" alt=\"\" class=\"wp-image-138 size-full\" srcset=\"https:\/\/www.sevenadur.org\/2024\/wp-content\/uploads\/sites\/11\/2024\/01\/Stage-Musique-Folk-Melanesienne_page-0001-724x1024.jpg 724w, https:\/\/www.sevenadur.org\/2024\/wp-content\/uploads\/sites\/11\/2024\/01\/Stage-Musique-Folk-Melanesienne_page-0001-212x300.jpg 212w, https:\/\/www.sevenadur.org\/2024\/wp-content\/uploads\/sites\/11\/2024\/01\/Stage-Musique-Folk-Melanesienne_page-0001-768x1087.jpg 768w, https:\/\/www.sevenadur.org\/2024\/wp-content\/uploads\/sites\/11\/2024\/01\/Stage-Musique-Folk-Melanesienne_page-0001-1085x1536.jpg 1085w, https:\/\/www.sevenadur.org\/2024\/wp-content\/uploads\/sites\/11\/2024\/01\/Stage-Musique-Folk-Melanesienne_page-0001-500x708.jpg 500w, https:\/\/www.sevenadur.org\/2024\/wp-content\/uploads\/sites\/11\/2024\/01\/Stage-Musique-Folk-Melanesienne_page-0001-800x1132.jpg 800w, https:\/\/www.sevenadur.org\/2024\/wp-content\/uploads\/sites\/11\/2024\/01\/Stage-Musique-Folk-Melanesienne_page-0001.jpg 1240w\" sizes=\"auto, (max-width: 724px) 100vw, 724px\" \/><\/figure><div class=\"wp-block-media-text__content\">\n<h5 class=\"wp-block-heading\">STAGE FOLK M\u00c9LAN\u00c9SIEN : CHANT POLYPHONIQUE ET UKUL\u00c9L\u00c9<\/h5>\n\n\n\n<p class=\"has-small-font-size\">Rejoignez-nous pour une journ\u00e9e immersive d\u00e9di\u00e9e \u00e0 la musique folk m\u00e9lan\u00e9sienne \u00e0 la Ferme de la Harpe. Les musiciens, novices et interm\u00e9diaires, se r\u00e9uniront dans une<br>atmosph\u00e8re conviviale pour explorer les chants du Pacifique et interpr\u00e9ter de charmantes ballades folk. Cette exp\u00e9rience<br>musicale sera l&rsquo;occasion id\u00e9ale de partager des moments joyeux tout en d\u00e9veloppant votre pratique instrumentale. Venez vous immerger dans la beaut\u00e9 des m\u00e9lodies pacifiques<br>et laissez-vous emporter par la joie de la musique en groupe. Un voyage musical au c\u0153ur des m\u00e9lodies envo\u00fbtantes du Pacifique, m\u00ealant chants traditionnels kanak et ballades<br>folk. Les joueurs(ses) de guitare et ukul\u00e9l\u00e9 avec un niveau de pratique mod\u00e9r\u00e9, munis de leur instrument.<\/p>\n\n\n\n<p class=\"has-small-font-size\">(Organisateur : Caillou en Bretagne ) <\/p>\n\n\n\n<p style=\"font-size:11px\">Samedi 16 mars &#8211; (9h30 &#8211; 17h00) &#8211; Cercle celtique de Rennes, 26 Av. Charles et Raymonde Tillon, 35000 RENNES \u2013 Bus : C4 14 12 (Arr\u00eat Bois l\u2019abb\u00e9 \/ Normandie) M\u00e9tro : A (Arr\u00eat Villejean) \u2013 10 euros &#8211; Renseignements \/ inscriptions&nbsp;: 02 99 54 36 45\/ contact@cercleceltiquederennes.org. Pr\u00e9voir un repas.<\/p>\n\n\n\n<p class=\"has-small-font-size\">Inscriptions en ligne : <\/p>\n\n\n\n<p class=\"has-small-font-size\"><a href=\"https:\/\/www.helloasso.com\/associations\/cercle-celtique-de-rennes\/evenements\/stage-folk-melanesien\">https:\/\/www.helloasso.com\/associations\/cercle-celtique-de-rennes\/evenements\/stage-folk-melanesien<\/a><\/p>\n<\/div><\/div>\n\n\n\n<div style=\"height:36px\" aria-hidden=\"true\" class=\"wp-block-spacer\"><\/div>\n\n\n\n<div class=\"wp-block-media-text alignwide has-media-on-the-right is-stacked-on-mobile\" style=\"grid-template-columns:auto 40%\"><div class=\"wp-block-media-text__content\">\n<h5 class=\"wp-block-heading\">ATELIER CULINAIRE SP\u00c9CIALIT\u00c9S D&rsquo;ERLANGEN <\/h5>\n\n\n\n<p class=\"has-small-font-size\">Nous pr\u00e9parerons ensemble une salade de pomme de terre, de la choucroute et des saucisses bratwurst. Pour le dessert, nous ferons cuire des beignets de pommes franconniens. <\/p>\n\n\n\n<p class=\"has-small-font-size\"> (Organisateurs : CCR et Les longs pr\u00e9s) <\/p>\n\n\n\n<p style=\"font-size:11px\">Samedi 16 mars &#8211; (10h00 &#8211; 14h00) &#8211; 3 rue des longs pr\u00e9s, 35000 RENNES &#8211; Bus&nbsp;: 14 (Arr\u00eat Long Pr\u00e9s) M\u00e9tro&nbsp;: B (Arr\u00eat Les Gayeulles &#8211; 10 euros \u2013 8 euros pour les adh\u00e9rents &#8211; Renseignements&nbsp;: 02 99 54 36 45 \/ contact@cercleceltiquederennes.org.<\/p>\n\n\n\n<p class=\"has-small-font-size\">Inscriptions en ligne : <\/p>\n\n\n\n<p class=\"has-small-font-size\"><a href=\"https:\/\/www.helloasso.com\/associations\/cercle-celtique-de-rennes\/evenements\/atelier-culinaire-specialites-d-erlangen\">https:\/\/www.helloasso.com\/associations\/cercle-celtique-de-rennes\/evenements\/atelier-culinaire-specialites-d-erlangen<\/a><\/p>\n<\/div><figure class=\"wp-block-media-text__media\"><img loading=\"lazy\" decoding=\"async\" width=\"888\" height=\"658\" src=\"https:\/\/www.sevenadur.org\/2024\/wp-content\/uploads\/sites\/11\/2024\/03\/logo_dfbfonds_rgb_transparent.png\" alt=\"\" class=\"wp-image-537 size-full\" srcset=\"https:\/\/www.sevenadur.org\/2024\/wp-content\/uploads\/sites\/11\/2024\/03\/logo_dfbfonds_rgb_transparent.png 888w, https:\/\/www.sevenadur.org\/2024\/wp-content\/uploads\/sites\/11\/2024\/03\/logo_dfbfonds_rgb_transparent-300x222.png 300w, https:\/\/www.sevenadur.org\/2024\/wp-content\/uploads\/sites\/11\/2024\/03\/logo_dfbfonds_rgb_transparent-768x569.png 768w, https:\/\/www.sevenadur.org\/2024\/wp-content\/uploads\/sites\/11\/2024\/03\/logo_dfbfonds_rgb_transparent-500x370.png 500w, https:\/\/www.sevenadur.org\/2024\/wp-content\/uploads\/sites\/11\/2024\/03\/logo_dfbfonds_rgb_transparent-800x593.png 800w\" sizes=\"auto, (max-width: 767px) 89vw, (max-width: 1000px) 54vw, (max-width: 1071px) 543px, 580px\" \/><\/figure><\/div>\n\n\n\n<div style=\"height:36px\" aria-hidden=\"true\" class=\"wp-block-spacer\"><\/div>\n\n\n\n<div class=\"wp-block-media-text alignwide is-stacked-on-mobile\" style=\"grid-template-columns:29% auto\"><figure class=\"wp-block-media-text__media\"><img loading=\"lazy\" decoding=\"async\" width=\"791\" height=\"1024\" src=\"https:\/\/www.sevenadur.org\/2024\/wp-content\/uploads\/sites\/11\/2024\/03\/PHOTO-2024-03-03-10-33-17-791x1024.jpg\" alt=\"\" class=\"wp-image-534 size-full\" srcset=\"https:\/\/www.sevenadur.org\/2024\/wp-content\/uploads\/sites\/11\/2024\/03\/PHOTO-2024-03-03-10-33-17-791x1024.jpg 791w, https:\/\/www.sevenadur.org\/2024\/wp-content\/uploads\/sites\/11\/2024\/03\/PHOTO-2024-03-03-10-33-17-232x300.jpg 232w, https:\/\/www.sevenadur.org\/2024\/wp-content\/uploads\/sites\/11\/2024\/03\/PHOTO-2024-03-03-10-33-17-768x994.jpg 768w, https:\/\/www.sevenadur.org\/2024\/wp-content\/uploads\/sites\/11\/2024\/03\/PHOTO-2024-03-03-10-33-17-1187x1536.jpg 1187w, https:\/\/www.sevenadur.org\/2024\/wp-content\/uploads\/sites\/11\/2024\/03\/PHOTO-2024-03-03-10-33-17-500x647.jpg 500w, https:\/\/www.sevenadur.org\/2024\/wp-content\/uploads\/sites\/11\/2024\/03\/PHOTO-2024-03-03-10-33-17-800x1036.jpg 800w, https:\/\/www.sevenadur.org\/2024\/wp-content\/uploads\/sites\/11\/2024\/03\/PHOTO-2024-03-03-10-33-17.jpg 1236w\" sizes=\"auto, (max-width: 767px) 89vw, (max-width: 1000px) 54vw, (max-width: 1071px) 543px, 580px\" \/><\/figure><div class=\"wp-block-media-text__content\">\n<h5 class=\"wp-block-heading\">STAGE DE DANSES FRANCONIENNES<\/h5>\n\n\n\n<p class=\"has-small-font-size\">Caract\u00e9ris\u00e9es par ses changements de signature de temps (pairs, impairs) et de rythme, les Zwiefachen sont des danses de couples traditionnelles du sud de l&rsquo;Allemagne. Elles alternent de fa\u00e7on irr\u00e9guli\u00e8re entre le pas de valse et le pas de dreher avec des variations de vitesse. Dans le cadre des 60 ans de jumelage Rennes-Erlangen, l&rsquo;\u00e9quipe de Sevenadur vous invite \u00e0 les d\u00e9couvrir aupr\u00e8s de Sabine et Carsten sp\u00e9cialement venu d&rsquo;Erlangen.(Organisateurs : CCR et Les longs pr\u00e9s)<\/p>\n\n\n\n<p style=\"font-size:11px\">Samedi 16 mars &#8211; (14h30 &#8211; 17h30) &#8211; 3 rue des longs pr\u00e9s, 35000 RENNES &#8211; Bus\u00a0: 14 (Arr\u00eat Long Pr\u00e9s) M\u00e9tro\u00a0: B (Arr\u00eat Les Gayeulles) &#8211; Entr\u00e9e Libre &#8211;  Renseignements\u00a0: 02 99 54 36 45 \/ contact@cercleceltiquederennes.org.<br><\/p>\n\n\n\n<p class=\"has-small-font-size\">Inscription en ligne : <\/p>\n\n\n\n<p class=\"has-small-font-size\"><a href=\"https:\/\/www.helloasso.com\/associations\/cercle-celtique-de-rennes\/evenements\/stage-de-danses-franconiennes\">https:\/\/www.helloasso.com\/associations\/cercle-celtique-de-rennes\/evenements\/stage-de-danses-franconiennes<\/a><\/p>\n<\/div><\/div>\n\n\n\n<div style=\"height:36px\" aria-hidden=\"true\" class=\"wp-block-spacer\"><\/div>\n\n\n\n<div class=\"wp-block-media-text alignwide has-media-on-the-right is-stacked-on-mobile\" style=\"grid-template-columns:auto 38%\"><div class=\"wp-block-media-text__content\">\n<h5 class=\"wp-block-heading\">STage de chant Kan Ha Diskan avec Marthe Vassallo<\/h5>\n\n\n\n<p class=\"has-small-font-size\">Marthe Vassallo est salu\u00e9e comme une des plus grandes voix de la musique bretonne. Sa curiosit\u00e9 l&rsquo;a men\u00e9e de l&rsquo;op\u00e9ra aux plateaux de th\u00e9\u00e2tre et de danse, sans jamais perdre de vue son amour premier pour le chant traditionnel, kan ha diskan et solo a capella. Outre son travail solo, la diversit\u00e9 de ses collaborations (entre autres, Loened Fall, Nol\u00f9en Le Buh\u00e9 et Annie Ebrel, l&rsquo;Orchestre National de Bretagne, le ch\u0153ur de chambre M\u00e9lisme(s), Gilles Le Bigot et Jean-Michel Veillon, l&rsquo;ensemble Diabolus in Musica, Philippe Ollivier, le Bagad Kemper, Lydia Domancich, Didier Laloy et Pascal Chardome, Eric Montbel et Bruno Le Tron, Emmanuelle Huteau et Olivier Depoix\u2026 et de nombreux \u00e9changes avec des musiciens d&rsquo;autres musiques et d&rsquo;autres pays) refl\u00e8te son app\u00e9tit et sa qu\u00eate toujours approfondie. (Organisateur :CCR)<\/p>\n\n\n\n<p style=\"font-size:11px\">Samedi 16 mars &#8211; (9h30-17h00) &#8211; Cercle celtique de Rennes, 26 Av. Charles et Raymonde Tillon, 35000 RENNES &#8211; Bus : C4 14 12 (Arr\u00eat Bois l\u2019abb\u00e9 \/ Normandie) M\u00e9tro : A (Arr\u00eat Villejean) \u2013 30 euros &#8211; Renseignements \/ inscriptions&nbsp;: 02 99 54 36 45\/ contact@cercleceltiquederennes.org. Pr\u00e9voir un repas.<\/p>\n\n\n\n<p class=\"has-small-font-size\">Inscriptions en ligne : <\/p>\n\n\n\n<p class=\"has-small-font-size\"><a href=\"https:\/\/www.helloasso.com\/associations\/cercle-celtique-de-rennes\/evenements\/stage-de-chant-kan-ha-diskan-1\">https:\/\/www.helloasso.com\/associations\/cercle-celtique-de-rennes\/evenements\/stage-de-chant-kan-ha-diskan-1<\/a><\/p>\n<\/div><figure class=\"wp-block-media-text__media\"><img loading=\"lazy\" decoding=\"async\" width=\"1024\" height=\"683\" src=\"https:\/\/www.sevenadur.org\/2024\/wp-content\/uploads\/sites\/11\/2024\/01\/Marthe-Vassallo-taille-reduite-photo-Veronique-Le-Goff--1024x683.jpeg\" alt=\"\" class=\"wp-image-197 size-full\" srcset=\"https:\/\/www.sevenadur.org\/2024\/wp-content\/uploads\/sites\/11\/2024\/01\/Marthe-Vassallo-taille-reduite-photo-Veronique-Le-Goff--1024x683.jpeg 1024w, https:\/\/www.sevenadur.org\/2024\/wp-content\/uploads\/sites\/11\/2024\/01\/Marthe-Vassallo-taille-reduite-photo-Veronique-Le-Goff--300x200.jpeg 300w, https:\/\/www.sevenadur.org\/2024\/wp-content\/uploads\/sites\/11\/2024\/01\/Marthe-Vassallo-taille-reduite-photo-Veronique-Le-Goff--768x512.jpeg 768w, https:\/\/www.sevenadur.org\/2024\/wp-content\/uploads\/sites\/11\/2024\/01\/Marthe-Vassallo-taille-reduite-photo-Veronique-Le-Goff--1536x1025.jpeg 1536w, https:\/\/www.sevenadur.org\/2024\/wp-content\/uploads\/sites\/11\/2024\/01\/Marthe-Vassallo-taille-reduite-photo-Veronique-Le-Goff--500x334.jpeg 500w, https:\/\/www.sevenadur.org\/2024\/wp-content\/uploads\/sites\/11\/2024\/01\/Marthe-Vassallo-taille-reduite-photo-Veronique-Le-Goff--800x534.jpeg 800w, https:\/\/www.sevenadur.org\/2024\/wp-content\/uploads\/sites\/11\/2024\/01\/Marthe-Vassallo-taille-reduite-photo-Veronique-Le-Goff--1280x854.jpeg 1280w, https:\/\/www.sevenadur.org\/2024\/wp-content\/uploads\/sites\/11\/2024\/01\/Marthe-Vassallo-taille-reduite-photo-Veronique-Le-Goff-.jpeg 1772w\" sizes=\"auto, (max-width: 767px) 89vw, (max-width: 1000px) 54vw, (max-width: 1071px) 543px, 580px\" \/><\/figure><\/div>\n\n\n\n<p>Il est \u00e9galement possible de s&rsquo;inscrire aux stages via ce document :<\/p>\n\n\n\n<ol class=\"wp-block-list\">\n<li>t\u00e9l\u00e9charger le document ci-dessous<\/li>\n\n\n\n<li>remplissez le document<\/li>\n\n\n\n<li>renvoyer par mail : contact@cercleceltiquederennes.org ou par voie postale\n<ul class=\"wp-block-list\">\n<li><\/li>\n<\/ul>\n<\/li>\n<\/ol>\n\n\n\n<div class=\"wp-block-file\"><a id=\"wp-block-file--media-a4cad2b5-4145-4ca3-b03e-390d73ab3d5e\" href=\"https:\/\/www.sevenadur.org\/2024\/wp-content\/uploads\/sites\/11\/2024\/02\/Brochure-Stage-Affiche-sevenadur-1.pdf\">Brochure-Stage-Affiche-sevenadur-1<\/a><a href=\"https:\/\/www.sevenadur.org\/2024\/wp-content\/uploads\/sites\/11\/2024\/02\/Brochure-Stage-Affiche-sevenadur-1.pdf\" class=\"wp-block-file__button wp-element-button\" download aria-describedby=\"wp-block-file--media-a4cad2b5-4145-4ca3-b03e-390d73ab3d5e\">T\u00e9l\u00e9charger<\/a><\/div>\n","protected":false},"excerpt":{"rendered":"<p>STAGES ET ATELIERS Stage de danse et percussions africaines (organiser par Tilibora et Synzhoi) Dimanche 25 f\u00e9vrier &#8211; (de 14 \u00e0 17h) &#8211; Cercle celtique de Rennes, 26 Av. Charles &hellip; <\/p>\n<p class=\"link-more\"><a href=\"https:\/\/www.sevenadur.org\/2024\/stages-et-ateliers\/\" class=\"more-link\">Continuer la lecture<span class=\"screen-reader-text\"> de &laquo;&nbsp;Stages et ateliers&nbsp;&raquo;<\/span><\/a><\/p>\n","protected":false},"author":11,"featured_media":0,"parent":0,"menu_order":0,"comment_status":"closed","ping_status":"closed","template":"","meta":{"_vp_format_video_url":"","_vp_image_focal_point":[],"footnotes":""},"class_list":["post-35","page","type-page","status-publish","hentry"],"_links":{"self":[{"href":"https:\/\/www.sevenadur.org\/2024\/wp-json\/wp\/v2\/pages\/35","targetHints":{"allow":["GET"]}}],"collection":[{"href":"https:\/\/www.sevenadur.org\/2024\/wp-json\/wp\/v2\/pages"}],"about":[{"href":"https:\/\/www.sevenadur.org\/2024\/wp-json\/wp\/v2\/types\/page"}],"author":[{"embeddable":true,"href":"https:\/\/www.sevenadur.org\/2024\/wp-json\/wp\/v2\/users\/11"}],"replies":[{"embeddable":true,"href":"https:\/\/www.sevenadur.org\/2024\/wp-json\/wp\/v2\/comments?post=35"}],"version-history":[{"count":32,"href":"https:\/\/www.sevenadur.org\/2024\/wp-json\/wp\/v2\/pages\/35\/revisions"}],"predecessor-version":[{"id":546,"href":"https:\/\/www.sevenadur.org\/2024\/wp-json\/wp\/v2\/pages\/35\/revisions\/546"}],"wp:attachment":[{"href":"https:\/\/www.sevenadur.org\/2024\/wp-json\/wp\/v2\/media?parent=35"}],"curies":[{"name":"wp","href":"https:\/\/api.w.org\/{rel}","templated":true}]}}