{"id":83,"date":"2022-01-24T09:41:35","date_gmt":"2022-01-24T08:41:35","guid":{"rendered":"http:\/\/www.sevenadur.org\/2022\/?page_id=83"},"modified":"2022-03-09T17:04:57","modified_gmt":"2022-03-09T16:04:57","slug":"evenement","status":"publish","type":"page","link":"https:\/\/www.sevenadur.org\/2022\/evenement\/","title":{"rendered":"\u00c9v\u00e8nements"},"content":{"rendered":"\n<h1 class=\"has-cyan-bluish-gray-background-color has-background wp-block-heading\" style=\"font-size:28px\"><strong>Inauguration<\/strong><\/h1>\n\n\n\n<p><strong><em>18 f\u00e9vrier &#8211; 18h30<\/em><\/strong><br>Inauguration de Sevenadur 2022 \u00e0 l&rsquo;H\u00f4tel de Ville.<\/p>\n\n\n\n<p><strong><em>H\u00f4tel de Ville de Rennes &#8211; Place de la mairie 35000 RENNES &#8211; Gratuit<\/em><\/strong><br><em><strong>Sur r\u00e9servation au 02 99 54 36 45<\/strong><\/em><br><em><strong>Organisateurs : Cercle Celtique de Rennes<\/strong><\/em><\/p>\n\n\n\n<p><\/p>\n\n\n\n<h1 class=\"has-cyan-bluish-gray-background-color has-background wp-block-heading\" style=\"font-size:26px\"><strong><strong>Contes enfant : \u00ab\u00a0L&rsquo;\u0153il du dragon\u00a0\u00bb<\/strong><\/strong><\/h1>\n\n\n\n<figure class=\"wp-block-gallery columns-2 is-cropped wp-block-gallery-1 is-layout-flex wp-block-gallery-is-layout-flex\"><ul class=\"blocks-gallery-grid\"><li class=\"blocks-gallery-item\"><figure><img loading=\"lazy\" decoding=\"async\" width=\"1024\" height=\"707\" src=\"https:\/\/www.sevenadur.org\/2022\/wp-content\/uploads\/sites\/9\/2022\/01\/conte_enfants_20fevrier-1024x707.jpg\" alt=\"\" data-id=\"206\" data-full-url=\"https:\/\/www.sevenadur.org\/2022\/wp-content\/uploads\/sites\/9\/2022\/01\/conte_enfants_20fevrier.jpg\" data-link=\"https:\/\/www.sevenadur.org\/2022\/evenement\/conte_enfants_20fevrier\/\" class=\"wp-image-206\" srcset=\"https:\/\/www.sevenadur.org\/2022\/wp-content\/uploads\/sites\/9\/2022\/01\/conte_enfants_20fevrier-1024x707.jpg 1024w, https:\/\/www.sevenadur.org\/2022\/wp-content\/uploads\/sites\/9\/2022\/01\/conte_enfants_20fevrier-300x207.jpg 300w, https:\/\/www.sevenadur.org\/2022\/wp-content\/uploads\/sites\/9\/2022\/01\/conte_enfants_20fevrier-768x531.jpg 768w, https:\/\/www.sevenadur.org\/2022\/wp-content\/uploads\/sites\/9\/2022\/01\/conte_enfants_20fevrier.jpg 1300w\" sizes=\"auto, (max-width: 767px) 89vw, (max-width: 1000px) 54vw, (max-width: 1071px) 543px, 580px\" \/><\/figure><\/li><li class=\"blocks-gallery-item\"><figure><img loading=\"lazy\" decoding=\"async\" width=\"1024\" height=\"597\" src=\"https:\/\/www.sevenadur.org\/2022\/wp-content\/uploads\/sites\/9\/2022\/01\/conte_enfants_20fevrier-1-1024x597.jpg\" alt=\"\" data-id=\"207\" data-full-url=\"https:\/\/www.sevenadur.org\/2022\/wp-content\/uploads\/sites\/9\/2022\/01\/conte_enfants_20fevrier-1.jpg\" data-link=\"https:\/\/www.sevenadur.org\/2022\/evenement\/conte_enfants_20fevrier-1\/\" class=\"wp-image-207\" srcset=\"https:\/\/www.sevenadur.org\/2022\/wp-content\/uploads\/sites\/9\/2022\/01\/conte_enfants_20fevrier-1-1024x597.jpg 1024w, https:\/\/www.sevenadur.org\/2022\/wp-content\/uploads\/sites\/9\/2022\/01\/conte_enfants_20fevrier-1-300x175.jpg 300w, https:\/\/www.sevenadur.org\/2022\/wp-content\/uploads\/sites\/9\/2022\/01\/conte_enfants_20fevrier-1-768x448.jpg 768w, https:\/\/www.sevenadur.org\/2022\/wp-content\/uploads\/sites\/9\/2022\/01\/conte_enfants_20fevrier-1-1536x896.jpg 1536w, https:\/\/www.sevenadur.org\/2022\/wp-content\/uploads\/sites\/9\/2022\/01\/conte_enfants_20fevrier-1.jpg 1890w\" sizes=\"auto, (max-width: 767px) 89vw, (max-width: 1000px) 54vw, (max-width: 1071px) 543px, 580px\" \/><\/figure><\/li><\/ul><\/figure>\n\n\n\n<p><strong><em>20 f\u00e9vrier &#8211; 11h<\/em><\/strong><br>\u00ab\u00a0L&rsquo;\u0153il du dragon\u00a0\u00bb<br>M\u00e9lody vous conte l&rsquo;histoire de Cheng et de Xiao, unis par une amiti\u00e9 hors du commun.<br>Cheng est p\u00e9cheur. Chaque jour, \u00e0 bord de sa petite barque, il esp\u00e8re trouver de quoi nourrir<br>son village. Un matin, il d\u00e9couvre un dr\u00f4le d&rsquo;animal enroul\u00e9 autour de sa ligne. Xiao, un b\u00e9b\u00e9<br>dragon aux yeux de feu. Cheng et Xiao ne vont plus jamais se quitter. Mais sauront-ils<br>r\u00e9sister aux dangers de la cit\u00e9 interdite et \u00e0 l&rsquo;appel de l&rsquo;imp\u00e9ratrice c\u00e9leste ?<br>Sous les notes enchanteresses de ses instruments de musique (fl\u00fbtes chinoises, hang),<br>M\u00e9lody vous entra\u00eene sur le chemin mythique des l\u00e9gendes des dragons.<br>Un conte fantastique \u00e0 partir de 5 ans.<\/p>\n\n\n\n<p><strong><em>Institut Confucius &#8211; 17 rue de Brest 35000 RENNES &#8211; Gratuit<\/em><\/strong><em><strong><br>Renseignements au 02 99 87 08 85<\/strong><\/em><br><em><strong>Organisateurs : Institut Co<\/strong><\/em><strong><em>nfucius<\/em><\/strong><\/p>\n\n\n\n<p><\/p>\n\n\n\n<p><\/p>\n\n\n\n<h1 class=\"has-cyan-bluish-gray-background-color has-background wp-block-heading\" style=\"font-size:32px;line-height:1\"><strong>Atelier culinaire<\/strong><\/h1>\n\n\n\n<p><\/p>\n\n\n\n<figure class=\"wp-block-image size-large is-resized is-style-default\"><img loading=\"lazy\" decoding=\"async\" src=\"https:\/\/www.sevenadur.org\/2022\/wp-content\/uploads\/sites\/9\/2022\/01\/atelier-culinaire-20-fevrier-1024x687.jpg\" alt=\"\" class=\"wp-image-316\" width=\"551\" height=\"396\" \/><\/figure>\n\n\n\n<p><strong><em>20 f\u00e9vrier &#8211; de 10h \u00e0 12h<\/em><\/strong><br>Apprenez avec Mme ZHOU Guihua \u00e0 faire d\u2019authentiques raviolis chinois, un des plats embl\u00e9matiques du Nouvel an chinois&nbsp;: la farce, la p\u00e2te, la confection et la cuisson, car on fait ensemble et \u00e0 la fin on mange !<\/p>\n\n\n\n<p><strong><em>Ferme de la Harpe 35000 RENNES &#8211; <\/em><\/strong><em><strong>10\u20ac<br>Renseignements et inscription au 02 99 54 36 <\/strong><\/em><strong><em>45 (nombre de places limit\u00e9es)<\/em><\/strong><br><em><strong>Organisateurs : Institut Confucius<\/strong><\/em><\/p>\n\n\n\n<p><\/p>\n\n\n\n<p><br><\/p>\n\n\n\n<h1 class=\"has-cyan-bluish-gray-background-color has-background wp-block-heading\" style=\"font-size:32px\"><strong>Balade en v\u00e9lo Street Art<\/strong><\/h1>\n\n\n\n<figure class=\"wp-block-gallery columns-2 is-cropped wp-block-gallery-2 is-layout-flex wp-block-gallery-is-layout-flex\"><ul class=\"blocks-gallery-grid\"><li class=\"blocks-gallery-item\"><figure><img loading=\"lazy\" decoding=\"async\" width=\"556\" height=\"659\" src=\"https:\/\/www.sevenadur.org\/2022\/wp-content\/uploads\/sites\/9\/2022\/01\/Captureboire-1.png\" alt=\"\" data-id=\"244\" data-full-url=\"https:\/\/www.sevenadur.org\/2022\/wp-content\/uploads\/sites\/9\/2022\/01\/Captureboire-1.png\" data-link=\"https:\/\/www.sevenadur.org\/2022\/evenement\/captureboire-1\/\" class=\"wp-image-244\" srcset=\"https:\/\/www.sevenadur.org\/2022\/wp-content\/uploads\/sites\/9\/2022\/01\/Captureboire-1.png 556w, https:\/\/www.sevenadur.org\/2022\/wp-content\/uploads\/sites\/9\/2022\/01\/Captureboire-1-253x300.png 253w\" sizes=\"auto, (max-width: 556px) 100vw, 556px\" \/><\/figure><\/li><li class=\"blocks-gallery-item\"><figure><img loading=\"lazy\" decoding=\"async\" width=\"738\" height=\"414\" src=\"https:\/\/www.sevenadur.org\/2022\/wp-content\/uploads\/sites\/9\/2022\/01\/ens_voies_vertes_medreac-ve-1.jpg\" alt=\"\" data-id=\"245\" data-full-url=\"https:\/\/www.sevenadur.org\/2022\/wp-content\/uploads\/sites\/9\/2022\/01\/ens_voies_vertes_medreac-ve-1.jpg\" data-link=\"https:\/\/www.sevenadur.org\/2022\/evenement\/ens_voies_vertes_medreac-ve-1\/\" class=\"wp-image-245\" srcset=\"https:\/\/www.sevenadur.org\/2022\/wp-content\/uploads\/sites\/9\/2022\/01\/ens_voies_vertes_medreac-ve-1.jpg 738w, https:\/\/www.sevenadur.org\/2022\/wp-content\/uploads\/sites\/9\/2022\/01\/ens_voies_vertes_medreac-ve-1-300x168.jpg 300w\" sizes=\"auto, (max-width: 738px) 100vw, 738px\" \/><\/figure><\/li><\/ul><\/figure>\n\n\n\n<p><strong><em>22 f\u00e9vrier &#8211; 14h \u00e0 17h<\/em><\/strong><br>Venez jetez un coup d&rsquo;oeil sur le Street Art rennais en compagnie de votre v\u00e9lo aux alentours des quartiers de la Courrouze, du Colombier et de St H\u00e9lier pour une boucle de 20 kilom\u00e8tres. A vos v\u00e9los !<\/p>\n\n\n\n<p><strong><em>D\u00e9part de la Courrouze.<\/em><\/strong><em><strong><br>7,50\u20ac pour les adultes et 3\u20ac pour les enfants<\/strong><\/em><br><strong><em>Renseignements au 02 99 54 36 45<\/em><\/strong><br><em><strong>Organisateurs : <em><strong>Ren&rsquo;V\u00e9lade<\/strong><\/em><\/strong><\/em><\/p>\n\n\n\n<p><\/p>\n\n\n\n<p><\/p>\n\n\n\n<h1 class=\"has-cyan-bluish-gray-background-color has-background wp-block-heading\" style=\"font-size:32px\"><strong>FlashMob<\/strong><\/h1>\n\n\n\n<p><strong><em>26 f\u00e9vrier &#8211; 16h, 17h, 18h<\/em><\/strong><br>La flashmob, c&rsquo;est l&rsquo;occasion pour les ateliers du Cercle Celtique de Rennes d&rsquo;aller \u00e0 la rencontre des habitants, partager un moment tout en danse et en musique sur plusieurs places de Rennes. Venez donc les rejoindre et participer \u00e0 16h00 \u00e0 la mairie, 17h00 place Saint Anne et 18h00 sur la dalle de Kennedy. En avant deux \u2026<\/p>\n\n\n\n<p><strong><em>Place de la mairie (16h), Place Saint Anne (17h), Dalle Kennedy (18h) &#8211; Gratuit<\/em><\/strong><em><strong><br>Renseignements au 02 99 54 36 45<\/strong><\/em><br><em><strong>Organisateurs : Cercle Celtique de Rennes<\/strong><\/em><\/p>\n\n\n\n<h1 class=\"has-cyan-bluish-gray-background-color has-background wp-block-heading\" style=\"font-size:28px\"><strong>Balade en v\u00e9lo et d\u00e9gustation de sp\u00e9cialit\u00e9s bretonnes<\/strong><\/h1>\n\n\n\n<figure class=\"wp-block-gallery columns-1 is-cropped wp-block-gallery-3 is-layout-flex wp-block-gallery-is-layout-flex\"><ul class=\"blocks-gallery-grid\"><li class=\"blocks-gallery-item\"><figure><img loading=\"lazy\" decoding=\"async\" width=\"738\" height=\"414\" src=\"https:\/\/www.sevenadur.org\/2022\/wp-content\/uploads\/sites\/9\/2022\/01\/ens_voies_vertes_medreac-ve.jpg\" alt=\"\" data-id=\"240\" data-full-url=\"https:\/\/www.sevenadur.org\/2022\/wp-content\/uploads\/sites\/9\/2022\/01\/ens_voies_vertes_medreac-ve.jpg\" data-link=\"https:\/\/www.sevenadur.org\/2022\/evenement\/ens_voies_vertes_medreac-ve\/\" class=\"wp-image-240\" srcset=\"https:\/\/www.sevenadur.org\/2022\/wp-content\/uploads\/sites\/9\/2022\/01\/ens_voies_vertes_medreac-ve.jpg 738w, https:\/\/www.sevenadur.org\/2022\/wp-content\/uploads\/sites\/9\/2022\/01\/ens_voies_vertes_medreac-ve-300x168.jpg 300w\" sizes=\"auto, (max-width: 738px) 100vw, 738px\" \/><\/figure><\/li><\/ul><\/figure>\n\n\n\n<p><strong><em>26 f\u00e9vrier &#8211; 10h<\/em><\/strong> <strong><em>\u00e0 13h<\/em><\/strong><br>Promenade de 15 kilom\u00e8tres au d\u00e9part de Villejean, cont\u00e9e en gallo et rythm\u00e9e par une d\u00e9gustation de sp\u00e9cialit\u00e9s bretonnes. Pr\u00e9voir un v\u00e9lo, un casque et un gilet<\/p>\n\n\n\n<p><strong><em>D\u00e9part du Cercle Celtique de Rennes &#8211; Ferme de la Harpe 35000 RENNES<\/em><\/strong><br><em><strong>10\u20ac pour les adultes et 5\u20ac pour les enfants<br>Renseignements au 02 99 54 36 45<\/strong><\/em><br><em><strong>Organisateurs : Ren&rsquo;V\u00e9lade<\/strong><\/em><\/p>\n\n\n\n<h1 class=\"has-cyan-bluish-gray-background-color has-background wp-block-heading\" style=\"font-size:32px\"><strong>Ap\u00e9ro contes<\/strong><\/h1>\n\n\n\n<figure class=\"wp-block-image size-large is-resized\"><img loading=\"lazy\" decoding=\"async\" src=\"http:\/\/www.sevenadur.org\/2022\/wp-content\/uploads\/sites\/9\/2022\/02\/Capture-3.png\" alt=\"\" class=\"wp-image-453\" width=\"311\" height=\"442\" srcset=\"https:\/\/www.sevenadur.org\/2022\/wp-content\/uploads\/sites\/9\/2022\/02\/Capture-3.png 618w, https:\/\/www.sevenadur.org\/2022\/wp-content\/uploads\/sites\/9\/2022\/02\/Capture-3-211x300.png 211w\" sizes=\"auto, (max-width: 311px) 100vw, 311px\" \/><\/figure>\n\n\n\n<p><strong><em>26 f\u00e9vrier &#8211; 18h<\/em><\/strong><\/p>\n\n\n\n<p><strong>De 18h \u00e0 20h<\/strong>&nbsp;: contes traditionnels avec les conteurs de Gallo Tonic et du Cercle Celtique de Rennes, sc\u00e8ne ouverte<br><strong>A partir de 21h&nbsp;<\/strong>: veill\u00e9es chant, musique et conte avec Gallo Tonic et sc\u00e8ne ouverte<\/p>\n\n\n\n<p><strong>Possibilit\u00e9 de restauration sur place entre 20h et 21h<\/strong>&#8211; renseignements et r\u00e9servations avant 23 f\u00e9vrier :&nbsp;<a href=\"http:\/\/leguibra.fr\/\">http:\/\/leguibra.fr\/&nbsp;<\/a>ou 09.83.60.54.44<\/p>\n\n\n\n<p><strong><em>Caf\u00e9 le Guibra \u00e0 St Sulpice<\/em><\/strong><em><span><b> &#8211; Entr\u00e9e libre<br><\/b><\/span><strong>Tous les renseignements sont sur le site de Gallo To<\/strong><\/em><strong><em>nic<\/em><\/strong><br><em><strong>Organisateurs : Gallo Tonic<\/strong><\/em><\/p>\n\n\n\n<h1 class=\"has-cyan-bluish-gray-background-color has-background wp-block-heading\" style=\"font-size:32px\"><strong>Fest Noz<\/strong><\/h1>\n\n\n\n<figure class=\"wp-block-image size-large is-resized\"><img loading=\"lazy\" decoding=\"async\" src=\"https:\/\/www.sevenadur.org\/2022\/wp-content\/uploads\/sites\/9\/2022\/01\/Capture-3.png\" alt=\"\" class=\"wp-image-242\" width=\"476\" height=\"312\" srcset=\"https:\/\/www.sevenadur.org\/2022\/wp-content\/uploads\/sites\/9\/2022\/01\/Capture-3.png 804w, https:\/\/www.sevenadur.org\/2022\/wp-content\/uploads\/sites\/9\/2022\/01\/Capture-3-300x197.png 300w, https:\/\/www.sevenadur.org\/2022\/wp-content\/uploads\/sites\/9\/2022\/01\/Capture-3-768x504.png 768w\" sizes=\"auto, (max-width: 476px) 100vw, 476px\" \/><\/figure>\n\n\n\n<p><strong><em>26 f\u00e9vrier &#8211; 20h<\/em><\/strong><br>Programmation : Ma Petite, Philippe Plard, Couple de chant<\/p>\n\n\n\n<p><strong><em>Parquet de bal &#8211; Ferme de la Harpe 35000 RENNES<\/em><\/strong><br><em><span><b>10\u20ac \/ 6\u20ac pour les adh\u00e9rent.e.s<br><\/b><\/span><strong>R\u00e9servations au 02 99 54 36 45<\/strong><\/em><br><em><strong>Organisateurs : Cercle Celtique de Rennes<\/strong><\/em><\/p>\n\n\n\n<h1 class=\"has-cyan-bluish-gray-background-color has-background wp-block-heading\" style=\"font-size:32px\"><strong>Couscous chez les Touaregs<\/strong><\/h1>\n\n\n\n<figure class=\"wp-block-image size-large is-resized\"><img loading=\"lazy\" decoding=\"async\" src=\"http:\/\/www.sevenadur.org\/2022\/wp-content\/uploads\/sites\/9\/2022\/02\/WhatsApp-Image-2022-02-01-at-17.26.48.jpeg\" alt=\"\" class=\"wp-image-380\" width=\"292\" height=\"204\" srcset=\"https:\/\/www.sevenadur.org\/2022\/wp-content\/uploads\/sites\/9\/2022\/02\/WhatsApp-Image-2022-02-01-at-17.26.48.jpeg 749w, https:\/\/www.sevenadur.org\/2022\/wp-content\/uploads\/sites\/9\/2022\/02\/WhatsApp-Image-2022-02-01-at-17.26.48-300x210.jpeg 300w\" sizes=\"auto, (max-width: 292px) 100vw, 292px\" \/><\/figure>\n\n\n\n<p><strong><em>27 f\u00e9vrier &#8211; 12h30 \u00e0 13h30<\/em><\/strong><br>Venez d\u00e9couvrir avec Aghali la culture Touareg : saveurs, chants, objets culturels culinaires..<\/p>\n\n\n\n<p><strong><em>Cerce Celtique de Rennes &#8211; Ferme de la Harpe 35000 RENNES<\/em><\/strong> <br><em><strong>12\u20ac (Le b\u00e9n\u00e9fice&nbsp;sera vers\u00e9&nbsp; au profit&nbsp;de l&rsquo;\u00e9ducation&nbsp;des filles au Niger<\/strong><\/em>)<em><strong><br>R\u00e9servations au 02 99 54 36 45 (r\u00e9servations limit\u00e9es)<\/strong><\/em><br><em><strong>Organisateurs : Coop\u00e9rative Tafolt<\/strong><\/em><\/p>\n\n\n\n<h1 class=\"has-cyan-bluish-gray-background-color has-background wp-block-heading\" style=\"font-size:32px\"><strong>Fest Deiz \u00ab\u00a0V\u00eapr\u00e9e dans\u00e9e\u00a0\u00bb<\/strong><\/h1>\n\n\n\n<p><strong><em>1er mars &#8211; 14h<\/em><\/strong><br>C&rsquo;est l&rsquo;occasion de se retrouver tous ensemble le temps d&rsquo;un apr\u00e8s midi sous le signe de la convivialit\u00e9 ! Tous les musiciens vont s\u2019employer comme ils savent le faire pour r\u00e9veiller les fourmis qui sommeillent dans vos pieds, alors m\u00e9fiez vous ! Vous allez danser !<\/p>\n\n\n\n<p><strong><em>Cercle Celtique de Rennes &#8211; Ferme de la Harpe 35000 RENNES<\/em><\/strong><em><strong> &#8211; Gratuit<br>Renseignements au 02 99 54 36 45<\/strong><\/em><br><em><strong>Organisateurs : Cercle Celtique de Rennes<\/strong><\/em><\/p>\n\n\n\n<h1 class=\"has-cyan-bluish-gray-background-color has-background wp-block-heading\" style=\"font-size:28px\"><strong>Visite \u00ab\u00a0Boire\u00a0\u00bb dans l&rsquo;exposition permanente<\/strong><\/h1>\n\n\n\n<figure class=\"wp-block-image size-large is-resized\"><img loading=\"lazy\" decoding=\"async\" src=\"https:\/\/www.sevenadur.org\/2022\/wp-content\/uploads\/sites\/9\/2022\/01\/Captureboire.png\" alt=\"\" class=\"wp-image-243\" width=\"583\" height=\"441\" srcset=\"https:\/\/www.sevenadur.org\/2022\/wp-content\/uploads\/sites\/9\/2022\/01\/Captureboire.png 1005w, https:\/\/www.sevenadur.org\/2022\/wp-content\/uploads\/sites\/9\/2022\/01\/Captureboire-300x227.png 300w, https:\/\/www.sevenadur.org\/2022\/wp-content\/uploads\/sites\/9\/2022\/01\/Captureboire-768x582.png 768w\" sizes=\"auto, (max-width: 583px) 100vw, 583px\" \/><\/figure>\n\n\n\n<p><strong><em>1er mars &#8211; 18h<\/em><\/strong><br>Quel que soit le breuvage choisi pour \u00e9tancher sa soif, l\u2019homme a su inventer toutes sortes de contenants qu\u2019il pouvait acheminer mais aussi transformer et conserver\u2026 avant de le porter \u00e0 ses l\u00e8vres ! \u00c0 travers de multiples pichets, gourdes et autres \u00abr\u00e9cipients\u00bb conserv\u00e9s dans les collections du mus\u00e9e, d\u00e9couvrons l\u2019histoire du boire et des buveurs en Bretagne.<\/p>\n\n\n\n<p><strong><em>Mus\u00e9e de Bretagne &#8211; 10 Cr des Alli\u00e9s 35000 RENNES<\/em><\/strong><em><strong> &#8211; Gratuit<\/strong><\/em><br><em><strong>Renseignements au 02 99 54 36 45<\/strong><\/em><br><em><strong>Organisateurs : Mus\u00e9e de Bretagne<\/strong><\/em><\/p>\n\n\n\n<h1 class=\"has-cyan-bluish-gray-background-color has-background wp-block-heading\" style=\"font-size:28px\"><strong>L&rsquo;an\u00e9e ao courti<\/strong><\/h1>\n\n\n\n<figure class=\"wp-block-image size-large\"><img loading=\"lazy\" decoding=\"async\" width=\"560\" height=\"284\" src=\"https:\/\/www.sevenadur.org\/2022\/wp-content\/uploads\/sites\/9\/2022\/01\/Capture-9.png\" alt=\"\" class=\"wp-image-318\" srcset=\"https:\/\/www.sevenadur.org\/2022\/wp-content\/uploads\/sites\/9\/2022\/01\/Capture-9.png 560w, https:\/\/www.sevenadur.org\/2022\/wp-content\/uploads\/sites\/9\/2022\/01\/Capture-9-300x152.png 300w\" sizes=\"auto, (max-width: 560px) 100vw, 560px\" \/><\/figure>\n\n\n\n<p><strong><em>3 mars &#8211; 19h<\/em><\/strong><br>Les participants du cours de gallo de Servon-sur-Vilaine vous parlent de ce qu&rsquo;il se passe dans leur jardin le long de l&rsquo;ann\u00e9e. M\u00ealant contes, chants et annecdotes, ce spectacle sera enti\u00e8rement en gallo ! Ven\u00e9z don oui !<\/p>\n\n\n\n<p><strong><em>Cercle Celtique de Rennes &#8211; Ferme de la Harpe 35000 RENNES<\/em><\/strong> <em><strong>&#8211; Gratuit<\/strong><\/em><br><em><strong>Renseignements au 02 99 54 36 45<\/strong><\/em><br><em><strong>Organisateurs : Cercle Celtique de Rennes<\/strong><\/em><\/p>\n\n\n\n<h1 class=\"has-cyan-bluish-gray-background-color has-background wp-block-heading\" style=\"font-size:32px\"><strong>Balade en v\u00e9lo Street Art<\/strong><\/h1>\n\n\n\n<figure class=\"wp-block-gallery columns-2 is-cropped wp-block-gallery-4 is-layout-flex wp-block-gallery-is-layout-flex\"><ul class=\"blocks-gallery-grid\"><li class=\"blocks-gallery-item\"><figure><img loading=\"lazy\" decoding=\"async\" width=\"556\" height=\"659\" src=\"https:\/\/www.sevenadur.org\/2022\/wp-content\/uploads\/sites\/9\/2022\/01\/Captureboire-2.png\" alt=\"\" data-id=\"247\" data-full-url=\"https:\/\/www.sevenadur.org\/2022\/wp-content\/uploads\/sites\/9\/2022\/01\/Captureboire-2.png\" data-link=\"https:\/\/www.sevenadur.org\/2022\/evenement\/captureboire-2\/\" class=\"wp-image-247\" srcset=\"https:\/\/www.sevenadur.org\/2022\/wp-content\/uploads\/sites\/9\/2022\/01\/Captureboire-2.png 556w, https:\/\/www.sevenadur.org\/2022\/wp-content\/uploads\/sites\/9\/2022\/01\/Captureboire-2-253x300.png 253w\" sizes=\"auto, (max-width: 556px) 100vw, 556px\" \/><\/figure><\/li><li class=\"blocks-gallery-item\"><figure><img loading=\"lazy\" decoding=\"async\" width=\"738\" height=\"414\" src=\"https:\/\/www.sevenadur.org\/2022\/wp-content\/uploads\/sites\/9\/2022\/01\/ens_voies_vertes_medreac-ve-3.jpg\" alt=\"\" data-id=\"248\" data-full-url=\"https:\/\/www.sevenadur.org\/2022\/wp-content\/uploads\/sites\/9\/2022\/01\/ens_voies_vertes_medreac-ve-3.jpg\" data-link=\"https:\/\/www.sevenadur.org\/2022\/evenement\/ens_voies_vertes_medreac-ve-3\/\" class=\"wp-image-248\" srcset=\"https:\/\/www.sevenadur.org\/2022\/wp-content\/uploads\/sites\/9\/2022\/01\/ens_voies_vertes_medreac-ve-3.jpg 738w, https:\/\/www.sevenadur.org\/2022\/wp-content\/uploads\/sites\/9\/2022\/01\/ens_voies_vertes_medreac-ve-3-300x168.jpg 300w\" sizes=\"auto, (max-width: 738px) 100vw, 738px\" \/><\/figure><\/li><\/ul><\/figure>\n\n\n\n<p><strong><em>3 mars &#8211; 14h \u00e0 17h<\/em><\/strong><br>Venez jetez un coup d&rsquo;oeil sur le Street Art rennais en compagnie de votre v\u00e9lo aux alentours des quartiers de la Courrouze, du Colombier et de St H\u00e9lier pour une boucle de 20 kilom\u00e8tres. A vos v\u00e9los !<\/p>\n\n\n\n<p><strong><em>D\u00e9part de la Courrouze<\/em><\/strong> &#8211;<strong><em>7,50\u20ac pour les adultes et 3\u20ac pour les enfants<\/em><\/strong><br><em><strong>Renseignements au 02 99 54 36 45<\/strong><\/em><br><em><strong>Organisateurs : Ren&rsquo;V\u00e9lade<\/strong><\/em><\/p>\n\n\n\n<h1 class=\"has-cyan-bluish-gray-background-color has-background wp-block-heading\" style=\"font-size:32px\"><strong>Bal Folk<\/strong><\/h1>\n\n\n\n<figure class=\"wp-block-gallery columns-2 is-cropped wp-block-gallery-5 is-layout-flex wp-block-gallery-is-layout-flex\"><ul class=\"blocks-gallery-grid\"><li class=\"blocks-gallery-item\"><figure><img loading=\"lazy\" decoding=\"async\" width=\"1024\" height=\"683\" src=\"https:\/\/www.sevenadur.org\/2022\/wp-content\/uploads\/sites\/9\/2022\/01\/residence-musicien-geffroy-remi_5344533-1024x683.jpeg\" alt=\"\" data-id=\"249\" data-full-url=\"https:\/\/www.sevenadur.org\/2022\/wp-content\/uploads\/sites\/9\/2022\/01\/residence-musicien-geffroy-remi_5344533.jpeg\" data-link=\"https:\/\/www.sevenadur.org\/2022\/evenement\/residence-musicien-geffroy-remi_5344533\/\" class=\"wp-image-249\" srcset=\"https:\/\/www.sevenadur.org\/2022\/wp-content\/uploads\/sites\/9\/2022\/01\/residence-musicien-geffroy-remi_5344533-1024x683.jpeg 1024w, https:\/\/www.sevenadur.org\/2022\/wp-content\/uploads\/sites\/9\/2022\/01\/residence-musicien-geffroy-remi_5344533-300x200.jpeg 300w, https:\/\/www.sevenadur.org\/2022\/wp-content\/uploads\/sites\/9\/2022\/01\/residence-musicien-geffroy-remi_5344533-768x512.jpeg 768w, https:\/\/www.sevenadur.org\/2022\/wp-content\/uploads\/sites\/9\/2022\/01\/residence-musicien-geffroy-remi_5344533.jpeg 1200w\" sizes=\"auto, (max-width: 767px) 89vw, (max-width: 1000px) 54vw, (max-width: 1071px) 543px, 580px\" \/><\/figure><\/li><li class=\"blocks-gallery-item\"><figure><img loading=\"lazy\" decoding=\"async\" width=\"419\" height=\"479\" src=\"https:\/\/www.sevenadur.org\/2022\/wp-content\/uploads\/sites\/9\/2022\/01\/Captureboire-3.png\" alt=\"\" data-id=\"250\" data-full-url=\"https:\/\/www.sevenadur.org\/2022\/wp-content\/uploads\/sites\/9\/2022\/01\/Captureboire-3.png\" data-link=\"https:\/\/www.sevenadur.org\/2022\/evenement\/captureboire-3\/\" class=\"wp-image-250\" srcset=\"https:\/\/www.sevenadur.org\/2022\/wp-content\/uploads\/sites\/9\/2022\/01\/Captureboire-3.png 419w, https:\/\/www.sevenadur.org\/2022\/wp-content\/uploads\/sites\/9\/2022\/01\/Captureboire-3-262x300.png 262w\" sizes=\"auto, (max-width: 419px) 100vw, 419px\" \/><\/figure><\/li><\/ul><\/figure>\n\n\n\n<p><strong><em>4 mars &#8211; 21h<\/em><\/strong><br>Au programme : Aur\u00e9lien Claranbaux, Supernovas et Remi Geffroy Odysseus.<\/p>\n\n\n\n<p><strong><em>Parquet de bal &#8211; Ferme de la Harpe 35000 RENNES<\/em><\/strong><br><strong><em>12\u20ac &#8211; (gratuit -12 ans)<\/em><\/strong><br><em><strong>Renseignements : veronique@nuitdorage.com<\/strong><\/em><br><em><strong>Organisateurs : Nuit d&rsquo;orage<\/strong><\/em><\/p>\n\n\n\n<h1 class=\"has-cyan-bluish-gray-background-color has-background wp-block-heading\" style=\"font-size:32px\"><strong>Balade en v\u00e9lo Street Art et d\u00e9gustation de produits locaux<\/strong><\/h1>\n\n\n\n<figure class=\"wp-block-gallery columns-2 is-cropped wp-block-gallery-6 is-layout-flex wp-block-gallery-is-layout-flex\"><ul class=\"blocks-gallery-grid\"><li class=\"blocks-gallery-item\"><figure><img loading=\"lazy\" decoding=\"async\" width=\"745\" height=\"716\" src=\"https:\/\/www.sevenadur.org\/2022\/wp-content\/uploads\/sites\/9\/2022\/01\/Captureboire-4.png\" alt=\"\" data-id=\"251\" data-full-url=\"https:\/\/www.sevenadur.org\/2022\/wp-content\/uploads\/sites\/9\/2022\/01\/Captureboire-4.png\" data-link=\"https:\/\/www.sevenadur.org\/2022\/evenement\/captureboire-4\/\" class=\"wp-image-251\" srcset=\"https:\/\/www.sevenadur.org\/2022\/wp-content\/uploads\/sites\/9\/2022\/01\/Captureboire-4.png 745w, https:\/\/www.sevenadur.org\/2022\/wp-content\/uploads\/sites\/9\/2022\/01\/Captureboire-4-300x288.png 300w\" sizes=\"auto, (max-width: 706px) 89vw, (max-width: 767px) 82vw, 740px\" \/><\/figure><\/li><li class=\"blocks-gallery-item\"><figure><img loading=\"lazy\" decoding=\"async\" width=\"738\" height=\"414\" src=\"https:\/\/www.sevenadur.org\/2022\/wp-content\/uploads\/sites\/9\/2022\/01\/ens_voies_vertes_medreac-ve-4.jpg\" alt=\"\" data-id=\"252\" data-full-url=\"https:\/\/www.sevenadur.org\/2022\/wp-content\/uploads\/sites\/9\/2022\/01\/ens_voies_vertes_medreac-ve-4.jpg\" data-link=\"https:\/\/www.sevenadur.org\/2022\/evenement\/ens_voies_vertes_medreac-ve-4\/\" class=\"wp-image-252\" srcset=\"https:\/\/www.sevenadur.org\/2022\/wp-content\/uploads\/sites\/9\/2022\/01\/ens_voies_vertes_medreac-ve-4.jpg 738w, https:\/\/www.sevenadur.org\/2022\/wp-content\/uploads\/sites\/9\/2022\/01\/ens_voies_vertes_medreac-ve-4-300x168.jpg 300w\" sizes=\"auto, (max-width: 738px) 100vw, 738px\" \/><\/figure><\/li><\/ul><\/figure>\n\n\n\n<p><strong><em>5 mars &#8211; 10h \u00e0 13h<\/em><\/strong><br>Venez jetez un coup d&rsquo;oeil sur le Street Art rennais en compagnie de votre v\u00e9lo aux alentours des quartiers de la Courrouze, du Colombier et de St H\u00e9lier pour une boucle de 20 kilom\u00e8tres. Vous aurez \u00e9galement une d\u00e9gustation des produits locaux de pr\u00e9vue alors \u00e0 vos v\u00e9los !<\/p>\n\n\n\n<p><strong><em>D\u00e9part de la Courrouze.<\/em><\/strong><br><strong><em>10\u20ac pour les adultes et 5\u20ac pour les enfants<\/em><\/strong><br><em><strong>Renseignements au 02 99 54 36 45<\/strong><\/em><br><em><strong>Organisateurs : Ren&rsquo;V\u00e9lade<\/strong><\/em><\/p>\n\n\n\n<h1 class=\"has-cyan-bluish-gray-background-color has-background wp-block-heading\" style=\"font-size:32px\"><strong>Repas chant\u00e9<\/strong><\/h1>\n\n\n\n<figure class=\"wp-block-image size-large is-resized\"><img loading=\"lazy\" decoding=\"async\" src=\"http:\/\/www.sevenadur.org\/2022\/wp-content\/uploads\/sites\/9\/2022\/02\/Capture-2-1024x669.png\" alt=\"\" class=\"wp-image-449\" width=\"442\" height=\"289\" srcset=\"https:\/\/www.sevenadur.org\/2022\/wp-content\/uploads\/sites\/9\/2022\/02\/Capture-2-1024x669.png 1024w, https:\/\/www.sevenadur.org\/2022\/wp-content\/uploads\/sites\/9\/2022\/02\/Capture-2-300x196.png 300w, https:\/\/www.sevenadur.org\/2022\/wp-content\/uploads\/sites\/9\/2022\/02\/Capture-2-768x501.png 768w, https:\/\/www.sevenadur.org\/2022\/wp-content\/uploads\/sites\/9\/2022\/02\/Capture-2.png 1302w\" sizes=\"auto, (max-width: 442px) 100vw, 442px\" \/><\/figure>\n\n\n\n<p><strong><em>5 mars &#8211; 20h<\/em><\/strong><br><br><strong>&nbsp;<\/strong>Chansons \u00e0 boire, chansons de table, chansons imag\u00e9es puis\u00e9es dans le r\u00e9pertoire traditionnel, interpr\u00e9t\u00e9es par des chanteurs de tradition reconnus. Le tout autour d&rsquo;un repas bien de chez nous.<br><strong>Chanteurs<\/strong>&nbsp;<strong>invit\u00e9s<\/strong>&nbsp;: Jeanne Lemoine, Olivier Lepage, Chanteurs des Mardis Chanteries, Les Lif&rsquo;Fredaines.<br><strong>Menu<\/strong>&nbsp;: Kir blanc &#8211; 3 toasts &#8211; velout\u00e9 de Butternut cr\u00e8me fra\u00eeche &#8211; langue de b\u0153uf sauce mad\u00e8re &#8211; Duo de fromage &#8211; salade &#8211; 3 choux caramel au beurre sal\u00e9 &#8211; caf\u00e9 &#8211; boissons : vin rouge, ros\u00e9, jus d&rsquo;orange, eau<br><strong><a rel=\"noreferrer noopener\" href=\"https:\/\/laboueze.bzh\/\" target=\"_blank\"><\/a><\/strong><br>Tarif&nbsp;: Repas chant\u00e9 seul : 24 \u20ac<\/p>\n\n\n\n<p><strong><em>Relais des Cultures \u00e0 Erc\u00e9 Pr\u00e8s Liffr\u00e9<\/em><\/strong><br><em><strong>Tous les renseignements sont sur le site de Gallo Tonic<\/strong><\/em><br><em><strong>Organisateurs : Gallo Tonic<\/strong><\/em><\/p>\n\n\n\n<h1 class=\"has-cyan-bluish-gray-background-color has-background wp-block-heading\" style=\"font-size:32px\"><strong>Spectacle de rue par Moov&rsquo;n&rsquo;Brass<\/strong><\/h1>\n\n\n\n<figure class=\"wp-block-image size-large is-resized\"><img loading=\"lazy\" decoding=\"async\" src=\"https:\/\/www.sevenadur.org\/2022\/wp-content\/uploads\/sites\/9\/2022\/01\/173818-mouv_n_brass27-1024x683.jpg\" alt=\"\" class=\"wp-image-253\" width=\"468\" height=\"312\" srcset=\"https:\/\/www.sevenadur.org\/2022\/wp-content\/uploads\/sites\/9\/2022\/01\/173818-mouv_n_brass27-1024x683.jpg 1024w, https:\/\/www.sevenadur.org\/2022\/wp-content\/uploads\/sites\/9\/2022\/01\/173818-mouv_n_brass27-300x200.jpg 300w, https:\/\/www.sevenadur.org\/2022\/wp-content\/uploads\/sites\/9\/2022\/01\/173818-mouv_n_brass27-768x513.jpg 768w, https:\/\/www.sevenadur.org\/2022\/wp-content\/uploads\/sites\/9\/2022\/01\/173818-mouv_n_brass27-1536x1025.jpg 1536w, https:\/\/www.sevenadur.org\/2022\/wp-content\/uploads\/sites\/9\/2022\/01\/173818-mouv_n_brass27-2048x1367.jpg 2048w\" sizes=\"auto, (max-width: 468px) 100vw, 468px\" \/><\/figure>\n\n\n\n<p><strong><em>5 mars &#8211; 11h (dur\u00e9e 45 minutes)<\/em><\/strong><br>Originaire de Mayenne, \u201cMouv\u2019N\u2019Brass\u201d est un projet artistique pluridisciplinaire in\u00e9dit en France : en<br>associant danse et musique, cette micro-fanfare propose au public une exp\u00e9rience musicale et<br>chor\u00e9graphique qui s\u2019inscrit dans la tradition des arts de la rue.<\/p>\n\n\n\n<p><strong><em>Esplanade Charles de Gaulle &#8211; Gratuit<\/em><\/strong><br><em><strong>Renseignements au 02 99 54 36 45<\/strong><\/em><br><em><strong>Organisateurs : Moov&rsquo;n&rsquo;Brass<\/strong><\/em><\/p>\n\n\n\n<h1 class=\"has-cyan-bluish-gray-background-color has-background wp-block-heading\" style=\"font-size:32px\"><strong>Fest Noz<\/strong><\/h1>\n\n\n\n<figure class=\"wp-block-image size-large is-resized\"><img loading=\"lazy\" decoding=\"async\" src=\"http:\/\/www.sevenadur.org\/2022\/wp-content\/uploads\/sites\/9\/2022\/02\/Diapositive2.jpg\" alt=\"\" class=\"wp-image-415\" width=\"363\" height=\"461\" \/><\/figure>\n\n\n\n<p><strong><em>5 mars &#8211; 20h30<\/em><\/strong><br>Programmation : Trio Forj, Blain\/Leyzour, La Marmithe, Chevalier\/Priz\u00e9)<\/p>\n\n\n\n<p><strong><em>Salle le TRIPTIK, Lande Gu\u00e9rin, 35690, Acign\u00e9<\/em><\/strong><br><strong><em>7\u20ac, 5\u20ac pour les moins de 26 ans, gratuit pour les moins de 12ans<\/em><\/strong><br><em><strong>Renseignements au 07 81 92 87 49<\/strong><\/em><br><em><strong>Organisateurs : Le Moulinet d&rsquo;Acign\u00e9<\/strong><\/em><\/p>\n\n\n\n<h1 class=\"has-cyan-bluish-gray-background-color has-background wp-block-heading\" style=\"font-size:30px\"><strong>Balade cont\u00e9e et gourmande<\/strong><\/h1>\n\n\n\n<p><strong><em>6 mars &#8211; 15h30 \u00e0 16h30<\/em><\/strong><br>Laissez-vous transporter dans un monde de saveurs d\u2019enfance ou de voyage !<br>Au cours de cette balade, entre pommiers et ch\u00e2taigniers, les conteurs vous guideront \u00e0 travers des r\u00e9cits plein d\u2019\u00e9motion et d\u2019\u00e9vasion qui \u00e9veilleront votre gourmandise.<br>Pour adultes et enfants \u00e0 partir de 6 ans<\/p>\n\n\n\n<p><strong><em>Maison du Ronceray &#8211; 110 rue de la poterie 35000 RENNES<\/em><\/strong> <strong><em>&#8211; Gratuit<\/em><\/strong><br><em><strong>Organisateurs : Tisseurs de contes<\/strong><\/em><\/p>\n\n\n\n<h1 class=\"has-cyan-bluish-gray-background-color has-background wp-block-heading\" style=\"font-size:32px\"><strong>Spectacle famille \u00ab\u00a0Souffle souffle cachalot\u00a0\u00bb de Jean-Marc Derouen et Yann-Loic Joly<\/strong><\/h1>\n\n\n\n<figure class=\"wp-block-image size-large is-resized\"><img loading=\"lazy\" decoding=\"async\" src=\"https:\/\/www.sevenadur.org\/2022\/wp-content\/uploads\/sites\/9\/2022\/01\/Spectacle-famille-1024x738.jpg\" alt=\"\" class=\"wp-image-210\" width=\"453\" height=\"326\" srcset=\"https:\/\/www.sevenadur.org\/2022\/wp-content\/uploads\/sites\/9\/2022\/01\/Spectacle-famille-1024x738.jpg 1024w, https:\/\/www.sevenadur.org\/2022\/wp-content\/uploads\/sites\/9\/2022\/01\/Spectacle-famille-300x216.jpg 300w, https:\/\/www.sevenadur.org\/2022\/wp-content\/uploads\/sites\/9\/2022\/01\/Spectacle-famille-768x553.jpg 768w, https:\/\/www.sevenadur.org\/2022\/wp-content\/uploads\/sites\/9\/2022\/01\/Spectacle-famille-1536x1107.jpg 1536w, https:\/\/www.sevenadur.org\/2022\/wp-content\/uploads\/sites\/9\/2022\/01\/Spectacle-famille-2048x1476.jpg 2048w\" sizes=\"auto, (max-width: 453px) 100vw, 453px\" \/><\/figure>\n\n\n\n<p><strong><em>6 mars &#8211; 16h<\/em><\/strong><br>De et par Jean-Marc Derouen et Yann-Lo\u00efc Joly. Les histoires que Jean-Marc Derouen raconte ici avec Yann-Lo\u00efc Joly \u00e0 l&rsquo;accord\u00e9on diatonique sont bien ancr\u00e9es dans la r\u00e9alit\u00e9 mais basculent en un rien de temps dans l&rsquo;irrationnel, le fantastique voir l&rsquo;impensable \u2026 Comme disait la grand-m\u00e8re de Jean-Marc, si J\u00e9sus-Christ \u00e0 chang\u00e9 l&rsquo;eau en vin, ton grand-p\u00e8re, lui, n&rsquo;a pas mis beaucoup d&rsquo;eau dans son vin \u2026<\/p>\n\n\n\n<p><strong><em>Parquet de bal<\/em><\/strong><br><strong><em>7\u20ac Places limit\u00e9s, reservations au Cercle Celtique<\/em><\/strong> : <strong><em>02 99 54 36 45<\/em><\/strong><br><em><strong>Organisateurs : Cercle Celtique de Rennes<\/strong><\/em><\/p>\n\n\n\n<h1 class=\"has-cyan-bluish-gray-background-color has-background wp-block-heading\" style=\"font-size:32px\"><strong>Veill\u00e9e de chant virtuelle<\/strong><\/h1>\n\n\n\n<figure class=\"wp-block-image size-large is-resized\"><img loading=\"lazy\" decoding=\"async\" src=\"http:\/\/www.sevenadur.org\/2022\/wp-content\/uploads\/sites\/9\/2022\/03\/Capture.png\" alt=\"\" class=\"wp-image-463\" width=\"383\" height=\"544\" srcset=\"https:\/\/www.sevenadur.org\/2022\/wp-content\/uploads\/sites\/9\/2022\/03\/Capture.png 582w, https:\/\/www.sevenadur.org\/2022\/wp-content\/uploads\/sites\/9\/2022\/03\/Capture-211x300.png 211w\" sizes=\"auto, (max-width: 383px) 100vw, 383px\" \/><\/figure>\n\n\n\n<p><strong><em>7 mars &#8211; 20h<\/em><\/strong><br>Veill\u00e9e chant\u00e9e lundi 7 mars 2022 \u00e0 20 h autour des r\u00e9pertoires traditionnels en visio conf\u00e9rence<br>dans le cadre de la soir\u00e9e biblioth\u00e8que du Cercle Celtique de Rennes.<br>Lien pour la veill\u00e9e sur le site de sevenadur et sur les r\u00e9seaux sociaux<br>Brigitte Kloarec et Marie Annick Roussel g\u00e8reront la soir\u00e9e.<br>Pas de t\u00eate d\u2019affiche, tout le monde peut chanter des chants de table, \u00e0 boire, m\u00e9lodies, chants de<br>travail ou m\u00eame \u00e0 danser (chez vous\u2026) ou autres chants.<\/p>\n\n\n\n<p><strong><em>En visioconf\u00e9rence avec Brigitte Kloarec<\/em><\/strong><br><strong><em>Lien de la visio : <a rel=\"noreferrer noopener\" href=\"https:\/\/us02web.zoom.us\/j\/81116902352?pwd=U2NsanE4a3RzdlArWnh3UmI3QnlUQT09\" target=\"_blank\">https:\/\/us02web.zoom.us\/j\/81116902352?pwd=U2NsanE4a3RzdlArWnh3UmI3QnlUQT09<\/a><\/em><\/strong><br><strong><em>CCR : 02 99 54 36 45<\/em><\/strong><br><em><strong>Organisateurs : Cercle Celtique de Rennes<\/strong><\/em><\/p>\n\n\n\n<h1 class=\"has-cyan-bluish-gray-background-color has-background wp-block-heading\" style=\"font-size:28px\"><strong>Gweladenn \u00ab\u00a0Eva\u00f1\u00a0\u00bb e Brezhoneg<\/strong><\/h1>\n\n\n\n<figure class=\"wp-block-image size-large is-resized\"><img loading=\"lazy\" decoding=\"async\" src=\"https:\/\/www.sevenadur.org\/2022\/wp-content\/uploads\/sites\/9\/2022\/01\/Capture-5.png\" alt=\"\" class=\"wp-image-255\" width=\"457\" height=\"345\" srcset=\"https:\/\/www.sevenadur.org\/2022\/wp-content\/uploads\/sites\/9\/2022\/01\/Capture-5.png 992w, https:\/\/www.sevenadur.org\/2022\/wp-content\/uploads\/sites\/9\/2022\/01\/Capture-5-300x226.png 300w, https:\/\/www.sevenadur.org\/2022\/wp-content\/uploads\/sites\/9\/2022\/01\/Capture-5-768x579.png 768w\" sizes=\"auto, (max-width: 457px) 100vw, 457px\" \/><\/figure>\n\n\n\n<p><strong><em>8 mars &#8211; 17h30<\/em><\/strong><br>VISITE EN BRETON : Quel que soit le breuvage choisi pour \u00e9tancher sa soif, l\u2019homme a su inventer toutes sortes de contenants qu\u2019il pouvait acheminer mais aussi transformer et conserver\u2026 avant de le porter \u00e0 ses l\u00e8vres ! \u00c0 travers de multiples pichets, gourdes et autres \u00abr\u00e9cipients\u00bb conserv\u00e9s dans les collections du mus\u00e9e, d\u00e9couvrons l\u2019histoire du boire et des buveurs en Bretagne.<\/p>\n\n\n\n<p><strong><em>Mus\u00e9e de Bretagne &#8211; 10 Cr des Alli\u00e9s 35000 RENNES<\/em><\/strong><br><strong><em>Renseignements et inscription au CCR : 02 99 54 36 45<\/em><\/strong><br><em><strong>Organisateurs : Mus\u00e9e de Bretagne<\/strong><\/em><\/p>\n\n\n\n<h1 class=\"has-cyan-bluish-gray-background-color has-background wp-block-heading\" style=\"font-size:32px\"><strong>Veill\u00e9e des conteurs<\/strong><\/h1>\n\n\n\n<p><strong><em>9 mars &#8211; 20h30 \u00e0 22h30<\/em><\/strong><br>Une soir\u00e9e tout en convivialit\u00e9 qui vous invite \u00e0 voyager par le conte.<\/p>\n\n\n\n<p><strong><em>Caf\u00e9t\u00e9ria de la Maison Bleue &#8211; 123 Boulevard de Verdun, 35 000 Rennes<\/em><\/strong><br><strong><em>Gratuit, sans inscriptions<\/em><\/strong><br><em><strong>Organisateurs : Tisseurs de contes<\/strong><\/em><\/p>\n\n\n\n<h1 class=\"has-cyan-bluish-gray-background-color has-background wp-block-heading\" style=\"font-size:32px\"><strong>Istou\u00e8res et chanterie<\/strong><\/h1>\n\n\n\n<figure class=\"wp-block-image size-large is-resized\"><img loading=\"lazy\" decoding=\"async\" src=\"https:\/\/www.sevenadur.org\/2022\/wp-content\/uploads\/sites\/9\/2022\/01\/affiche-istoueres-et-chanteries-2-724x1024.jpg\" alt=\"\" class=\"wp-image-311\" width=\"350\" height=\"495\" srcset=\"https:\/\/www.sevenadur.org\/2022\/wp-content\/uploads\/sites\/9\/2022\/01\/affiche-istoueres-et-chanteries-2-724x1024.jpg 724w, https:\/\/www.sevenadur.org\/2022\/wp-content\/uploads\/sites\/9\/2022\/01\/affiche-istoueres-et-chanteries-2-212x300.jpg 212w, https:\/\/www.sevenadur.org\/2022\/wp-content\/uploads\/sites\/9\/2022\/01\/affiche-istoueres-et-chanteries-2-768x1086.jpg 768w, https:\/\/www.sevenadur.org\/2022\/wp-content\/uploads\/sites\/9\/2022\/01\/affiche-istoueres-et-chanteries-2-1086x1536.jpg 1086w, https:\/\/www.sevenadur.org\/2022\/wp-content\/uploads\/sites\/9\/2022\/01\/affiche-istoueres-et-chanteries-2-1448x2048.jpg 1448w, https:\/\/www.sevenadur.org\/2022\/wp-content\/uploads\/sites\/9\/2022\/01\/affiche-istoueres-et-chanteries-2-scaled.jpg 1810w\" sizes=\"auto, (max-width: 350px) 100vw, 350px\" \/><\/figure>\n\n\n\n<p><strong><em>9 mars &#8211; 15h<\/em><\/strong><br>Anim\u00e9 par C\u00e9dric Malaunais.<\/p>\n\n\n\n<p><strong><em>Salle Corbi\u00e8re 35340 La Bou\u00ebxi\u00e8re<\/em><\/strong> <strong><em>&#8211; Gratuit<\/em><\/strong><br><em><b>Renseignements et <\/b><\/em><strong><em>inscriptions aupr\u00e8s de la Mairie de La Bouexi\u00e8re : 02 99 62 62 95<\/em><\/strong><br><em><strong>Organisateurs : La Bou\u00ebxi\u00e8re<\/strong><\/em><\/p>\n\n\n\n<h1 class=\"has-cyan-bluish-gray-background-color has-background wp-block-heading\" style=\"font-size:32px\"><strong>Spectacle du Trio des Champs<\/strong><\/h1>\n\n\n\n<figure class=\"wp-block-image size-large is-resized\"><img loading=\"lazy\" decoding=\"async\" src=\"https:\/\/www.sevenadur.org\/2022\/wp-content\/uploads\/sites\/9\/2022\/01\/prop7-1024x580.jpg\" alt=\"\" class=\"wp-image-298\" width=\"533\" height=\"301\" srcset=\"https:\/\/www.sevenadur.org\/2022\/wp-content\/uploads\/sites\/9\/2022\/01\/prop7-1024x580.jpg 1024w, https:\/\/www.sevenadur.org\/2022\/wp-content\/uploads\/sites\/9\/2022\/01\/prop7-300x170.jpg 300w, https:\/\/www.sevenadur.org\/2022\/wp-content\/uploads\/sites\/9\/2022\/01\/prop7-768x435.jpg 768w, https:\/\/www.sevenadur.org\/2022\/wp-content\/uploads\/sites\/9\/2022\/01\/prop7-1536x870.jpg 1536w, https:\/\/www.sevenadur.org\/2022\/wp-content\/uploads\/sites\/9\/2022\/01\/prop7-2048x1160.jpg 2048w\" sizes=\"auto, (max-width: 533px) 100vw, 533px\" \/><\/figure>\n\n\n\n<p><strong><em>11 mars &#8211; 17h30 \u00e0 19h<\/em><\/strong><br>Le trio des Champs sur le march\u00e9 en plein air<\/p>\n\n\n\n<p><strong><em>Mairie de La Bou\u00ebxi\u00e8re<\/em><\/strong> <strong><em>&#8211; Gratuit<\/em><\/strong><br><strong><em>Renseignements aupr\u00e8s de la Mairie de La Bouexi\u00e8re : 02 99 62 62 95<\/em><\/strong><br><em><strong>Organisateurs : La Bou\u00ebxi\u00e8re<\/strong><\/em><\/p>\n\n\n\n<h1 class=\"has-cyan-bluish-gray-background-color has-background wp-block-heading\" style=\"font-size:30px\"><strong>Animation sur le collectage, \u00ab\u00a0Grenier de la m\u00e9moire\u00a0\u00bb<\/strong><\/h1>\n\n\n\n<p><strong><em>11 mars<\/em><\/strong><br>Collectage autour de la m\u00e9moire orale de la culture bretonne gr\u00e2ce \u00e0 l&rsquo;intervention de C\u00e9dric Malaunais aupr\u00e8s des r\u00e9sidents.<\/p>\n\n\n\n<p><strong><em>La maison de retraite de La Bou\u00ebxi\u00e8re<\/em><\/strong><br><strong><em>Renseignements aupr\u00e8s de la Mairie de La Bouexi\u00e8re : 02 99 62 62 95<\/em><\/strong><br><em><strong>Organisateurs : La Bou\u00ebxi\u00e8re<\/strong><\/em><\/p>\n\n\n\n<h1 class=\"has-cyan-bluish-gray-background-color has-background wp-block-heading\" style=\"font-size:30px\"><strong>Voyages gourmands<\/strong><\/h1>\n\n\n\n<p><strong><em>12 mars<\/em><\/strong> <strong><em>&#8211; 20h30<\/em><\/strong><br>Partez en voyage ! De l\u2019Orient \u00e0 l\u2019Occident, de savoureuses histoires vous transporteront dans un monde de d\u00e9lices et d\u2019\u00e9pices.<br>6 conteurs du monde du milieu et un musiciens vous guideront \u00e0 travers ce p\u00e9riple, qui r\u00e9jouira vos imaginaires et vos papilles.<br>Pour adultes et grands enfants (\u00e0 partir de 6 ans)<\/p>\n\n\n\n<p><strong><em>Maison du Ronceray &#8211; 110 rue de la Poterie 35000 RENNES<\/em><\/strong><br><strong><em>5\u20ac et 2,50\u20ac pour adh\u00e9rents des tisseurs de contes<\/em><\/strong><br><em><strong>Organisateurs : Tisseurs de contes<\/strong><\/em><\/p>\n\n\n\n<h1 class=\"has-cyan-bluish-gray-background-color has-background wp-block-heading\" style=\"font-size:32px\"><strong>Apero cont\u00e9 et veill\u00e9e chant\u00e9e<\/strong><\/h1>\n\n\n\n<p><strong><em>12 mars<\/em><\/strong> <strong><em>&#8211; 18h30<\/em><\/strong><br>Venez participer \u00e0 un ap\u00e9ro cont\u00e9 suivi d&rsquo;une veill\u00e9e chant\u00e9e dans le bar Bardak. Bienveillance et bonne ambiance garantie !<\/p>\n\n\n\n<p><strong><em>St-Aubin du Cormier au Bardak<\/em><\/strong><br><strong><em>Renseignements : 02 99 23 54 57 \/ gallotonic.pagesperso-orange.fr<\/em><\/strong><br><em><strong>Organisateurs : Gallo Tonic<\/strong><\/em><\/p>\n\n\n\n<h1 class=\"has-cyan-bluish-gray-background-color has-background wp-block-heading\" style=\"font-size:30px\"><strong><strong>Massala d&rsquo;Inde<\/strong><\/strong><\/h1>\n\n\n\n<figure class=\"wp-block-image size-large is-resized\"><img loading=\"lazy\" decoding=\"async\" src=\"https:\/\/www.sevenadur.org\/2022\/wp-content\/uploads\/sites\/9\/2022\/01\/pexels-karolina-grabowska-4199145-1024x683.jpg\" alt=\"\" class=\"wp-image-192\" width=\"374\" height=\"250\" srcset=\"https:\/\/www.sevenadur.org\/2022\/wp-content\/uploads\/sites\/9\/2022\/01\/pexels-karolina-grabowska-4199145-1024x683.jpg 1024w, https:\/\/www.sevenadur.org\/2022\/wp-content\/uploads\/sites\/9\/2022\/01\/pexels-karolina-grabowska-4199145-300x200.jpg 300w, https:\/\/www.sevenadur.org\/2022\/wp-content\/uploads\/sites\/9\/2022\/01\/pexels-karolina-grabowska-4199145-768x512.jpg 768w, https:\/\/www.sevenadur.org\/2022\/wp-content\/uploads\/sites\/9\/2022\/01\/pexels-karolina-grabowska-4199145-1536x1024.jpg 1536w, https:\/\/www.sevenadur.org\/2022\/wp-content\/uploads\/sites\/9\/2022\/01\/pexels-karolina-grabowska-4199145-2048x1365.jpg 2048w\" sizes=\"auto, (max-width: 374px) 100vw, 374px\" \/><\/figure>\n\n\n\n<p><strong><em>12 mars &#8211; de 10h \u00e0 13h<\/em><\/strong><br>Deepali vous livrera quelques recettes venues d&rsquo;Inde au cours de cet atelier culinaire. Venez apprendre et partager un plat indien Bonne d\u00e9gustation !<\/p>\n\n\n\n<p><strong><em>Cercle Celtique de Rennes &#8211; Ferme de la Harpe 35000 RENNES<\/em><\/strong> &#8211; <strong><em>12\u20ac<\/em><\/strong><br><em><strong>Sur inscription au 02 99 54 36 45 \/ ou sur Hello Asso (r\u00e9servations limit\u00e9es)<\/strong><\/em><br><em><strong>Organisateurs : Namast\u00e9 Breizh<\/strong><\/em><\/p>\n\n\n\n<h1 class=\"has-cyan-bluish-gray-background-color has-background wp-block-heading\" style=\"font-size:32px\"><strong>Forum des cultures &#8211; Journ\u00e9e de cl\u00f4ture<\/strong><\/h1>\n\n\n\n<figure class=\"wp-block-image size-large\"><img loading=\"lazy\" decoding=\"async\" width=\"1024\" height=\"533\" src=\"http:\/\/www.sevenadur.org\/2022\/wp-content\/uploads\/sites\/9\/2022\/03\/unnamed-1-1024x533.jpg\" alt=\"\" class=\"wp-image-461\" srcset=\"https:\/\/www.sevenadur.org\/2022\/wp-content\/uploads\/sites\/9\/2022\/03\/unnamed-1-1024x533.jpg 1024w, https:\/\/www.sevenadur.org\/2022\/wp-content\/uploads\/sites\/9\/2022\/03\/unnamed-1-300x156.jpg 300w, https:\/\/www.sevenadur.org\/2022\/wp-content\/uploads\/sites\/9\/2022\/03\/unnamed-1-768x400.jpg 768w, https:\/\/www.sevenadur.org\/2022\/wp-content\/uploads\/sites\/9\/2022\/03\/unnamed-1-1536x800.jpg 1536w, https:\/\/www.sevenadur.org\/2022\/wp-content\/uploads\/sites\/9\/2022\/03\/unnamed-1-2048x1066.jpg 2048w\" sizes=\"auto, (max-width: 767px) 89vw, (max-width: 1000px) 54vw, (max-width: 1071px) 543px, 580px\" \/><\/figure>\n\n\n\n<p><strong><em>13 mars<\/em><\/strong> <strong><em>&#8211; 14h \u00e0 18h<\/em><\/strong><br>Apr\u00e8s un mois de festivit\u00e9s et de rencontres dans le pays de Rennes, Sevenadur se cl\u00f4ture de mani\u00e8re festive : forum des associations, Fest Deiz, ateliers participatifs, jeux, restauration sur place. L&rsquo;ASTRADA et le Cercle Celtique de Rennes vous propose un temps de partage autour de chants et des langues du monde, profitez d&rsquo;un moment interculturel !<\/p>\n\n\n\n<p><strong><em>Halle Martenot &#8211; Place de Lices 35000 RENNES<\/em><\/strong><em><strong> &#8211; Gratuit<\/strong><\/em><br><strong><em>Renseignements au 02 99 54 36 45<\/em><\/strong><br><em><strong>Organisateurs : Cercle Celtique de Rennes<\/strong><\/em><\/p>\n","protected":false},"excerpt":{"rendered":"<p>Inauguration 18 f\u00e9vrier &#8211; 18h30Inauguration de Sevenadur 2022 \u00e0 l&rsquo;H\u00f4tel de Ville. H\u00f4tel de Ville de Rennes &#8211; Place de la mairie 35000 RENNES &#8211; GratuitSur r\u00e9servation au 02 99 54 36 45Organisateurs : Cercle Celtique de Rennes Contes enfant : \u00ab\u00a0L&rsquo;\u0153il du dragon\u00a0\u00bb 20 f\u00e9vrier &#8211; 11h\u00ab\u00a0L&rsquo;\u0153il du dragon\u00a0\u00bbM\u00e9lody vous conte l&rsquo;histoire de Cheng &hellip; <\/p>\n<p class=\"link-more\"><a href=\"https:\/\/www.sevenadur.org\/2022\/evenement\/\" class=\"more-link\">Continuer la lecture<span class=\"screen-reader-text\"> de &laquo;&nbsp;\u00c9v\u00e8nements&nbsp;&raquo;<\/span><\/a><\/p>\n","protected":false},"author":6,"featured_media":0,"parent":0,"menu_order":0,"comment_status":"closed","ping_status":"closed","template":"","meta":{"_vp_format_video_url":"","_vp_image_focal_point":[],"footnotes":""},"class_list":["post-83","page","type-page","status-publish","hentry"],"_links":{"self":[{"href":"https:\/\/www.sevenadur.org\/2022\/wp-json\/wp\/v2\/pages\/83","targetHints":{"allow":["GET"]}}],"collection":[{"href":"https:\/\/www.sevenadur.org\/2022\/wp-json\/wp\/v2\/pages"}],"about":[{"href":"https:\/\/www.sevenadur.org\/2022\/wp-json\/wp\/v2\/types\/page"}],"author":[{"embeddable":true,"href":"https:\/\/www.sevenadur.org\/2022\/wp-json\/wp\/v2\/users\/6"}],"replies":[{"embeddable":true,"href":"https:\/\/www.sevenadur.org\/2022\/wp-json\/wp\/v2\/comments?post=83"}],"version-history":[{"count":48,"href":"https:\/\/www.sevenadur.org\/2022\/wp-json\/wp\/v2\/pages\/83\/revisions"}],"predecessor-version":[{"id":485,"href":"https:\/\/www.sevenadur.org\/2022\/wp-json\/wp\/v2\/pages\/83\/revisions\/485"}],"wp:attachment":[{"href":"https:\/\/www.sevenadur.org\/2022\/wp-json\/wp\/v2\/media?parent=83"}],"curies":[{"name":"wp","href":"https:\/\/api.w.org\/{rel}","templated":true}]}}