{"id":452,"date":"2022-03-08T14:08:20","date_gmt":"2022-03-08T13:08:20","guid":{"rendered":"http:\/\/www.sevenadur.org\/2022\/?page_id=452"},"modified":"2022-03-09T15:44:42","modified_gmt":"2022-03-09T14:44:42","slug":"les-creations-sevenadur","status":"publish","type":"page","link":"https:\/\/www.sevenadur.org\/2022\/les-creations-sevenadur\/","title":{"rendered":"Les cr\u00e9ations Sevenadur"},"content":{"rendered":"\n<p>Sevenadur c&rsquo;est aussi l&rsquo;id\u00e9e de poursuivre le travail de transmission et de dialogue interculturel en permettant aux initiatives cr\u00e9atrices de s&#8217;emparer de la philosophie de Sevenadur.<\/p>\n\n\n\n<p>Un \u00e9lan r\u00e9v\u00e9lateur de la richesse et de la port\u00e9e des rencontres interculturelles !<\/p>\n\n\n\n<p class=\"has-cyan-bluish-gray-background-color has-background has-medium-font-size\"><strong>En 2022 <\/strong><\/p>\n\n\n\n<p class=\"has-normal-font-size\"><strong>Flash Mob<\/strong><\/p>\n\n\n\n<p>Le flashmob, c\u2019est l\u2019occasion pour les ateliers du Cercle Celtique de Rennes d\u2019aller \u00e0 la rencontre des habitants, partager un moment tout en danse et en musique sur plusieurs places de Rennes. <\/p>\n\n\n\n<figure class=\"wp-block-gallery columns-2 is-cropped wp-block-gallery-1 is-layout-flex wp-block-gallery-is-layout-flex\"><ul class=\"blocks-gallery-grid\"><li class=\"blocks-gallery-item\"><figure><img loading=\"lazy\" decoding=\"async\" width=\"1024\" height=\"683\" src=\"http:\/\/www.sevenadur.org\/2022\/wp-content\/uploads\/sites\/9\/2022\/03\/S-32-1024x683.jpg\" alt=\"\" data-id=\"481\" data-link=\"http:\/\/www.sevenadur.org\/2022\/les-creations-sevenadur\/s-32\/\" class=\"wp-image-481\" srcset=\"https:\/\/www.sevenadur.org\/2022\/wp-content\/uploads\/sites\/9\/2022\/03\/S-32-1024x683.jpg 1024w, https:\/\/www.sevenadur.org\/2022\/wp-content\/uploads\/sites\/9\/2022\/03\/S-32-300x200.jpg 300w, https:\/\/www.sevenadur.org\/2022\/wp-content\/uploads\/sites\/9\/2022\/03\/S-32-768x512.jpg 768w, https:\/\/www.sevenadur.org\/2022\/wp-content\/uploads\/sites\/9\/2022\/03\/S-32.jpg 1500w\" sizes=\"auto, (max-width: 767px) 89vw, (max-width: 1000px) 54vw, (max-width: 1071px) 543px, 580px\" \/><\/figure><\/li><li class=\"blocks-gallery-item\"><figure><img loading=\"lazy\" decoding=\"async\" width=\"1024\" height=\"682\" src=\"http:\/\/www.sevenadur.org\/2022\/wp-content\/uploads\/sites\/9\/2022\/03\/Capture-1-1024x682.png\" alt=\"\" data-id=\"483\" data-full-url=\"http:\/\/www.sevenadur.org\/2022\/wp-content\/uploads\/sites\/9\/2022\/03\/Capture-1.png\" data-link=\"http:\/\/www.sevenadur.org\/2022\/les-creations-sevenadur\/capture-1-3\/\" class=\"wp-image-483\" srcset=\"https:\/\/www.sevenadur.org\/2022\/wp-content\/uploads\/sites\/9\/2022\/03\/Capture-1-1024x682.png 1024w, https:\/\/www.sevenadur.org\/2022\/wp-content\/uploads\/sites\/9\/2022\/03\/Capture-1-300x200.png 300w, https:\/\/www.sevenadur.org\/2022\/wp-content\/uploads\/sites\/9\/2022\/03\/Capture-1-768x512.png 768w, https:\/\/www.sevenadur.org\/2022\/wp-content\/uploads\/sites\/9\/2022\/03\/Capture-1.png 1192w\" sizes=\"auto, (max-width: 767px) 89vw, (max-width: 1000px) 54vw, (max-width: 1071px) 543px, 580px\" \/><\/figure><\/li><\/ul><\/figure>\n\n\n\n<p><strong>Le spectacle Fofo<\/strong><\/p>\n\n\n\n<figure class=\"wp-block-image size-large\"><img loading=\"lazy\" decoding=\"async\" width=\"1024\" height=\"768\" src=\"http:\/\/www.sevenadur.org\/2022\/wp-content\/uploads\/sites\/9\/2022\/03\/fofo1.jpg\" alt=\"\" class=\"wp-image-478\" srcset=\"https:\/\/www.sevenadur.org\/2022\/wp-content\/uploads\/sites\/9\/2022\/03\/fofo1.jpg 1024w, https:\/\/www.sevenadur.org\/2022\/wp-content\/uploads\/sites\/9\/2022\/03\/fofo1-300x225.jpg 300w, https:\/\/www.sevenadur.org\/2022\/wp-content\/uploads\/sites\/9\/2022\/03\/fofo1-768x576.jpg 768w\" sizes=\"auto, (max-width: 767px) 89vw, (max-width: 1000px) 54vw, (max-width: 1071px) 543px, 580px\" \/><\/figure>\n\n\n\n<p><\/p>\n\n\n\n<p><em>Le feu parle enfin. Il prend la gravit\u00e9 des alentours et la consume. Les mots deviennent v\u00e9rit\u00e9 et la peur recule d\u2019un bon pas. On ne pleure plus devant le feu&nbsp;; on go\u00fbte la libert\u00e9 sans se br\u00fbler.<\/em><\/p>\n\n\n\n<p class=\"has-cyan-bluish-gray-background-color has-background has-medium-font-size\"><strong>En 2020<\/strong><\/p>\n\n\n\n<p>Le spectacle d&rsquo;Allers retours je m&rsquo;habille&#8230;<\/p>\n\n\n\n<p class=\"has-cyan-bluish-gray-background-color has-background has-medium-font-size\"><strong>En 2019<\/strong><\/p>\n\n\n\n<p>Les Diries de M\u00f4rpas<\/p>\n","protected":false},"excerpt":{"rendered":"<p>Sevenadur c&rsquo;est aussi l&rsquo;id\u00e9e de poursuivre le travail de transmission et de dialogue interculturel en permettant aux initiatives cr\u00e9atrices de s&#8217;emparer de la philosophie de Sevenadur. Un \u00e9lan r\u00e9v\u00e9lateur de la richesse et de la port\u00e9e des rencontres interculturelles ! En 2022 Flash Mob Le flashmob, c\u2019est l\u2019occasion pour les ateliers du Cercle Celtique de &hellip; <\/p>\n<p class=\"link-more\"><a href=\"https:\/\/www.sevenadur.org\/2022\/les-creations-sevenadur\/\" class=\"more-link\">Continuer la lecture<span class=\"screen-reader-text\"> de &laquo;&nbsp;Les cr\u00e9ations Sevenadur&nbsp;&raquo;<\/span><\/a><\/p>\n","protected":false},"author":4,"featured_media":0,"parent":0,"menu_order":0,"comment_status":"closed","ping_status":"closed","template":"","meta":{"_vp_format_video_url":"","_vp_image_focal_point":[],"footnotes":""},"class_list":["post-452","page","type-page","status-publish","hentry"],"_links":{"self":[{"href":"https:\/\/www.sevenadur.org\/2022\/wp-json\/wp\/v2\/pages\/452","targetHints":{"allow":["GET"]}}],"collection":[{"href":"https:\/\/www.sevenadur.org\/2022\/wp-json\/wp\/v2\/pages"}],"about":[{"href":"https:\/\/www.sevenadur.org\/2022\/wp-json\/wp\/v2\/types\/page"}],"author":[{"embeddable":true,"href":"https:\/\/www.sevenadur.org\/2022\/wp-json\/wp\/v2\/users\/4"}],"replies":[{"embeddable":true,"href":"https:\/\/www.sevenadur.org\/2022\/wp-json\/wp\/v2\/comments?post=452"}],"version-history":[{"count":4,"href":"https:\/\/www.sevenadur.org\/2022\/wp-json\/wp\/v2\/pages\/452\/revisions"}],"predecessor-version":[{"id":484,"href":"https:\/\/www.sevenadur.org\/2022\/wp-json\/wp\/v2\/pages\/452\/revisions\/484"}],"wp:attachment":[{"href":"https:\/\/www.sevenadur.org\/2022\/wp-json\/wp\/v2\/media?parent=452"}],"curies":[{"name":"wp","href":"https:\/\/api.w.org\/{rel}","templated":true}]}}