{"id":88,"date":"2022-01-24T09:41:35","date_gmt":"2022-01-24T08:41:35","guid":{"rendered":"http:\/\/www.sevenadur.org\/2022\/?page_id=88"},"modified":"2022-02-07T12:56:33","modified_gmt":"2022-02-07T11:56:33","slug":"rencontres-et-conferences","status":"publish","type":"page","link":"http:\/\/www.sevenadur.org\/2022\/rencontres-et-conferences\/","title":{"rendered":"Rencontres et conf\u00e9rences"},"content":{"rendered":"\n<h1 class=\"has-cyan-bluish-gray-background-color has-background wp-block-heading\" style=\"font-size:30px\"><strong>Rencontre avec Pierrick Cordonnier<\/strong><br><strong>Collecte des traditions orales en pays de Rennes et Foug\u00e8res<\/strong><\/h1>\n\n\n\n<p><\/p>\n\n\n\n<p><strong><em>24 f\u00e9vrier &#8211; 20h30<\/em><\/strong><br>Pierrick Cordonnier, ancien pr\u00e9sident de La Bou\u00e8ze puis de la Granjagoul, a \u00e9t\u00e9 l\u2019un des collecteurs majeurs des traditions orales de Haute-Bretagne, dans les ann\u00e9es 1980-1990. Il nous fera partager le fruit de ces enqu\u00eates de terrain, consultables sur Dastumedia, en commentant pour nous de nombreux extraits d\u2019archives sonores et vid\u00e9o.<\/p>\n\n\n\n<p><strong><em>Ferme des Gallets &#8211; 26 avenue PIerre Donzelot 35000 RENNES &#8211; Grat<\/em><\/strong><strong style=\"font-style: italic;\">uit<\/strong><em><strong><br>Renseignements aupr\u00e8s de La Bou\u00e8ze : 02 23 20 59 14<br>Organisateurs : Dastum et La Bou\u00e8ze<\/strong><\/em><br><\/p>\n\n\n\n<h1 class=\"has-cyan-bluish-gray-background-color has-background wp-block-heading\" style=\"font-size:30px\"><strong>Les mots bretons dans la langue fran\u00e7aise<\/strong><\/h1>\n\n\n\n<figure class=\"wp-block-image size-large is-resized\"><img loading=\"lazy\" decoding=\"async\" src=\"https:\/\/www.sevenadur.org\/2022\/wp-content\/uploads\/sites\/9\/2022\/01\/Les-mots-bretons-dans-la-langue-francaise.champs-libres-768x1024.jpg\" alt=\"\" class=\"wp-image-179\" width=\"247\" height=\"326\"\/><\/figure>\n\n\n\n<p><strong><em>26 f\u00e9vrier &#8211; 17h<\/em><\/strong><br>A l&rsquo;occasion de la publication de son livre \u00ab\u00a0Les mots bretons dans la langue fran\u00e7aise\u00a0\u00bb, Nicolas Buanic, archiviste pal\u00e9ographe, expliquera ce que le vocabulaire fran\u00e7ais doit \u00e0 la langue bretonne, en illustrant son propos d&rsquo;exemples puis\u00e9s dans les collections d&rsquo;objets du mus\u00e9e de Bretagne. Possibilit\u00e9 de d\u00e9dicaces \u00e0 l&rsquo;issue.<\/p>\n\n\n\n<p><strong><em>Mus\u00e9e de Bretagne &#8211; 10 Cr des Alli\u00e9s 35000 RENNES &#8211; Grat<\/em><\/strong><strong style=\"font-style: italic;\">uit<\/strong><em><strong><br>Renseignements et inscription au 02.23.40.66.60<\/strong><\/em> <em><strong>ou par mail : contact@leschampslibres.fr<br>Organisateurs : les Champs Libres, Mus\u00e9e de Bretagne<\/strong><\/em><br><\/p>\n\n\n\n<h1 class=\"has-cyan-bluish-gray-background-color has-background wp-block-heading\" style=\"font-size:30px\"><strong>Conf\u00e9rence de Julie L\u00e9onard : \u00ab\u00a0Broderie et dentelle en Bretagne : des savoir-faire du quotidien reconnus patrimoine\u00a0\u00bb<\/strong><\/h1>\n\n\n\n<figure class=\"wp-block-image size-large is-resized\"><img loading=\"lazy\" decoding=\"async\" src=\"http:\/\/www.sevenadur.org\/2022\/wp-content\/uploads\/sites\/9\/2022\/02\/Capture.png\" alt=\"\" class=\"wp-image-342\" width=\"428\" height=\"322\" srcset=\"http:\/\/www.sevenadur.org\/2022\/wp-content\/uploads\/sites\/9\/2022\/02\/Capture.png 792w, http:\/\/www.sevenadur.org\/2022\/wp-content\/uploads\/sites\/9\/2022\/02\/Capture-300x226.png 300w, http:\/\/www.sevenadur.org\/2022\/wp-content\/uploads\/sites\/9\/2022\/02\/Capture-768x578.png 768w\" sizes=\"auto, (max-width: 428px) 100vw, 428px\" \/><figcaption>Photo : Anne Diaz, 2020.<\/figcaption><\/figure>\n\n\n\n<p><strong><em>1er mars &#8211; 19h<\/em><\/strong><br>D\u00e9but 2022, les \u00ab savoir-faire de la broderie et de la dentelle en Bretagne \u00bb ont \u00e9t\u00e9 inscrits par le minist\u00e8re de la Culture \u00e0 l\u2019Inventaire national du patrimoine culturel immat\u00e9riel (PCI). Cette reconnaissance offre l&rsquo;occasion de revenir sur les enjeux contemporains de sauvegarde de ce patrimoine bien vivant en Bretagne.<\/p>\n\n\n\n<p><strong><em>Maison Bleue &#8211; 123 Bd de Verdun, 35000 Rennes &#8211; Gratuit<\/em><\/strong><br><em><strong>Renseignements au CCR : 02 99 54 36 45<br>Organisateurs : Maison Bleue et Bretagne Culture et Diversit\u00e9<\/strong><\/em><br><\/p>\n\n\n\n<h1 class=\"has-cyan-bluish-gray-background-color has-background wp-block-heading\" style=\"font-size:26px\"><strong>Permanence d&rsquo;information sur le Dipl\u00f4me d&rsquo;Etudes Celtiques (DEC)<\/strong><\/h1>\n\n\n\n<figure class=\"wp-block-image size-large is-resized\"><img loading=\"lazy\" decoding=\"async\" src=\"https:\/\/www.sevenadur.org\/2022\/wp-content\/uploads\/sites\/9\/2022\/01\/Kendeskin-Petit-Bacchus-copie-1024x872.jpg\" alt=\"\" class=\"wp-image-328\" width=\"430\" height=\"366\" srcset=\"http:\/\/www.sevenadur.org\/2022\/wp-content\/uploads\/sites\/9\/2022\/01\/Kendeskin-Petit-Bacchus-copie-1024x872.jpg 1024w, http:\/\/www.sevenadur.org\/2022\/wp-content\/uploads\/sites\/9\/2022\/01\/Kendeskin-Petit-Bacchus-copie-300x255.jpg 300w, http:\/\/www.sevenadur.org\/2022\/wp-content\/uploads\/sites\/9\/2022\/01\/Kendeskin-Petit-Bacchus-copie-768x654.jpg 768w, http:\/\/www.sevenadur.org\/2022\/wp-content\/uploads\/sites\/9\/2022\/01\/Kendeskin-Petit-Bacchus-copie-1536x1308.jpg 1536w, http:\/\/www.sevenadur.org\/2022\/wp-content\/uploads\/sites\/9\/2022\/01\/Kendeskin-Petit-Bacchus-copie-2048x1744.jpg 2048w\" sizes=\"auto, (max-width: 430px) 100vw, 430px\" \/><\/figure>\n\n\n\n<p><strong><em>2 mars &#8211; de 17h \u00e0 19h<\/em><\/strong><br>Une permanence au bar le Petit Bacchus, afin de renseigner toutes les personnes int\u00e9ress\u00e9es par ce dipl\u00f4me, formation en fran\u00e7ais, sur 120 heures, propos\u00e9e en pr\u00e9sentiel \u00e0 l&rsquo;Universit\u00e9 de Rennes 2, \u00e0 raison de cours tous les jeudis de septembre \u00e0 mai. Ce rendez-vous est bien entendu aussi ouvert aux anciens et actuels \u00e9tudiants, pour le plaisir de se retrouver.<\/p>\n\n\n\n<p><strong><em>Bar le Petit Bacchus, 42 rue Vasselot 35000 RENNES &#8211; Gratuit<\/em><\/strong><br><em><strong>Renseignements aupr\u00e8s de  Kendeski\u00f1 : 06 11 30 60 28 \/ secretaire@kendeskin.bzh<br>Organisateurs : Kendeski\u00f1<\/strong><\/em><\/p>\n\n\n\n<h1 class=\"has-cyan-bluish-gray-background-color has-background wp-block-heading\" style=\"font-size:27px\"><strong>\u00ab\u00a0Continuit\u00e9s bocag\u00e8res\u00a0\u00bb avec Laurent Gal<\/strong><\/h1>\n\n\n\n<figure class=\"wp-block-image size-large is-resized\"><img loading=\"lazy\" decoding=\"async\" src=\"https:\/\/www.sevenadur.org\/2022\/wp-content\/uploads\/sites\/9\/2022\/01\/Conference-Laurent-Gall-717x1024.jpg\" alt=\"\" class=\"wp-image-281\" width=\"282\" height=\"403\" srcset=\"http:\/\/www.sevenadur.org\/2022\/wp-content\/uploads\/sites\/9\/2022\/01\/Conference-Laurent-Gall-717x1024.jpg 717w, http:\/\/www.sevenadur.org\/2022\/wp-content\/uploads\/sites\/9\/2022\/01\/Conference-Laurent-Gall-210x300.jpg 210w, http:\/\/www.sevenadur.org\/2022\/wp-content\/uploads\/sites\/9\/2022\/01\/Conference-Laurent-Gall-768x1097.jpg 768w, http:\/\/www.sevenadur.org\/2022\/wp-content\/uploads\/sites\/9\/2022\/01\/Conference-Laurent-Gall-1075x1536.jpg 1075w, http:\/\/www.sevenadur.org\/2022\/wp-content\/uploads\/sites\/9\/2022\/01\/Conference-Laurent-Gall-1434x2048.jpg 1434w, http:\/\/www.sevenadur.org\/2022\/wp-content\/uploads\/sites\/9\/2022\/01\/Conference-Laurent-Gall-scaled.jpg 1792w\" sizes=\"auto, (max-width: 282px) 100vw, 282px\" \/><\/figure>\n\n\n\n<p><strong><em>9 mars &#8211; de 18h30 \u00e0 20h<\/em><\/strong><br><\/p>\n\n\n\n<p>L\u2019objet de l&rsquo;intervention serait de sensibiliser aux usages et aux repr\u00e9sentations actuelles et pass\u00e9es du monde v\u00e9g\u00e9tal en Bretagne, de mettre en lumi\u00e8re la perte vertigineuse des savoirs populaires sur la flore, li\u00e9e \u00e0 la r\u00e9gression des parlers locaux en parall\u00e8le avec la d\u00e9gradation de la biodiversit\u00e9.<br>L\u2019objectif global est de comprendre notre rapport actuel de notre soci\u00e9t\u00e9 au monde vivant pour \u00e9voluer vers de nouvelles mani\u00e8res d\u2019\u00eatre au monde, de repenser le lien entre humain et non-humain.<\/p>\n\n\n\n<p><strong><em>Cercle Celtique de Rennes &#8211; Ferme de la Harpe 35000 RENNES<\/em><\/strong> <strong><em>&#8211; Gratuit<\/em><\/strong><br><em><strong>Renseignements au 02 99 54 36 45<\/strong><\/em><em><strong><br>Organisateurs : Skeudenn et Cercle Celtique de Rennes<\/strong><\/em><\/p>\n","protected":false},"excerpt":{"rendered":"<p>Rencontre avec Pierrick CordonnierCollecte des traditions orales en pays de Rennes et Foug\u00e8res 24 f\u00e9vrier &#8211; 20h30Pierrick Cordonnier, ancien pr\u00e9sident de La Bou\u00e8ze puis de la Granjagoul, a \u00e9t\u00e9 l\u2019un des collecteurs majeurs des traditions orales de Haute-Bretagne, dans les ann\u00e9es 1980-1990. Il nous fera partager le fruit de ces enqu\u00eates de terrain, consultables sur &hellip; <\/p>\n<p class=\"link-more\"><a href=\"http:\/\/www.sevenadur.org\/2022\/rencontres-et-conferences\/\" class=\"more-link\">Continuer la lecture<span class=\"screen-reader-text\"> de &laquo;&nbsp;Rencontres et conf\u00e9rences&nbsp;&raquo;<\/span><\/a><\/p>\n","protected":false},"author":6,"featured_media":0,"parent":0,"menu_order":0,"comment_status":"closed","ping_status":"closed","template":"","meta":{"_vp_format_video_url":"","_vp_image_focal_point":[],"footnotes":""},"class_list":["post-88","page","type-page","status-publish","hentry"],"_links":{"self":[{"href":"http:\/\/www.sevenadur.org\/2022\/wp-json\/wp\/v2\/pages\/88","targetHints":{"allow":["GET"]}}],"collection":[{"href":"http:\/\/www.sevenadur.org\/2022\/wp-json\/wp\/v2\/pages"}],"about":[{"href":"http:\/\/www.sevenadur.org\/2022\/wp-json\/wp\/v2\/types\/page"}],"author":[{"embeddable":true,"href":"http:\/\/www.sevenadur.org\/2022\/wp-json\/wp\/v2\/users\/6"}],"replies":[{"embeddable":true,"href":"http:\/\/www.sevenadur.org\/2022\/wp-json\/wp\/v2\/comments?post=88"}],"version-history":[{"count":14,"href":"http:\/\/www.sevenadur.org\/2022\/wp-json\/wp\/v2\/pages\/88\/revisions"}],"predecessor-version":[{"id":387,"href":"http:\/\/www.sevenadur.org\/2022\/wp-json\/wp\/v2\/pages\/88\/revisions\/387"}],"wp:attachment":[{"href":"http:\/\/www.sevenadur.org\/2022\/wp-json\/wp\/v2\/media?parent=88"}],"curies":[{"name":"wp","href":"https:\/\/api.w.org\/{rel}","templated":true}]}}