{"id":100,"date":"2021-01-27T13:06:48","date_gmt":"2021-01-27T12:06:48","guid":{"rendered":"http:\/\/www.sevenadur.org\/2021\/?page_id=100"},"modified":"2021-02-25T17:36:32","modified_gmt":"2021-02-25T16:36:32","slug":"rencontres-et-conferences","status":"publish","type":"page","link":"http:\/\/www.sevenadur.org\/2021\/rencontres-et-conferences\/","title":{"rendered":"Rencontres et conf\u00e9rences"},"content":{"rendered":"\n<div class=\"wp-block-media-text alignwide has-media-on-the-right is-stacked-on-mobile\" style=\"grid-template-columns:auto 25%\"><figure class=\"wp-block-media-text__media\"><img loading=\"lazy\" decoding=\"async\" width=\"320\" height=\"250\" src=\"http:\/\/www.sevenadur.org\/2021\/wp-content\/uploads\/sites\/8\/2021\/02\/Visuel-the-chine.gif\" alt=\"\" class=\"wp-image-468 size-full\" \/><\/figure><div class=\"wp-block-media-text__content\">\n<p class=\"has-medium-font-size\"><a href=\"http:\/\/www.sevenadur.org\/2021\/evenement\/le-the-dans-le-monde-la-chine\/\" data-type=\"URL\" data-id=\"http:\/\/www.sevenadur.org\/2021\/evenement\/le-the-dans-le-monde-la-chine\/\" target=\"_blank\" rel=\"noreferrer noopener\">Le th\u00e9 dans le monde : la Chine<\/a><\/p>\n<\/div><\/div>\n\n\n\n<div class=\"wp-block-media-text alignwide has-media-on-the-right is-stacked-on-mobile\" style=\"grid-template-columns:auto 23%\"><figure class=\"wp-block-media-text__media\"><img loading=\"lazy\" decoding=\"async\" width=\"571\" height=\"509\" src=\"http:\/\/www.sevenadur.org\/2021\/wp-content\/uploads\/sites\/8\/2021\/02\/Gilles-Servat-A-cordes-d\u00e9ploy\u00e9es-rogn\u00e9e-1.jpg\" alt=\"\" class=\"wp-image-351 size-full\" srcset=\"http:\/\/www.sevenadur.org\/2021\/wp-content\/uploads\/sites\/8\/2021\/02\/Gilles-Servat-A-cordes-d\u00e9ploy\u00e9es-rogn\u00e9e-1.jpg 571w, http:\/\/www.sevenadur.org\/2021\/wp-content\/uploads\/sites\/8\/2021\/02\/Gilles-Servat-A-cordes-d\u00e9ploy\u00e9es-rogn\u00e9e-1-300x267.jpg 300w\" sizes=\"auto, (max-width: 571px) 100vw, 571px\" \/><\/figure><div class=\"wp-block-media-text__content\">\n<p class=\"has-medium-font-size\"><a href=\"http:\/\/www.sevenadur.org\/2021\/evenement\/gilles-servat-son-album-a-cordes-deployees\/\" target=\"_blank\" rel=\"noreferrer noopener\">Rencontre avec Gilles Servat<\/a><\/p>\n<\/div><\/div>\n\n\n\n<div class=\"wp-block-media-text alignwide has-media-on-the-right is-stacked-on-mobile\" style=\"grid-template-columns:auto 25%\"><figure class=\"wp-block-media-text__media\"><img loading=\"lazy\" decoding=\"async\" width=\"1024\" height=\"683\" src=\"http:\/\/www.sevenadur.org\/2021\/wp-content\/uploads\/sites\/8\/2021\/02\/Visuel-RIB-1024x683.jpg\" alt=\"\" class=\"wp-image-349 size-full\" srcset=\"http:\/\/www.sevenadur.org\/2021\/wp-content\/uploads\/sites\/8\/2021\/02\/Visuel-RIB-1024x683.jpg 1024w, http:\/\/www.sevenadur.org\/2021\/wp-content\/uploads\/sites\/8\/2021\/02\/Visuel-RIB-300x200.jpg 300w, http:\/\/www.sevenadur.org\/2021\/wp-content\/uploads\/sites\/8\/2021\/02\/Visuel-RIB-768x512.jpg 768w, http:\/\/www.sevenadur.org\/2021\/wp-content\/uploads\/sites\/8\/2021\/02\/Visuel-RIB-1536x1024.jpg 1536w, http:\/\/www.sevenadur.org\/2021\/wp-content\/uploads\/sites\/8\/2021\/02\/Visuel-RIB-2048x1366.jpg 2048w\" sizes=\"auto, (max-width: 1024px) 100vw, 1024px\" \/><\/figure><div class=\"wp-block-media-text__content\">\n<p style=\"font-size:21px\"><a href=\"http:\/\/www.sevenadur.org\/2021\/evenement\/histoire-des-aliments-en-bretagne\/\" target=\"_blank\" rel=\"noreferrer noopener\">Histoire des aliments en Bretagne <\/a><\/p>\n<\/div><\/div>\n\n\n\n<div class=\"wp-block-media-text alignwide has-media-on-the-right is-stacked-on-mobile\" style=\"grid-template-columns:auto 25%\"><figure class=\"wp-block-media-text__media\"><img loading=\"lazy\" decoding=\"async\" width=\"800\" height=\"533\" src=\"http:\/\/www.sevenadur.org\/2021\/wp-content\/uploads\/sites\/8\/2021\/02\/chai_indien.png\" alt=\"\" class=\"wp-image-387 size-full\" srcset=\"http:\/\/www.sevenadur.org\/2021\/wp-content\/uploads\/sites\/8\/2021\/02\/chai_indien.png 800w, http:\/\/www.sevenadur.org\/2021\/wp-content\/uploads\/sites\/8\/2021\/02\/chai_indien-300x200.png 300w, http:\/\/www.sevenadur.org\/2021\/wp-content\/uploads\/sites\/8\/2021\/02\/chai_indien-768x512.png 768w\" sizes=\"auto, (max-width: 800px) 100vw, 800px\" \/><\/figure><div class=\"wp-block-media-text__content\">\n<p class=\"has-medium-font-size\"><a href=\"http:\/\/www.sevenadur.org\/2021\/evenement\/le-the-dans-le-monde-linde\/\" data-type=\"URL\" data-id=\"http:\/\/www.sevenadur.org\/2021\/evenement\/le-the-dans-le-monde-linde\/\">Le th\u00e9 dans le monde : l\u2019Inde<\/a><\/p>\n<\/div><\/div>\n\n\n\n<div class=\"wp-block-media-text alignwide has-media-on-the-right is-stacked-on-mobile\" style=\"grid-template-columns:auto 25%\"><figure class=\"wp-block-media-text__media\"><img loading=\"lazy\" decoding=\"async\" width=\"759\" height=\"1024\" src=\"http:\/\/www.sevenadur.org\/2021\/wp-content\/uploads\/sites\/8\/2021\/02\/Visuel-the-touaregs-759x1024.jpg\" alt=\"\" class=\"wp-image-470 size-full\" srcset=\"http:\/\/www.sevenadur.org\/2021\/wp-content\/uploads\/sites\/8\/2021\/02\/Visuel-the-touaregs-759x1024.jpg 759w, http:\/\/www.sevenadur.org\/2021\/wp-content\/uploads\/sites\/8\/2021\/02\/Visuel-the-touaregs-222x300.jpg 222w, http:\/\/www.sevenadur.org\/2021\/wp-content\/uploads\/sites\/8\/2021\/02\/Visuel-the-touaregs-768x1036.jpg 768w, http:\/\/www.sevenadur.org\/2021\/wp-content\/uploads\/sites\/8\/2021\/02\/Visuel-the-touaregs-1139x1536.jpg 1139w, http:\/\/www.sevenadur.org\/2021\/wp-content\/uploads\/sites\/8\/2021\/02\/Visuel-the-touaregs.jpg 1270w\" sizes=\"auto, (max-width: 759px) 100vw, 759px\" \/><\/figure><div class=\"wp-block-media-text__content\">\n<p class=\"has-medium-font-size\"><a href=\"http:\/\/www.sevenadur.org\/2021\/evenement\/le-the-dans-le-monde-les-touaregs\/\" data-type=\"URL\" data-id=\"http:\/\/www.sevenadur.org\/2021\/evenement\/le-the-dans-le-monde-les-touaregs\/\">Le th\u00e9 dans le monde : Les Touaregs<\/a><\/p>\n<\/div><\/div>\n\n\n\n<div class=\"wp-block-media-text alignwide has-media-on-the-right is-stacked-on-mobile\" style=\"grid-template-columns:auto 21%\"><figure class=\"wp-block-media-text__media\"><img loading=\"lazy\" decoding=\"async\" width=\"500\" height=\"500\" src=\"http:\/\/www.sevenadur.org\/2021\/wp-content\/uploads\/sites\/8\/2021\/02\/Incendie-de-rennes-1720-1.jpg\" alt=\"\" class=\"wp-image-352 size-full\" srcset=\"http:\/\/www.sevenadur.org\/2021\/wp-content\/uploads\/sites\/8\/2021\/02\/Incendie-de-rennes-1720-1.jpg 500w, http:\/\/www.sevenadur.org\/2021\/wp-content\/uploads\/sites\/8\/2021\/02\/Incendie-de-rennes-1720-1-300x300.jpg 300w, http:\/\/www.sevenadur.org\/2021\/wp-content\/uploads\/sites\/8\/2021\/02\/Incendie-de-rennes-1720-1-150x150.jpg 150w\" sizes=\"auto, (max-width: 500px) 100vw, 500px\" \/><\/figure><div class=\"wp-block-media-text__content\">\n<p class=\"has-medium-font-size\"><a rel=\"noreferrer noopener\" href=\"http:\/\/www.sevenadur.org\/2021\/evenement\/le-grand-incendie-de-rennes-decembre-1720\/\" target=\"_blank\">Le grand incendie de Rennes : d\u00e9cembre 1720<\/a><\/p>\n<\/div><\/div>\n\n\n\n<div class=\"wp-block-media-text alignwide has-media-on-the-right is-stacked-on-mobile\" style=\"grid-template-columns:auto 22%\"><figure class=\"wp-block-media-text__media\"><img loading=\"lazy\" decoding=\"async\" width=\"1024\" height=\"1024\" src=\"http:\/\/www.sevenadur.org\/2021\/wp-content\/uploads\/sites\/8\/2021\/02\/Instagram-bruzhoneg-1024x1024.jpg\" alt=\"\" class=\"wp-image-440 size-full\" srcset=\"http:\/\/www.sevenadur.org\/2021\/wp-content\/uploads\/sites\/8\/2021\/02\/Instagram-bruzhoneg-1024x1024.jpg 1024w, http:\/\/www.sevenadur.org\/2021\/wp-content\/uploads\/sites\/8\/2021\/02\/Instagram-bruzhoneg-300x300.jpg 300w, http:\/\/www.sevenadur.org\/2021\/wp-content\/uploads\/sites\/8\/2021\/02\/Instagram-bruzhoneg-150x150.jpg 150w, http:\/\/www.sevenadur.org\/2021\/wp-content\/uploads\/sites\/8\/2021\/02\/Instagram-bruzhoneg-768x768.jpg 768w, http:\/\/www.sevenadur.org\/2021\/wp-content\/uploads\/sites\/8\/2021\/02\/Instagram-bruzhoneg.jpg 1080w\" sizes=\"auto, (max-width: 1024px) 100vw, 1024px\" \/><\/figure><div class=\"wp-block-media-text__content\">\n<p class=\"has-medium-font-size\"><a rel=\"noreferrer noopener\" href=\"http:\/\/www.sevenadur.org\/2021\/evenement\/lart-culinaire-en-bretagne\/\" target=\"_blank\">Traditions culinaires de Bretagne <\/a><\/p>\n<\/div><\/div>\n\n\n\n<div class=\"wp-block-media-text alignwide has-media-on-the-right is-stacked-on-mobile\" style=\"grid-template-columns:auto 25%\"><figure class=\"wp-block-media-text__media\"><img loading=\"lazy\" decoding=\"async\" width=\"800\" height=\"533\" src=\"http:\/\/www.sevenadur.org\/2021\/wp-content\/uploads\/sites\/8\/2021\/02\/chai_indien.png\" alt=\"\" class=\"wp-image-387 size-full\" srcset=\"http:\/\/www.sevenadur.org\/2021\/wp-content\/uploads\/sites\/8\/2021\/02\/chai_indien.png 800w, http:\/\/www.sevenadur.org\/2021\/wp-content\/uploads\/sites\/8\/2021\/02\/chai_indien-300x200.png 300w, http:\/\/www.sevenadur.org\/2021\/wp-content\/uploads\/sites\/8\/2021\/02\/chai_indien-768x512.png 768w\" sizes=\"auto, (max-width: 800px) 100vw, 800px\" \/><\/figure><div class=\"wp-block-media-text__content\">\n<p class=\"has-medium-font-size\"><a href=\"http:\/\/www.sevenadur.org\/2021\/evenement\/le-the-dans-le-monde-la-guinee\/\" data-type=\"URL\" data-id=\"http:\/\/www.sevenadur.org\/2021\/evenement\/le-the-dans-le-monde-la-guinee\/\" target=\"_blank\" rel=\"noreferrer noopener\">Le th\u00e9 dans le monde : La Guin\u00e9e<\/a><\/p>\n<\/div><\/div>\n\n\n\n<div class=\"wp-block-media-text alignwide has-media-on-the-right is-stacked-on-mobile\" style=\"grid-template-columns:auto 19%\"><figure class=\"wp-block-media-text__media\"><img loading=\"lazy\" decoding=\"async\" width=\"287\" height=\"433\" src=\"http:\/\/www.sevenadur.org\/2021\/wp-content\/uploads\/sites\/8\/2021\/02\/Dominique-Jouve-Rogn\u00e9e-1.jpg\" alt=\"\" class=\"wp-image-354 size-full\" srcset=\"http:\/\/www.sevenadur.org\/2021\/wp-content\/uploads\/sites\/8\/2021\/02\/Dominique-Jouve-Rogn\u00e9e-1.jpg 287w, http:\/\/www.sevenadur.org\/2021\/wp-content\/uploads\/sites\/8\/2021\/02\/Dominique-Jouve-Rogn\u00e9e-1-199x300.jpg 199w\" sizes=\"auto, (max-width: 287px) 100vw, 287px\" \/><\/figure><div class=\"wp-block-media-text__content\">\n<p class=\"has-medium-font-size\"><a href=\"http:\/\/www.sevenadur.org\/2021\/evenement\/rencontre-avec-dominique-jouve\/\" target=\"_blank\" rel=\"noreferrer noopener\">Rencontre avec Dominique Jouve <\/a><\/p>\n<\/div><\/div>\n\n\n\n<div class=\"wp-block-media-text alignwide has-media-on-the-right is-stacked-on-mobile\" style=\"grid-template-columns:auto 29%\"><figure class=\"wp-block-media-text__media\"><img loading=\"lazy\" decoding=\"async\" width=\"1024\" height=\"724\" src=\"http:\/\/www.sevenadur.org\/2021\/wp-content\/uploads\/sites\/8\/2021\/02\/Visuel-conf-normands-1024x724.jpg\" alt=\"\" class=\"wp-image-404 size-full\" srcset=\"http:\/\/www.sevenadur.org\/2021\/wp-content\/uploads\/sites\/8\/2021\/02\/Visuel-conf-normands-1024x724.jpg 1024w, http:\/\/www.sevenadur.org\/2021\/wp-content\/uploads\/sites\/8\/2021\/02\/Visuel-conf-normands-300x212.jpg 300w, http:\/\/www.sevenadur.org\/2021\/wp-content\/uploads\/sites\/8\/2021\/02\/Visuel-conf-normands-768x543.jpg 768w, http:\/\/www.sevenadur.org\/2021\/wp-content\/uploads\/sites\/8\/2021\/02\/Visuel-conf-normands-1536x1087.jpg 1536w, http:\/\/www.sevenadur.org\/2021\/wp-content\/uploads\/sites\/8\/2021\/02\/Visuel-conf-normands-2048x1449.jpg 2048w\" sizes=\"auto, (max-width: 1024px) 100vw, 1024px\" \/><\/figure><div class=\"wp-block-media-text__content\">\n<p class=\"has-medium-font-size\"><a rel=\"noreferrer noopener\" href=\"http:\/\/www.sevenadur.org\/2021\/evenement\/conference-autour-de-la-langue-normande\/\" target=\"_blank\">Rencontre langue gall\u00e8se, langue normande<\/a><\/p>\n<\/div><\/div>\n\n\n\n<div class=\"wp-block-media-text alignwide has-media-on-the-right is-stacked-on-mobile\" style=\"grid-template-columns:auto 31%\"><figure class=\"wp-block-media-text__media\"><img loading=\"lazy\" decoding=\"async\" width=\"960\" height=\"384\" src=\"http:\/\/www.sevenadur.org\/2021\/wp-content\/uploads\/sites\/8\/2021\/02\/Visuel-OCADDmontagnes_atlas.jpg\" alt=\"\" class=\"wp-image-458 size-full\" srcset=\"http:\/\/www.sevenadur.org\/2021\/wp-content\/uploads\/sites\/8\/2021\/02\/Visuel-OCADDmontagnes_atlas.jpg 960w, http:\/\/www.sevenadur.org\/2021\/wp-content\/uploads\/sites\/8\/2021\/02\/Visuel-OCADDmontagnes_atlas-300x120.jpg 300w, http:\/\/www.sevenadur.org\/2021\/wp-content\/uploads\/sites\/8\/2021\/02\/Visuel-OCADDmontagnes_atlas-768x307.jpg 768w\" sizes=\"auto, (max-width: 960px) 100vw, 960px\" \/><\/figure><div class=\"wp-block-media-text__content\">\n<p class=\"has-medium-font-size\"><a href=\"http:\/\/www.sevenadur.org\/2021\/evenement\/patrimoine-oral-de-bretagne-et-du-maroc\/\" data-type=\"URL\" data-id=\"http:\/\/www.sevenadur.org\/2021\/evenement\/patrimoine-oral-de-bretagne-et-du-maroc\/\" target=\"_blank\" rel=\"noreferrer noopener\">Patrimoine oral de Bretagne et du Maroc<\/a><\/p>\n<\/div><\/div>\n\n\n\n<p><\/p>\n","protected":false},"excerpt":{"rendered":"<p>Le th\u00e9 dans le monde : la Chine Rencontre avec Gilles Servat Histoire des aliments en Bretagne Le th\u00e9 dans le monde : l\u2019Inde Le th\u00e9 dans le monde : Les Touaregs Le grand incendie de Rennes : d\u00e9cembre 1720 &hellip; <a href=\"http:\/\/www.sevenadur.org\/2021\/rencontres-et-conferences\/\">Continuer la lecture <span class=\"meta-nav\">&rarr;<\/span><\/a><\/p>\n","protected":false},"author":4,"featured_media":0,"parent":0,"menu_order":0,"comment_status":"closed","ping_status":"closed","template":"","meta":{"_vp_format_video_url":"","_vp_image_focal_point":[],"footnotes":""},"class_list":["post-100","page","type-page","status-publish","hentry"],"_links":{"self":[{"href":"http:\/\/www.sevenadur.org\/2021\/wp-json\/wp\/v2\/pages\/100","targetHints":{"allow":["GET"]}}],"collection":[{"href":"http:\/\/www.sevenadur.org\/2021\/wp-json\/wp\/v2\/pages"}],"about":[{"href":"http:\/\/www.sevenadur.org\/2021\/wp-json\/wp\/v2\/types\/page"}],"author":[{"embeddable":true,"href":"http:\/\/www.sevenadur.org\/2021\/wp-json\/wp\/v2\/users\/4"}],"replies":[{"embeddable":true,"href":"http:\/\/www.sevenadur.org\/2021\/wp-json\/wp\/v2\/comments?post=100"}],"version-history":[{"count":13,"href":"http:\/\/www.sevenadur.org\/2021\/wp-json\/wp\/v2\/pages\/100\/revisions"}],"predecessor-version":[{"id":473,"href":"http:\/\/www.sevenadur.org\/2021\/wp-json\/wp\/v2\/pages\/100\/revisions\/473"}],"wp:attachment":[{"href":"http:\/\/www.sevenadur.org\/2021\/wp-json\/wp\/v2\/media?parent=100"}],"curies":[{"name":"wp","href":"https:\/\/api.w.org\/{rel}","templated":true}]}}