{"id":2,"date":"2019-01-08T13:32:30","date_gmt":"2019-01-08T12:32:30","guid":{"rendered":"http:\/\/www.sevenadur.org\/2019\/?page_id=2"},"modified":"2019-01-24T16:08:34","modified_gmt":"2019-01-24T15:08:34","slug":"page-d-exemple","status":"publish","type":"page","link":"http:\/\/www.sevenadur.org\/2019\/","title":{"rendered":"Sevenadur 2019 &#8211; Rencontres Interculturelles"},"content":{"rendered":"\n<div style=\"height:23px\" aria-hidden=\"true\" class=\"wp-block-spacer\"><\/div>\n\n\n\n<p><span style=\"font-weight: 400;font-family: 'Trebuchet MS', Geneva\">Depuis 19 ans,<em> Sevenadur<\/em> &#8211; \u201cculture\u201d en breton &#8211; est une v\u00e9ritable c\u00e9l\u00e9bration des cultures bretonnes et des cultures pr\u00e9sentes sur le territoire rennais ! Un th\u00e8me, un pays invit\u00e9 sont \u00e0 l\u2019honneur chaque ann\u00e9e et d\u00e9terminent le fil de la programmation pendant plusieurs semaines.<\/span><\/p>\n\n\n\n<div class=\"wp-block-image\"><figure class=\"aligncenter\"><img loading=\"lazy\" decoding=\"async\" width=\"1024\" height=\"162\" src=\"http:\/\/www.sevenadur.org\/2019\/wp-content\/uploads\/sites\/6\/2019\/01\/personnages-1-1024x162.png\" alt=\"\" class=\"wp-image-101\" \/><\/figure><\/div>\n\n\n\n<p><span style=\"font-weight: 400;font-family: 'Trebuchet MS', Geneva\"><em><\/em><\/span><\/p>\n\n\n\n<p><span style=\"font-weight: 400;font-family: 'Trebuchet MS', Geneva\"><em>Sevenadur<\/em> envahit toute la ville ! Les lieux culturels, les rues, les bars, ou m\u00eame\u2026 la maison de votre voisin ! \u00catre au plus proche des habitants, partager, transmettre, c\u2019est \u00e7a les valeurs de <em>Sevenadur<\/em> ! Le patrimoine culturel immat\u00e9riel se vit sous toutes ses formes : festo\u00f9-noz, festo\u00f9-deiz, repas chant\u00e9s, stages, ateliers, concerts, expositions et conf\u00e9rences \u2026<\/span><\/p>\n\n\n\n<p><span style=\"font-weight: 400;font-family: 'Trebuchet MS', Geneva\">Plus de trente structures et associations du Pays de Rennes vous invitent \u00e0 la prochaine \u00e9dition de ces rencontres&nbsp;et vous proposent une programmation commune, riche et diversifi\u00e9e autour des cultures bretonnes et d\u2019ailleurs !<\/span><\/p>\n\n\n\n<div style=\"height:59px\" aria-hidden=\"true\" class=\"wp-block-spacer\"><\/div>\n\n\n\n<hr class=\"wp-block-separator\" \/>\n\n\n\n<div style=\"height:20px\" aria-hidden=\"true\" class=\"wp-block-spacer\"><\/div>\n\n\n\n<p style=\"text-align:center\"><span style=\"color: #ffffff;font-family: 'Trebuchet MS', Geneva\">.<\/span><span style=\"font-family: 'Trebuchet MS', Geneva\"><em>Sevenadur<\/em> est une v\u00e9ritable c\u00e9l\u00e9bration du \u201cvivre ensemble\u201d, o\u00f9 la Bretagne c\u00f4toie le Maroc, la Roumanie, l\u2019Irlande, la Guin\u00e9e,..<\/span><\/p>\n\n\n\n<p style=\"text-align:center\"><span style=\"color: #ffffff;font-family: 'Trebuchet MS', Geneva\">.<\/span><span style=\"font-family: 'Trebuchet MS', Geneva\">C\u2019est le m\u00e9lange qui permet de r\u00e9inventer et d\u00e9velopper les traditions !<\/span><\/p>\n\n\n\n<div style=\"height:20px\" aria-hidden=\"true\" class=\"wp-block-spacer\"><\/div>\n\n\n\n<hr class=\"wp-block-separator\" \/>\n\n\n\n<div style=\"height:100px\" aria-hidden=\"true\" class=\"wp-block-spacer\"><\/div>\n\n\n\n<p><span style=\"font-size: 18pt;font-family: Helvetica\">Cette ann\u00e9e et pour la 19e \u00e9dition, les rencontres interculturelles <em>Sevenadur<\/em> se tiendront du <strong>20 f\u00e9vrier au 17 mars<\/strong> dans le Pays de Rennes. Les <strong>journ\u00e9es d\u00e9di\u00e9es aux enfants<\/strong> auront lieu du <strong>20 au 23 f\u00e9vrier.<\/strong><\/span><\/p>\n\n\n\n<p><span style=\"color: #ffffff;font-family: Helvetica\">.<\/span><\/p>\n\n\n\n<div class=\"wp-block-image\"><figure class=\"aligncenter\"><img loading=\"lazy\" decoding=\"async\" width=\"685\" height=\"1024\" src=\"http:\/\/www.sevenadur.org\/2019\/wp-content\/uploads\/sites\/6\/2019\/01\/affiche2019-685x1024.jpg\" alt=\"\" class=\"wp-image-21\" srcset=\"http:\/\/www.sevenadur.org\/2019\/wp-content\/uploads\/sites\/6\/2019\/01\/affiche2019-685x1024.jpg 685w, http:\/\/www.sevenadur.org\/2019\/wp-content\/uploads\/sites\/6\/2019\/01\/affiche2019-201x300.jpg 201w, http:\/\/www.sevenadur.org\/2019\/wp-content\/uploads\/sites\/6\/2019\/01\/affiche2019-768x1148.jpg 768w, http:\/\/www.sevenadur.org\/2019\/wp-content\/uploads\/sites\/6\/2019\/01\/affiche2019.jpg 1338w\" sizes=\"auto, (max-width: 685px) 100vw, 685px\" \/><\/figure><\/div>\n\n\n\n<p><span style=\"font-family: 'Trebuchet MS', Geneva\"><\/span><\/p>\n","protected":false},"excerpt":{"rendered":"<p>Depuis 19 ans, Sevenadur &#8211; \u201cculture\u201d en breton &#8211; est une v\u00e9ritable c\u00e9l\u00e9bration des cultures bretonnes et des cultures pr\u00e9sentes sur le territoire rennais ! Un th\u00e8me, un pays invit\u00e9 sont \u00e0 l\u2019honneur chaque ann\u00e9e et d\u00e9terminent le fil de &hellip; <a href=\"http:\/\/www.sevenadur.org\/2019\/\">Continuer la lecture <span class=\"meta-nav\">&rarr;<\/span><\/a><\/p>\n","protected":false},"author":1,"featured_media":0,"parent":0,"menu_order":0,"comment_status":"closed","ping_status":"open","template":"","meta":{"_vp_format_video_url":"","_vp_image_focal_point":[],"footnotes":""},"class_list":["post-2","page","type-page","status-publish","hentry"],"_links":{"self":[{"href":"http:\/\/www.sevenadur.org\/2019\/wp-json\/wp\/v2\/pages\/2","targetHints":{"allow":["GET"]}}],"collection":[{"href":"http:\/\/www.sevenadur.org\/2019\/wp-json\/wp\/v2\/pages"}],"about":[{"href":"http:\/\/www.sevenadur.org\/2019\/wp-json\/wp\/v2\/types\/page"}],"author":[{"embeddable":true,"href":"http:\/\/www.sevenadur.org\/2019\/wp-json\/wp\/v2\/users\/1"}],"replies":[{"embeddable":true,"href":"http:\/\/www.sevenadur.org\/2019\/wp-json\/wp\/v2\/comments?post=2"}],"version-history":[{"count":69,"href":"http:\/\/www.sevenadur.org\/2019\/wp-json\/wp\/v2\/pages\/2\/revisions"}],"predecessor-version":[{"id":307,"href":"http:\/\/www.sevenadur.org\/2019\/wp-json\/wp\/v2\/pages\/2\/revisions\/307"}],"wp:attachment":[{"href":"http:\/\/www.sevenadur.org\/2019\/wp-json\/wp\/v2\/media?parent=2"}],"curies":[{"name":"wp","href":"https:\/\/api.w.org\/{rel}","templated":true}]}}