{"id":116,"date":"2019-01-15T16:41:24","date_gmt":"2019-01-15T15:41:24","guid":{"rendered":"http:\/\/www.sevenadur.org\/2019\/?page_id=116"},"modified":"2019-04-01T10:37:44","modified_gmt":"2019-04-01T08:37:44","slug":"partenaires","status":"publish","type":"page","link":"http:\/\/www.sevenadur.org\/2019\/partenaires\/","title":{"rendered":"Partenaires"},"content":{"rendered":"\n<p><strong>Partenaires :<\/strong><\/p>\n\n\n\n<p><a href=\"https:\/\/www.ascreb.org\/ascreb\/ascreb_news.php\" target=\"_blank\" rel=\"noreferrer noopener\" aria-label=\"ASCREB (s\u2019ouvre dans un nouvel onglet)\">ASCREB<\/a><\/p>\n\n\n\n<p><a href=\"https:\/\/fr-fr.facebook.com\/avantdeuxdurheu\/\" target=\"_blank\" rel=\"noreferrer noopener\" aria-label=\"Avant Deux du Rheu (s\u2019ouvre dans un nouvel onglet)\">Avant Deux du Rheu<\/a><\/p>\n\n\n\n<p><a href=\"https:\/\/www.bertegn-galezz.bzh\/\" target=\"_blank\" rel=\"noreferrer noopener\" aria-label=\"Bert\u00e8gn Gal\u00e8zz (s\u2019ouvre dans un nouvel onglet)\">Bert\u00e8gn Gal\u00e8zz<\/a><\/p>\n\n\n\n<p><a href=\"http:\/\/bruzhoneg.breizhpositive.com\/\" target=\"_blank\" rel=\"noreferrer noopener\" aria-label=\"Bruzhoneg (s\u2019ouvre dans un nouvel onglet)\">Bruzhoneg<\/a><\/p>\n\n\n\n<p><a href=\"http:\/\/www.dastum.bzh\/\" target=\"_blank\" rel=\"noreferrer noopener\" aria-label=\"Dastum (s\u2019ouvre dans un nouvel onglet)\">Dastum<\/a><\/p>\n\n\n\n<p><a href=\"http:\/\/dihunbroroazhon.wixsite.com\/dihun-bro-roazhon\" target=\"_blank\" rel=\"noreferrer noopener\" aria-label=\"Dihun bro Roazhon (s\u2019ouvre dans un nouvel onglet)\">Dihun bro Roazhon<\/a><\/p>\n\n\n\n<p><a href=\"http:\/\/www.divskouarn.fr\/\" target=\"_blank\" rel=\"noreferrer noopener\" aria-label=\"Divskouarn (s\u2019ouvre dans un nouvel onglet)\">Divskouarn<\/a><\/p>\n\n\n\n<p><a href=\"http:\/\/divyezh.bruz.free.fr\/wordpress\/\" target=\"_blank\" rel=\"noreferrer noopener\" aria-label=\"Div Yezh Bruz (s\u2019ouvre dans un nouvel onglet)\">Div Yezh Bruz<\/a><\/p>\n\n\n\n<p><a rel=\"noreferrer noopener\" aria-label=\"Destination Rennes \u2013 Office de Tourisme (s\u2019ouvre dans un nouvel onglet)\" href=\"https:\/\/www.tourisme-rennes.com\/fr\" target=\"_blank\">Destination Rennes \u2013 Office de Tourisme<\/a><\/p>\n\n\n\n<p><a href=\"https:\/\/www.facebook.com\/espoirdedraa\/\" target=\"_blank\" rel=\"noreferrer noopener\" aria-label=\"Espoir de Dr\u00e2a (s\u2019ouvre dans un nouvel onglet)\">Espoir de Dr\u00e2a<\/a><\/p>\n\n\n\n<p><a href=\"http:\/\/gallotonic.pagesperso-orange.fr\/\" target=\"_blank\" rel=\"noreferrer noopener\" aria-label=\"Gallo Tonic (s\u2019ouvre dans un nouvel onglet)\">Gallo Tonic<\/a><\/p>\n\n\n\n<p><a href=\"https:\/\/www.graindesel.bzh\/\" target=\"_blank\" rel=\"noreferrer noopener\" aria-label=\"Grain de Sel (s\u2019ouvre dans un nouvel onglet)\">Grain de Sel<\/a><\/p>\n\n\n\n<p>Graine de Folk<\/p>\n\n\n\n<p><a href=\"https:\/\/fr-fr.facebook.com\/kejadenn.roazhonii\" target=\"_blank\" rel=\"noreferrer noopener\" aria-label=\"Kejadenn (s\u2019ouvre dans un nouvel onglet)\">Kejadenn<\/a><\/p>\n\n\n\n<p><a href=\"https:\/\/www.conservatoire-rennes.fr\/\" target=\"_blank\" rel=\"noreferrer noopener\" aria-label=\"Le Conservatoire \u00e0 Rayonnement R\u00e9gional (s\u2019ouvre dans un nouvel onglet)\">Le Conservatoire \u00e0 Rayonnement R\u00e9gional<\/a><\/p>\n\n\n\n<p><a href=\"https:\/\/jeuxbretons.bzh\/\" target=\"_blank\" rel=\"noreferrer noopener\" aria-label=\"La Jaupitre (s\u2019ouvre dans un nouvel onglet)\">La Jaupitre<\/a><\/p>\n\n\n\n<p><a href=\"http:\/\/lamaisonbleuerennes.fr\/\" target=\"_blank\" rel=\"noreferrer noopener\" aria-label=\"La Maison bleue (s\u2019ouvre dans un nouvel onglet)\">La Maison bleue<\/a><\/p>\n\n\n\n<p><a href=\"https:\/\/www.mir-rennes.fr\/\" target=\"_blank\" rel=\"noreferrer noopener\" aria-label=\"La MIR (s\u2019ouvre dans un nouvel onglet)\">La MIR<\/a><\/p>\n\n\n\n<p><a href=\"http:\/\/www.ville-acigne.fr\/\" target=\"_blank\" rel=\"noreferrer noopener\" aria-label=\"La Ville d\u2019Acign\u00e9 (s\u2019ouvre dans un nouvel onglet)\">La Ville d\u2019Acign\u00e9<\/a><\/p>\n\n\n\n<p><a href=\"http:\/\/encredebretagne.bzh\/\" target=\"_blank\" rel=\"noreferrer noopener\" aria-label=\"L'Encre de Bretagne (s\u2019ouvre dans un nouvel onglet)\">L&rsquo;Encre de Bretagne<\/a><\/p>\n\n\n\n<p><a href=\"http:\/\/www.confucius-bretagne.org\/\" target=\"_blank\" rel=\"noreferrer noopener\" aria-label=\"L'Institut Confucius de Bretagne (s\u2019ouvre dans un nouvel onglet)\">L&rsquo;Institut Confucius de Bretagne<\/a><\/p>\n\n\n\n<p>La Rimandelle<\/p>\n\n\n\n<p><a href=\"http:\/\/www.bagad-roazhon.org\/\" target=\"_blank\" rel=\"noreferrer noopener\" aria-label=\"Le Bagad Roazhon (s\u2019ouvre dans un nouvel onglet)\">Le Bagad Roazhon<\/a><\/p>\n\n\n\n<p><a href=\"http:\/\/www.centres-sociaux-rennais.fr\/accueil\/centres-sociaux\/villejean\/presentation\/var\/lang\/FR\/rub\/2494.html\" target=\"_blank\" rel=\"noreferrer noopener\" aria-label=\"Le Centre Social de Villejean (s\u2019ouvre dans un nouvel onglet)\">Le Centre Social de Villejean<\/a><\/p>\n\n\n\n<p><a href=\"http:\/\/www.lemoulinet.net\/\" target=\"_blank\" rel=\"noreferrer noopener\" aria-label=\"Le Moulinet d'Acign\u00e9 (s\u2019ouvre dans un nouvel onglet)\">Le Moulinet d&rsquo;Acign\u00e9<\/a><\/p>\n\n\n\n<p><a href=\"https:\/\/www.musee-bretagne.fr\/\" target=\"_blank\" rel=\"noreferrer noopener\" aria-label=\"Le Mus\u00e9e de Bretagne (s\u2019ouvre dans un nouvel onglet)\">Le Mus\u00e9e de Bretagne<\/a><\/p>\n\n\n\n<p><a href=\"https:\/\/mba.rennes.fr\/\" target=\"_blank\" rel=\"noreferrer noopener\" aria-label=\"Le Mus\u00e9e des beaux-arts (s\u2019ouvre dans un nouvel onglet)\">Le Mus\u00e9e des beaux-arts<\/a><\/p>\n\n\n\n<p><a href=\"https:\/\/www.lepontsuperieur.eu\/\" target=\"_blank\" rel=\"noreferrer noopener\" aria-label=\"Le Pont Sup\u00e9rieur (s\u2019ouvre dans un nouvel onglet)\">Le Pont Sup\u00e9rieur<\/a><\/p>\n\n\n\n<p><a href=\"https:\/\/fr-fr.facebook.com\/tyannarennes\/\" target=\"_blank\" rel=\"noreferrer noopener\" aria-label=\"Le Ty Anna Tavarn  (s\u2019ouvre dans un nouvel onglet)\">Le Ty Anna Tavarn <\/a><\/p>\n\n\n\n<p>Les Beluettes<\/p>\n\n\n\n<p><a href=\"https:\/\/www.leschampslibres.fr\/\" target=\"_blank\" rel=\"noreferrer noopener\" aria-label=\"Les Champs Libres  (s\u2019ouvre dans un nouvel onglet)\">Les Champs Libres <\/a><\/p>\n\n\n\n<p><a href=\"https:\/\/sites.google.com\/site\/apclafilois\/home\" target=\"_blank\" rel=\"noreferrer noopener\" aria-label=\"Les Tisseurs de Contes (s\u2019ouvre dans un nouvel onglet)\">Les Tisseurs de Contes<\/a><\/p>\n\n\n\n<p><a href=\"http:\/\/maisonsaintcyr.com\/\" target=\"_blank\" rel=\"noreferrer noopener\" aria-label=\"Maison Saint-Cyr (s\u2019ouvre dans un nouvel onglet)\">Maison Saint-Cyr<\/a><\/p>\n\n\n\n<p><a href=\"http:\/\/skeudenn.bzh\/\" target=\"_blank\" rel=\"noreferrer noopener\" aria-label=\"Skeudenn Bro Roazhon (s\u2019ouvre dans un nouvel onglet)\">Skeudenn Bro Roazhon<\/a><\/p>\n\n\n\n<p><a href=\"http:\/\/www.skolanemsav.bzh\/\" target=\"_blank\" rel=\"noreferrer noopener\" aria-label=\"Skol an Emsav (s\u2019ouvre dans un nouvel onglet)\">Skol an Emsav<\/a><\/p>\n\n\n\n<p><a href=\"https:\/\/www.t-n-b.fr\/\" target=\"_blank\" rel=\"noreferrer noopener\" aria-label=\"Th\u00e9\u00e2tre National de Rennes (s\u2019ouvre dans un nouvel onglet)\">Th\u00e9\u00e2tre National de Rennes<\/a><\/p>\n\n\n\n<p><a href=\"http:\/\/uair.org\/\" target=\"_blank\" rel=\"noreferrer noopener\" aria-label=\"UAIR (Union des Associations Interculturelles de Rennes) (s\u2019ouvre dans un nouvel onglet)\">UAIR (Union des Associations Interculturelles de Rennes)<\/a><\/p>\n\n\n\n<p><strong>Soutiens :<\/strong><\/p>\n\n\n\n<p> <a rel=\"noreferrer noopener\" href=\"https:\/\/www.maif.fr\/?xtor=SEC-5530-GOO-[SEA_ALL%20%7c%20Exact%20%7c%20BRAND%20%7c%20Brand_\/_Brand%20Pure_Maif]-[316281361158]-S-[la%20maif]&amp;xts=377850&amp;ds_rl=1235230&amp;gclid=Cj0KCQiApvbhBRDXARIsALnNoK0I9ZoBPT8yCJbZBfwolJFWYQ_WUiJSVZ77E9Mjm4iqLYXok2huvB4aAhVfEALw_wcB&amp;gclsrc=aw.ds\" target=\"_blank\">La MAIF<\/a> <\/p>\n\n\n\n<figure class=\"wp-block-image is-resized\"><img loading=\"lazy\" decoding=\"async\" src=\"http:\/\/www.sevenadur.org\/2019\/wp-content\/uploads\/sites\/6\/2019\/03\/logo-maif-signature-curseur-ok.png\" alt=\"\" class=\"wp-image-407\" width=\"138\" height=\"134\" srcset=\"http:\/\/www.sevenadur.org\/2019\/wp-content\/uploads\/sites\/6\/2019\/03\/logo-maif-signature-curseur-ok.png 612w, http:\/\/www.sevenadur.org\/2019\/wp-content\/uploads\/sites\/6\/2019\/03\/logo-maif-signature-curseur-ok-300x294.png 300w\" sizes=\"auto, (max-width: 138px) 100vw, 138px\" \/><\/figure>\n\n\n\n<p>La Maif nous fait le plaisir d&rsquo;\u00eatre notre partenaire, encore cette ann\u00e9e.   <br>Attach\u00e9e aux valeurs du partage de la connaissance et tr\u00e8s investie depuis sa cr\u00e9ation, la Maif est engag\u00e9e dans un <strong>projet de soci\u00e9t\u00e9 plus solidaire et plus collaboratif<\/strong>.  <br>Son souci est d&rsquo;<strong>encourager, de soutenir, d&rsquo;accompagner les projets dans le domaine de la culture<\/strong>, source de lien social, d&rsquo;enrichissement mutuel, d&rsquo;engagement, de confiance en soi et en l&rsquo;autre, vecteur de coh\u00e9sion, de mixit\u00e9 sociale et de vivre ensemble.  <br><strong>D\u00e9couvrir, \u00e9changer, cr\u00e9er ensemble, innover<\/strong>,&#8230; autant d\u2019actions qui enthousiasment la MAIF par le projet de soci\u00e9t\u00e9 qu\u2019elles sous-tendent, un projet qui implique de <strong>penser et d\u2019agir de mani\u00e8res diff\u00e9rentes<\/strong>, qui <strong>conditionne notre avenir<\/strong>, parce-qu\u2019il touche \u00e0 notre projet de faire soci\u00e9t\u00e9.  <br>C\u2019est dans cet esprit d\u2019\u00e9thique que la MAIF est, naturellement, partenaire du Cercle Celtique de Rennes et des rencontres interculturelles Sevenadur.  <\/p>\n\n\n\n<p>Merci \u00e0 <strong>Christine Simon<\/strong>, repr\u00e9sentante des mandataires militants du p\u00f4le 35 de la MAIF, pour l&rsquo;int\u00e9r\u00eat qu&rsquo;elle porte au projet Sevenadur !<\/p>\n\n\n\n<div style=\"height:49px\" aria-hidden=\"true\" class=\"wp-block-spacer\"><\/div>\n\n\n\n<p><a href=\"https:\/\/www.coat-albret.com\/cidrerie-coat-albret\/\" target=\"_blank\" rel=\"noreferrer noopener\" aria-label=\"Coat Albret  (s\u2019ouvre dans un nouvel onglet)\">Coat Albret <\/a><\/p>\n\n\n\n<p><a href=\"https:\/\/metropole.rennes.fr\/\" target=\"_blank\" rel=\"noreferrer noopener\" aria-label=\"La Ville de Rennes (s\u2019ouvre dans un nouvel onglet)\">La Ville de Rennes<\/a><\/p>\n\n\n\n<p><a href=\"http:\/\/www.ille-et-vilaine.fr\/fr\" target=\"_blank\" rel=\"noreferrer noopener\" aria-label=\"Le &nbsp;Conseil D\u00e9partemental 35 (s\u2019ouvre dans un nouvel onglet)\">Le &nbsp;Conseil D\u00e9partemental 35<\/a><\/p>\n\n\n\n<p><a href=\"https:\/\/www.bretagne.bzh\/\" target=\"_blank\" rel=\"noreferrer noopener\" aria-label=\"Le Conseil R\u00e9gional (s\u2019ouvre dans un nouvel onglet)\">Le Conseil R\u00e9gional<\/a><\/p>\n\n\n\n<p><a href=\"https:\/\/www.cmb.fr\/banque\/assurance\/credit-mutuel\/pro\/chapeau\" target=\"_blank\" rel=\"noreferrer noopener\" aria-label=\"Le Cr\u00e9dit Mutuel de Bretagne (s\u2019ouvre dans un nouvel onglet)\">Le Cr\u00e9dit Mutuel de Bretagne<\/a><\/p>\n\n\n\n<p><a href=\"https:\/\/www.francebleu.fr\/armorique\" target=\"_blank\" rel=\"noreferrer noopener\" aria-label=\"France Bleu Armorique (s\u2019ouvre dans un nouvel onglet)\">France Bleu Armorique<\/a><\/p>\n\n\n\n<p><a href=\"https:\/\/www.kersoazig.fr\/\" target=\"_blank\" rel=\"noreferrer noopener\" aria-label=\"Ker Soazig (s\u2019ouvre dans un nouvel onglet)\">Ker Soazig<\/a><\/p>\n\n\n\n<p><a href=\"http:\/\/www.triballat.fr\/\" target=\"_blank\" rel=\"noreferrer noopener\" aria-label=\"Petit Breton - Triballat (s\u2019ouvre dans un nouvel onglet)\">Petit Breton &#8211; Triballat<\/a><\/p>\n\n\n\n<p><a href=\"http:\/\/www.tamm-kreiz.bzh\/\" target=\"_blank\" rel=\"noreferrer noopener\" aria-label=\"Tamm Kreiz (s\u2019ouvre dans un nouvel onglet)\">Tamm Kreiz<\/a><\/p>\n\n\n\n<p><a href=\"https:\/\/www.tvr.bzh\/\" target=\"_blank\" rel=\"noreferrer noopener\" aria-label=\"TV Rennes (s\u2019ouvre dans un nouvel onglet)\">TV Rennes<\/a><br><\/p>\n","protected":false},"excerpt":{"rendered":"<p>Partenaires : ASCREB Avant Deux du Rheu Bert\u00e8gn Gal\u00e8zz Bruzhoneg Dastum Dihun bro Roazhon Divskouarn Div Yezh Bruz Destination Rennes \u2013 Office de Tourisme Espoir de Dr\u00e2a Gallo Tonic Grain de Sel Graine de Folk Kejadenn Le Conservatoire \u00e0 Rayonnement &hellip; <a href=\"http:\/\/www.sevenadur.org\/2019\/partenaires\/\">Continuer la lecture <span class=\"meta-nav\">&rarr;<\/span><\/a><\/p>\n","protected":false},"author":4,"featured_media":0,"parent":0,"menu_order":0,"comment_status":"closed","ping_status":"closed","template":"","meta":{"_vp_format_video_url":"","_vp_image_focal_point":[],"footnotes":""},"class_list":["post-116","page","type-page","status-publish","hentry"],"_links":{"self":[{"href":"http:\/\/www.sevenadur.org\/2019\/wp-json\/wp\/v2\/pages\/116","targetHints":{"allow":["GET"]}}],"collection":[{"href":"http:\/\/www.sevenadur.org\/2019\/wp-json\/wp\/v2\/pages"}],"about":[{"href":"http:\/\/www.sevenadur.org\/2019\/wp-json\/wp\/v2\/types\/page"}],"author":[{"embeddable":true,"href":"http:\/\/www.sevenadur.org\/2019\/wp-json\/wp\/v2\/users\/4"}],"replies":[{"embeddable":true,"href":"http:\/\/www.sevenadur.org\/2019\/wp-json\/wp\/v2\/comments?post=116"}],"version-history":[{"count":9,"href":"http:\/\/www.sevenadur.org\/2019\/wp-json\/wp\/v2\/pages\/116\/revisions"}],"predecessor-version":[{"id":410,"href":"http:\/\/www.sevenadur.org\/2019\/wp-json\/wp\/v2\/pages\/116\/revisions\/410"}],"wp:attachment":[{"href":"http:\/\/www.sevenadur.org\/2019\/wp-json\/wp\/v2\/media?parent=116"}],"curies":[{"name":"wp","href":"https:\/\/api.w.org\/{rel}","templated":true}]}}