{"id":11,"date":"2019-01-08T16:39:21","date_gmt":"2019-01-08T15:39:21","guid":{"rendered":"http:\/\/www.sevenadur.org\/2019\/?page_id=11"},"modified":"2019-03-15T10:56:46","modified_gmt":"2019-03-15T09:56:46","slug":"programmation","status":"publish","type":"page","link":"http:\/\/www.sevenadur.org\/2019\/programmation\/","title":{"rendered":"Programmation"},"content":{"rendered":"\n<p class=\"has-text-color has-background has-large-font-size has-vivid-red-color has-luminous-vivid-amber-background-color\"><strong>Mercredi 20 f\u00e9vrier<\/strong><\/p>\n\n\n\n<p class=\"has-medium-font-size\"><strong>Veill\u00e9e chants, contes et po\u00e8mes<\/strong><\/p>\n\n\n\n<p>Cette ann\u00e9e la soir\u00e9e biblioth\u00e8que accueillera une veill\u00e9e autour des r\u00e9pertoires traditionnels de Bretagne. <br>Au programme : chants, contes, po\u00e8mes\u2026 <br>Pas de t\u00eate d\u2019affiche, vous \u00eates tous invit\u00e9s \u00e0 intervenir au cours de cette veill\u00e9e.  Les intervenants ont besoin d\u2019auditeurs, donc, venez nombreux les \u00e9couter. Cette soir\u00e9e conviviale se terminera autour d\u2019une boisson et d\u2019un g\u00e2teau. Si vous voulez amener un g\u00e2teau, il sera le bienvenu.<\/p>\n\n\n\n<div class=\"wp-block-image\"><figure class=\"aligncenter is-resized\"><img loading=\"lazy\" decoding=\"async\" src=\"http:\/\/www.sevenadur.org\/2019\/wp-content\/uploads\/sites\/6\/2019\/02\/130-Soiree-Bibliotheque-20.02.2019-2-1-724x1024.jpg\" alt=\"\" class=\"wp-image-334\" width=\"456\" height=\"644\" srcset=\"http:\/\/www.sevenadur.org\/2019\/wp-content\/uploads\/sites\/6\/2019\/02\/130-Soiree-Bibliotheque-20.02.2019-2-1-724x1024.jpg 724w, http:\/\/www.sevenadur.org\/2019\/wp-content\/uploads\/sites\/6\/2019\/02\/130-Soiree-Bibliotheque-20.02.2019-2-1-212x300.jpg 212w, http:\/\/www.sevenadur.org\/2019\/wp-content\/uploads\/sites\/6\/2019\/02\/130-Soiree-Bibliotheque-20.02.2019-2-1-768x1086.jpg 768w, http:\/\/www.sevenadur.org\/2019\/wp-content\/uploads\/sites\/6\/2019\/02\/130-Soiree-Bibliotheque-20.02.2019-2-1.jpg 1684w\" sizes=\"auto, (max-width: 456px) 100vw, 456px\" \/><\/figure><\/div>\n\n\n\n<p style=\"text-align:center\" class=\"has-small-font-size\"><strong>Cercle Celtique de Rennes, salle biblioth\u00e8que &#8211; Avenue Charles et Raymonde Tillon 35000 Rennes. 20h30, gratuit.<\/strong> <br><strong>Renseignements&nbsp;:&nbsp;contact@cercleceltiquederennes.org&nbsp;&#8211;&nbsp;02.99.54.36.45<\/strong> <\/p>\n\n\n\n<div style=\"height:100px\" aria-hidden=\"true\" class=\"wp-block-spacer\"><\/div>\n\n\n\n<p class=\"has-text-color has-background has-large-font-size has-vivid-red-color has-luminous-vivid-amber-background-color\"><strong>Jeudi 21 f\u00e9vrier<\/strong><\/p>\n\n\n\n<p class=\"has-medium-font-size\"><strong>Soir\u00e9e Dastum<\/strong><\/p>\n\n\n\n<p>A la d\u00e9couverte du patrimoine oral de Bretagne ! Pr\u00e9sentation de Dastumedia, la base de donn\u00e9es en ligne et r\u00e9ponse aux questions que vous vous \u00eates toujours pos\u00e9es ! (ouvert \u00e0 tous et en particulier \u00e0 tous les membres du Cercle et tous ceux qui souhaitent se familiariser dans la recherche d&rsquo;archives et de r\u00e9pertoire).<\/p>\n\n\n\n<p>Propos\u00e9 par Dastum, pr\u00e9sent\u00e9 par Vincent Morel. <br><\/p>\n\n\n\n<p style=\"text-align:center\" class=\"has-small-font-size\"><strong>Cercle Celtique de Rennes, salle biblioth\u00e8que &#8211; Avenue Charles et Raymonde Tillon 35000 Rennes. 20h30, gratuit.&nbsp;<\/strong> <br><strong>Renseignements&nbsp;:&nbsp;contact@cercleceltiquederennes.org&nbsp;&#8211;&nbsp;02.99.54.36.45<\/strong> <\/p>\n\n\n\n<div style=\"height:100px\" aria-hidden=\"true\" class=\"wp-block-spacer\"><\/div>\n\n\n\n<p class=\"has-text-color has-background has-large-font-size has-vivid-red-color has-luminous-vivid-amber-background-color\"><strong>Samedi 23 f\u00e9vrier<\/strong><\/p>\n\n\n\n<p class=\"has-medium-font-size\"><strong>Les contes de Maurepas<\/strong>\ufeff<\/p>\n\n\n\n<p>\u00ab\u00a0Entre les tours de la Marbaudais et le Gros Ch\u00eane, les langues se d\u00e9lient et les voix s&rsquo;\u00e9l\u00e8vent. La terre se transforme en charbon, une petite fille marche les mains pleines d&rsquo;huile et un oiseau invisible chante. En entendant cela, les fant\u00f4mes de Maurepas se r\u00e9veillent, \u00e9bahis&#8230; \u00e7a leur rappelle de vieilles histoires&#8230;\u00a0\u00bb<br><br>Blanche Le Liepvre et Morgane Le Cuff ont arpent\u00e9 les rues et la m\u00e9moire des habitants de Maurepas \u00e0 la recherche des contes et de chants dans toutes les oreilles.<\/p>\n\n\n\n<div class=\"wp-block-image\"><figure class=\"aligncenter is-resized\"><img loading=\"lazy\" decoding=\"async\" src=\"http:\/\/www.sevenadur.org\/2019\/wp-content\/uploads\/sites\/6\/2019\/01\/Morgane_et_Blanche_02-1-1024x710.jpg\" alt=\"\" class=\"wp-image-222\" width=\"474\" height=\"329\" srcset=\"http:\/\/www.sevenadur.org\/2019\/wp-content\/uploads\/sites\/6\/2019\/01\/Morgane_et_Blanche_02-1-1024x710.jpg 1024w, http:\/\/www.sevenadur.org\/2019\/wp-content\/uploads\/sites\/6\/2019\/01\/Morgane_et_Blanche_02-1-300x208.jpg 300w, http:\/\/www.sevenadur.org\/2019\/wp-content\/uploads\/sites\/6\/2019\/01\/Morgane_et_Blanche_02-1-768x532.jpg 768w, http:\/\/www.sevenadur.org\/2019\/wp-content\/uploads\/sites\/6\/2019\/01\/Morgane_et_Blanche_02-1.jpg 1200w\" sizes=\"auto, (max-width: 474px) 100vw, 474px\" \/><\/figure><\/div>\n\n\n\n<p style=\"text-align:center\" class=\"has-small-font-size\"><strong>Salle Guy Ropartz, 14 rue Guy Ropartz 35000 Rennes &#8211; 16h30, gratuit (r\u00e9servation conseill\u00e9e : 02.23.62.18.48)&nbsp;<\/strong> <br><strong>Renseignements&nbsp;:&nbsp;contact@cercleceltiquederennes.org&nbsp;&#8211;&nbsp;02.99.54.36.45&nbsp;<\/strong><\/p>\n\n\n\n<p> <\/p>\n\n\n\n<div style=\"height:100px\" aria-hidden=\"true\" class=\"wp-block-spacer\"><\/div>\n\n\n\n<p class=\"has-medium-font-size\"><strong>Contes au Bistro<\/strong><\/p>\n\n\n\n<p>Contes traditionnels<br>Les conteurs de Gallo Tonic et ceux de la section Per Roy du Cercle Celtique de Rennes, ainsi que ceux qui voudront se joindre \u00e0 eux, vous invitent au voyage \u00e0 travers de contes et l\u00e9gendes.<br>Pr\u00e9sence de conteurs de Gallo Tonic, du Cercle Celtique de Rennes, et sc\u00e8ne ouverte.<\/p>\n\n\n\n<div class=\"wp-block-image\"><figure class=\"aligncenter is-resized\"><img loading=\"lazy\" decoding=\"async\" src=\"http:\/\/www.sevenadur.org\/2019\/wp-content\/uploads\/sites\/6\/2019\/01\/contes_au_bistrot-1024x683.jpg\" alt=\"\" class=\"wp-image-223\" width=\"446\" height=\"297\" srcset=\"http:\/\/www.sevenadur.org\/2019\/wp-content\/uploads\/sites\/6\/2019\/01\/contes_au_bistrot-1024x683.jpg 1024w, http:\/\/www.sevenadur.org\/2019\/wp-content\/uploads\/sites\/6\/2019\/01\/contes_au_bistrot-300x200.jpg 300w, http:\/\/www.sevenadur.org\/2019\/wp-content\/uploads\/sites\/6\/2019\/01\/contes_au_bistrot-768x512.jpg 768w, http:\/\/www.sevenadur.org\/2019\/wp-content\/uploads\/sites\/6\/2019\/01\/contes_au_bistrot.jpg 2048w\" sizes=\"auto, (max-width: 446px) 100vw, 446px\" \/><\/figure><\/div>\n\n\n\n<p style=\"text-align:center\" class=\"has-small-font-size\"><strong>Bar Le Guibra &#8211; 18 rue de la Grange 35250 Saint-Sulpice la For\u00eat. 18h-20h.&nbsp;Renseignements&nbsp;: <a href=\"mailto:gallotonic@orange.fr\">gallotonic@orange.fr<\/a> <\/strong> &#8211; <strong>09.83.60.54.44<\/strong><\/p>\n\n\n\n<div style=\"height:100px\" aria-hidden=\"true\" class=\"wp-block-spacer\"><\/div>\n\n\n\n<p class=\"has-text-color has-background has-large-font-size has-vivid-red-color has-luminous-vivid-amber-background-color\"><strong>Lundi 25 f\u00e9vrier<\/strong><\/p>\n\n\n\n<p class=\"has-medium-font-size\"><strong>Atelier Kana\u00f1 ha da\u00f1sal<\/strong><\/p>\n\n\n\n<p>Une soir\u00e9e pour danser et chanter en breton. Pour les petits et les grands, ce moment nous permet de nous rassembler pour un moment festif afin de d\u00e9couvrir ou red\u00e9couvrir les danses et chants de Bretagne.&nbsp;Anim\u00e9 par Jean-Marie Le Moullec.<\/p>\n\n\n\n<div class=\"wp-block-image\"><figure class=\"aligncenter is-resized\"><img loading=\"lazy\" decoding=\"async\" src=\"http:\/\/www.sevenadur.org\/2019\/wp-content\/uploads\/sites\/6\/2019\/01\/kana\u00f1-ha-da\u00f1sal-2018-miz-Chwevrer-724x1024.jpg\" alt=\"\" class=\"wp-image-177\" width=\"311\" height=\"440\" srcset=\"http:\/\/www.sevenadur.org\/2019\/wp-content\/uploads\/sites\/6\/2019\/01\/kana\u00f1-ha-da\u00f1sal-2018-miz-Chwevrer-724x1024.jpg 724w, http:\/\/www.sevenadur.org\/2019\/wp-content\/uploads\/sites\/6\/2019\/01\/kana\u00f1-ha-da\u00f1sal-2018-miz-Chwevrer-212x300.jpg 212w, http:\/\/www.sevenadur.org\/2019\/wp-content\/uploads\/sites\/6\/2019\/01\/kana\u00f1-ha-da\u00f1sal-2018-miz-Chwevrer-768x1086.jpg 768w, http:\/\/www.sevenadur.org\/2019\/wp-content\/uploads\/sites\/6\/2019\/01\/kana\u00f1-ha-da\u00f1sal-2018-miz-Chwevrer.jpg 842w\" sizes=\"auto, (max-width: 311px) 100vw, 311px\" \/><\/figure><\/div>\n\n\n\n<p style=\"text-align:center\"><strong>Salle M\u00e9tairie (Premier \u00e9tage, salle 13) Chemin&nbsp;de&nbsp;la&nbsp;M\u00e9tairie&nbsp;35740&nbsp;Pac\u00e9 &#8211; 20h30, gratuit.&nbsp;Renseignements&nbsp;:&nbsp;Skol&nbsp;an&nbsp;Emsav,&nbsp;8&nbsp;contour&nbsp;Saint&nbsp;Aubin&nbsp;35000&nbsp;Rennes&nbsp;&#8211;&nbsp;02.99.38.75.83&nbsp;ou<\/strong> <a href=\"mailto:degemer@skolanemsav.bzh\">degemer@skolanemsav.bzh<\/a> <\/p>\n\n\n\n<div style=\"height:100px\" aria-hidden=\"true\" class=\"wp-block-spacer\"><\/div>\n\n\n\n<p class=\"has-text-color has-background has-large-font-size has-vivid-red-color has-luminous-vivid-amber-background-color\"><strong>Mardi 26 f\u00e9vrier<\/strong><\/p>\n\n\n\n<p class=\"has-medium-font-size\"><strong>Ap\u00e9ro chant\u00e9<\/strong><\/p>\n\n\n\n<p><\/p>\n\n\n\n<p style=\"text-align:center\"><strong>Mod Koz &#8211; 3 bis rue Jean-Marie Duhamel 35000 Rennes. <\/strong><\/p>\n\n\n\n<div style=\"height:22px\" aria-hidden=\"true\" class=\"wp-block-spacer\"><\/div>\n\n\n\n<p class=\"has-text-color has-background has-large-font-size has-vivid-red-color has-luminous-vivid-amber-background-color\"><strong>Mercredi 27 f\u00e9vrier <\/strong><\/p>\n\n\n\n<p class=\"has-medium-font-size\"><strong>Ap\u00e9ro cont\u00e9<\/strong><\/p>\n\n\n\n<p>Les Tisseurs de conte, premi\u00e8re association de conteurs amateurs de Rennes vous convie \u00e0 leur ap\u00e9ro-conte du mercredi ! <\/p>\n\n\n\n<p>Les conteurs de notre association forme bien s\u00fbr le plus grand nombre des interpr\u00e8tes de ces soir\u00e9es, mais c\u2019est une vraie sc\u00e8ne ouverte \u00e0 tous, puisqu\u2019il n\u2019y a aucune inscription pr\u00e9alable, chacun pouvant prendre la parole pour raconter une histoire ou un conte (ne d\u00e9passant pas 10 minutes, pour que plus de monde puisse s\u2019exprimer).<\/p>\n\n\n\n<p style=\"text-align:center\" class=\"has-small-font-size\"><strong>Le Panama, 28 Rue Bigot de Pr\u00e9ameneu 35000 Rennes &#8211; 20H, gratuit. Renseignements&nbsp;:&nbsp;apclafilois@gmail.com&nbsp;&#8211; <\/strong><em><strong>06.31.15.87.58<\/strong><\/em><strong> <\/strong><\/p>\n\n\n\n<div style=\"height:100px\" aria-hidden=\"true\" class=\"wp-block-spacer\"><\/div>\n\n\n\n<p class=\"has-text-color has-background has-large-font-size has-vivid-red-color has-luminous-vivid-amber-background-color\"><strong>Vendredi 1er mars<\/strong><\/p>\n\n\n\n<p class=\"has-medium-font-size\"><strong>Concert Kiez ar Bed<\/strong><\/p>\n\n\n\n<p>Port\u00e9 par Sylvain Barou \u00e0 la fl\u00fbte,&nbsp; Roland Conq \u00e0 la guitare et Nolwenn Runigo au chant, le trio raconte en souffle et vibration des histoires de tous les jours, des histoires universelles\u2026 <\/p>\n\n\n\n<p>Dans le chant de Nolwenn r\u00e9sonne la voix douce et tranquille de Louise, le timbre rocailleux d\u2019Aim\u00e9, ces chansons quotidiennes, mille fois entendues, mille fois uniques. <\/p>\n\n\n\n<p>Soutenu par une guitare inventive et sensible, une flute virtuose et voyageuse, le trio sonne plein. Les m\u00e9lodies vannetaises c\u00f4toient parfois des th\u00e8mes s\u2019inspirant de l\u2019Inde,&nbsp; de la m\u00e9diterran\u00e9e, ou d\u2019Irlande, musiques qu\u2019ils affectionnent, comme une invitation au partage. <\/p>\n\n\n\n<p>Dans ce concert \u00ab&nbsp;kiez ar bed&nbsp;\u00bb, le d\u00e9sir de mettre en mot notre \u00e9poque, de dire nos histoires d\u2019aujourd\u2019hui, &nbsp;s\u2019entoure de ces airs  qui ont marqu\u00e9s nos oreilles,  ou de compositions fortes d\u2019une envie de r\u00e9inventer. Et, comme au travers des si\u00e8cles pass\u00e9s la m\u00e9lodie y croise la danse. <\/p>\n\n\n\n<p>\u00ab&nbsp;Kiez ar bed&nbsp;\u00bb, &nbsp;la chienne du monde, symbolique de la mis\u00e8re dans la psych\u00e9 bretonne, mais \u00ab&nbsp;keiz n\u2019out ket bleizez&nbsp;\u00bb, les chiennes ne sont pas des louves, n\u2019ayons pas peur, construisons et reconstruisons inlassablement, avec &nbsp;la m\u00e9moire de ce que l\u2019on nous a transmis.<\/p>\n\n\n\n<figure class=\"wp-block-image\"><img loading=\"lazy\" decoding=\"async\" width=\"1024\" height=\"681\" src=\"http:\/\/www.sevenadur.org\/2019\/wp-content\/uploads\/sites\/6\/2019\/01\/DSC7113-1024x681.jpg\" alt=\"\" class=\"wp-image-164\" srcset=\"http:\/\/www.sevenadur.org\/2019\/wp-content\/uploads\/sites\/6\/2019\/01\/DSC7113-1024x681.jpg 1024w, http:\/\/www.sevenadur.org\/2019\/wp-content\/uploads\/sites\/6\/2019\/01\/DSC7113-300x200.jpg 300w, http:\/\/www.sevenadur.org\/2019\/wp-content\/uploads\/sites\/6\/2019\/01\/DSC7113-768x511.jpg 768w\" sizes=\"auto, (max-width: 1024px) 100vw, 1024px\" \/><\/figure>\n\n\n\n<p style=\"text-align:center\"><strong>Les Champs Libres, 10 cours des alli\u00e9s 35000 Rennes &#8211; 12h30, gratuit, dans la limite des places disponibles.<\/strong><\/p>\n\n\n\n<div style=\"height:100px\" aria-hidden=\"true\" class=\"wp-block-spacer\"><\/div>\n\n\n\n<p class=\"has-text-color has-background has-large-font-size has-vivid-red-color has-luminous-vivid-amber-background-color\"><strong>Samedi 2 mars<\/strong><\/p>\n\n\n\n<p class=\"has-medium-font-size\"><strong>Fest Noz<\/strong><\/p>\n\n\n\n<div style=\"height:20px\" aria-hidden=\"true\" class=\"wp-block-spacer\"><\/div>\n\n\n\n<div class=\"wp-block-image\"><figure class=\"alignleft is-resized\"><img loading=\"lazy\" decoding=\"async\" src=\"http:\/\/www.sevenadur.org\/2019\/wp-content\/uploads\/sites\/6\/2019\/02\/acigne-FestnozSevenadur2019-707x1024.jpg\" alt=\"\" class=\"wp-image-336\" width=\"203\" height=\"294\" srcset=\"http:\/\/www.sevenadur.org\/2019\/wp-content\/uploads\/sites\/6\/2019\/02\/acigne-FestnozSevenadur2019-707x1024.jpg 707w, http:\/\/www.sevenadur.org\/2019\/wp-content\/uploads\/sites\/6\/2019\/02\/acigne-FestnozSevenadur2019-207x300.jpg 207w, http:\/\/www.sevenadur.org\/2019\/wp-content\/uploads\/sites\/6\/2019\/02\/acigne-FestnozSevenadur2019-768x1112.jpg 768w\" sizes=\"auto, (max-width: 203px) 100vw, 203px\" \/><\/figure><\/div>\n\n\n\n<p><\/p>\n\n\n\n<p>Programmation : <\/p>\n\n\n\n<p>Landat-Moisson Quintet <br>Termen <br>Le Breton -Le Bozec  <\/p>\n\n\n\n<div style=\"height:61px\" aria-hidden=\"true\" class=\"wp-block-spacer\"><\/div>\n\n\n\n<p style=\"text-align:center\" class=\"has-small-font-size\"><strong>Salle Le Triptik, 33 rue des Verdaudais, Acign\u00e9 &#8211; 20h30, 7\u20ac ou 5\u20ac -26 ans.&nbsp;Renseignements&nbsp;: gouaillier.alain@orange.fr ou  <br>02 99 47 56 84 <\/strong><\/p>\n\n\n\n<div style=\"height:27px\" aria-hidden=\"true\" class=\"wp-block-spacer\"><\/div>\n\n\n\n<p class=\"has-medium-font-size\"><strong>Bal traditionnel nomade<\/strong><\/p>\n\n\n\n<p><strong>[Temps Breton]&nbsp;\u2013 11h \u2013 March\u00e9 des Lices (Place Saint Michel) puis 11h15 Place Sainte Anne<\/strong> <br><em>M\u00e9lange d\u00e9tonnant d\u2019harmonica, de violon et de guitare, les&nbsp;Sonous-Gherous&nbsp;d\u00e9veloppent un son rugueux, une musique qui a du grain&nbsp;! Issus du cercle celtique de Rennes, foyer de rencontre entre les cultures, ces trois musiciens conjuguent leurs diff\u00e9rentes influences au travers d\u2019un groupe form\u00e9 r\u00e9cemment. Le trio creuse la tradition bretonne de la musique \u00e0 danser en explorant des sonorit\u00e9s inhabituelles et en y mettant du mordant&nbsp;! Pr\u00e9parez-vous \u00e0 remuer les pieds&nbsp;!<\/em>  <br><strong>[Temps Irlandais] \u2013 14h \u2013 Place Hoche<\/strong> <br><em>Le volet irlandais du bal trad nomade vous m\u00e8nera \u00e0 la d\u00e9couverte de quelques danses tr\u00e8s accessibles de Ceili et de Set Dancing sur des rythmes essentiellement de jig et de reel, aux d\u00e9tours desquels l&rsquo;ombre d&rsquo;une petite polka et d&rsquo;un hornpipe bien balanc\u00e9 pourraient pointer le bout de leur nez. Bonne humeur garantie, alors ne soyez pas timides !<\/em>  <br><strong>[Temps Samba\/Batucada] &#8211; 15h \u2013 Place Hoche, puis d\u00e9ambulation jusqu\u2019\u00e0 la place Charles de Gaulle\ufeff<\/strong> <br><em>Bloco Loco, c\u2019est une Batucada, un ensemble de percussions br\u00e9siliennes directement inspir\u00e9 des plus grandes \u00e9coles de Rio, dont le show vous entra\u00eenera au c\u0153ur de ses rythmes effr\u00e9n\u00e9s !\ufeff<\/em> <br><strong>[Temps Folk] &#8211; 16h \u2013 Esplanade Charles de Gaulle\ufeff<\/strong> <br><em>L\u2019association rennaise \u00ab&nbsp;Graines de Folk&nbsp;\u00bb vous propose de vous divertir autour d\u2019un temps folk le samedi 2 Mars \u00e0 partir de 16h, Place Charles de Gaulle. Il sera anim\u00e9 par Philippe Plard&nbsp;! Venez partager ce moment de plaisir autour des danses des 4 coins de France et d\u2019ailleurs&nbsp;! Vive les bourr\u00e9es, scottischs, mazurkas et cercles circassiens&nbsp;!\ufeff<\/em>  <\/p>\n\n\n\n<p><\/p>\n\n\n\n<figure class=\"wp-block-image\"><img loading=\"lazy\" decoding=\"async\" width=\"1024\" height=\"680\" src=\"http:\/\/www.sevenadur.org\/2019\/wp-content\/uploads\/sites\/6\/2019\/01\/DSC_0211-1024x680.jpg\" alt=\"\" class=\"wp-image-234\" srcset=\"http:\/\/www.sevenadur.org\/2019\/wp-content\/uploads\/sites\/6\/2019\/01\/DSC_0211-1024x680.jpg 1024w, http:\/\/www.sevenadur.org\/2019\/wp-content\/uploads\/sites\/6\/2019\/01\/DSC_0211-300x199.jpg 300w, http:\/\/www.sevenadur.org\/2019\/wp-content\/uploads\/sites\/6\/2019\/01\/DSC_0211-768x510.jpg 768w\" sizes=\"auto, (max-width: 1024px) 100vw, 1024px\" \/><\/figure>\n\n\n\n<p style=\"text-align:center\" class=\"has-small-font-size\"><strong>Place Saint-Anne, place Hoche, Esplanade Charles de Gaulle, Gare, \u00e0 Rennes &#8211; 11h-17h<\/strong><\/p>\n\n\n\n<div style=\"height:100px\" aria-hidden=\"true\" class=\"wp-block-spacer\"><\/div>\n\n\n\n<p class=\"has-text-color has-background has-large-font-size has-vivid-red-color has-luminous-vivid-amber-background-color\"><strong>Dimanche 3 mars<\/strong><\/p>\n\n\n\n<p class=\"has-medium-font-size\"><strong>Le cycle des Fianna<\/strong><\/p>\n\n\n\n<p>Parfois berc\u00e9s, parfois emport\u00e9s par la musique d&rsquo;Adamh, laissez-vous guider au c\u0153ur de l&rsquo;in\u00e9puisable mythologie irlandaise, jusqu&rsquo;au l\u00e9gendaire Finn Mac Cumhaill. Guerrier magnifique de l&rsquo;ordre aristocratique et fraternel des Fianna, il aurait cr\u00e9\u00e9 l&rsquo;\u00eele de Man et combattu la f\u00e9e Aillen\u2026Les contes voyagent, se transmettent et se transforment au gr\u00e9 du temps et des conteurs. Les enfants y trouvent souvent des graines \u00e0 grandir. Ils les \u00e9coutent encore et encore et, tr\u00e8s pr\u00e9voyants, laissent une fen\u00eatre d&rsquo;\u00e9merveillement ouverte pour les plus grands !<br>La musique irlandaise comme fil conducteur, entre douces m\u00e9lodies et danses endiabl\u00e9es, le concert devient r\u00e9cit de l\u00e9gendes avec Adamh (fond\u00e9 en 2012) : <br>Anthony Debray-Laiz\u00e9 : contes, percussions  <br>Christine Debray-Laiz\u00e9 : violon, chant  <br>Antoine Morin : fl\u00fbte traversi\u00e8re en bois, uilleann pipes  <br>Alan Vall\u00e9e : guitare acoustique <\/p>\n\n\n\n<figure class=\"wp-block-image\"><img loading=\"lazy\" decoding=\"async\" width=\"927\" height=\"617\" src=\"http:\/\/www.sevenadur.org\/2019\/wp-content\/uploads\/sites\/6\/2019\/01\/adamh-1.jpg\" alt=\"\" class=\"wp-image-235\" srcset=\"http:\/\/www.sevenadur.org\/2019\/wp-content\/uploads\/sites\/6\/2019\/01\/adamh-1.jpg 927w, http:\/\/www.sevenadur.org\/2019\/wp-content\/uploads\/sites\/6\/2019\/01\/adamh-1-300x200.jpg 300w, http:\/\/www.sevenadur.org\/2019\/wp-content\/uploads\/sites\/6\/2019\/01\/adamh-1-768x511.jpg 768w\" sizes=\"auto, (max-width: 927px) 100vw, 927px\" \/><\/figure>\n\n\n\n<p style=\"text-align:center\"><strong>Mus\u00e9e des beaux arts, 20 quai Emile Zola 35000 Rennes&nbsp;&#8211;&nbsp;16h30-17h30,&nbsp;6\u20ac&nbsp;(tout&nbsp;public,&nbsp;\u00e0&nbsp;partir&nbsp;de&nbsp;6&nbsp;ans&nbsp;&#8211;&nbsp;Traduction&nbsp;en&nbsp;LSF)&nbsp;<\/strong> <br><strong>Renseignements&nbsp;:&nbsp;contact@cercleceltiquederennes.org&nbsp;&#8211;&nbsp;02.99.54.36.45<\/strong>  <\/p>\n\n\n\n<div style=\"height:100px\" aria-hidden=\"true\" class=\"wp-block-spacer\"><\/div>\n\n\n\n<p class=\"has-text-color has-background has-large-font-size has-vivid-red-color has-luminous-vivid-amber-background-color\"><strong>Mardi 5 mars<\/strong><\/p>\n\n\n\n<p class=\"has-medium-font-size\"><strong>Concert\/conf\u00e9rence de Dimitri Boekhoorn<\/strong><\/p>\n\n\n\n<p>Dimitri Boekhoorn, docteur \u00e8s \u00e9tudes celtiques, ancien enseignant \u00e0 l&rsquo;universit\u00e9 de Rennes II et musicien-artiste professionnel international, propose une Conf\u00e9rence &#8211; concert sur la culture celtique d&rsquo;Irlande et de Bretagne. Une pr\u00e9sentation sera suivie d&rsquo;un concert avec plusieurs harpes insolites (celtiques et anciennes) enrichi d&rsquo;explications, l&rsquo;artiste met en lumi\u00e8re des aspects divers de la musique et de l&rsquo;histoire en Bretagne et en Irlande. Il \u00e9voque aussi des aspects du l\u00e9gendaire breton et irlandais (litt\u00e9rature arthurienne, folklore et mythologie), ainsi que les liens entre la culture bretonne et celle des autres pays celtiques. La rencontre avec les diff\u00e9rentes harpes, le r\u00e9pertoire interpr\u00e9t\u00e9, la litt\u00e9rature invoqu\u00e9e permettent \u00e9galement de montrer les divergences et les similitudes avec d&rsquo;autres r\u00e9gions fran\u00e7aises.<br><\/p>\n\n\n\n<div class=\"wp-block-image\"><figure class=\"aligncenter\"><img loading=\"lazy\" decoding=\"async\" width=\"768\" height=\"1024\" src=\"http:\/\/www.sevenadur.org\/2019\/wp-content\/uploads\/sites\/6\/2019\/01\/Dimitri-1-e1548338145505-768x1024.jpg\" alt=\"\" class=\"wp-image-265\" srcset=\"http:\/\/www.sevenadur.org\/2019\/wp-content\/uploads\/sites\/6\/2019\/01\/Dimitri-1-e1548338145505-768x1024.jpg 768w, http:\/\/www.sevenadur.org\/2019\/wp-content\/uploads\/sites\/6\/2019\/01\/Dimitri-1-e1548338145505-225x300.jpg 225w\" sizes=\"auto, (max-width: 768px) 100vw, 768px\" \/><\/figure><\/div>\n\n\n\n<p style=\"text-align:center\" class=\"has-small-font-size\"><strong>Maison d&rsquo;H\u00e9lo\u00efse, 13 rue de Redon 35000 Rennes &#8211; 20h, participation libre. Renseignements : C\u00e9cile Persehaie 02.99.65.05.74<\/strong><\/p>\n\n\n\n<div style=\"height:100px\" aria-hidden=\"true\" class=\"wp-block-spacer\"><\/div>\n\n\n\n<p class=\"has-medium-font-size\"><strong>POBL \u2018B\u2019AR MACHIN[E]<\/strong><\/p>\n\n\n\n<p>Erik Marchand orchestre cette soir\u00e9e en deux parties. La premi\u00e8re nous fait d\u00e9couvrir Kreiz Breizh Akademi #6 (KBA #6). La seconde nous permet de revoir Before Bach, cr\u00e9\u00e9 en 2004 avec Rodolphe Burger. <\/p>\n\n\n\n<p><br><strong>PREMI\u00c8RE PARTIE<\/strong> <br>La nouvelle formation d\u2019Erik Marchand, comme \u00e0 l\u2019accoutum\u00e9e depuis la premi\u00e8re KBA en 2003, poursuit l\u2019exploration des musiques modales, v\u00e9ritable fil conducteur; mais KBA#6 privil\u00e9gie l\u2019\u00e9lectro. Dirig\u00e9s par Erik Marchand, musiciens et chanteurs travaillent sons et voix. On d\u00e9couvre ici un big band de onze musiciens, onze producteurs diff\u00e9rents qui proposent leurs arrangements. Constante de la formation, la voix, chant\u00e9e en breton, dans ses variantes locales, appartient \u00e0 l\u2019unique femme du collectif, Estelle Beaugrand. Ses envol\u00e9es sont contrebalanc\u00e9es par celles de Paul Sala\u00fcn.  <\/p>\n\n\n\n<p><br><strong>DEUXI\u00c8ME PARTIE<\/strong>  <br>Erik Marchand et Rodolphe Burger se sont rencontr\u00e9s en 2002 \u00e0 l\u2019occasion du festival Panoramas \u00e0 Morlaix. Depuis ils ont collabor\u00e9 \u00e0 de nombreux projets qui restituent l\u2019universalit\u00e9 des musiques de f\u00eate.&nbsp;<em>Before Bach&nbsp;<\/em>est l\u2019occasion de les retrouver accompagn\u00e9s \u00e0 l\u2019oud \u00e9lectrique par Mehdi Haddab. <\/p>\n\n\n\n<div class=\"wp-block-image\"><figure class=\"aligncenter\"><img loading=\"lazy\" decoding=\"async\" width=\"726\" height=\"484\" src=\"http:\/\/www.sevenadur.org\/2019\/wp-content\/uploads\/sites\/6\/2019\/01\/KBA_TNB.jpg\" alt=\"\" class=\"wp-image-236\" srcset=\"http:\/\/www.sevenadur.org\/2019\/wp-content\/uploads\/sites\/6\/2019\/01\/KBA_TNB.jpg 726w, http:\/\/www.sevenadur.org\/2019\/wp-content\/uploads\/sites\/6\/2019\/01\/KBA_TNB-300x200.jpg 300w\" sizes=\"auto, (max-width: 726px) 100vw, 726px\" \/><\/figure><\/div>\n\n\n\n<p style=\"text-align:center\" class=\"has-small-font-size\"><strong>TNB, 1 rue Saint-H\u00e9lier 35000 Rennes &#8211; 20h, 19\u20ac plein tarif, 13\u20ac &#8211; 30 ans, \u00e9tudiants, ch\u00f4meurs, 4\u20ac Carte sortir.&nbsp;R\u00e9servations&nbsp;:&nbsp;Cercle&nbsp;Celtique&nbsp;de&nbsp;Rennes, contact@cercleceltiquederennes.org&nbsp;&#8211;&nbsp;02.99.54.36.45<\/strong>  <\/p>\n\n\n\n<div style=\"height:100px\" aria-hidden=\"true\" class=\"wp-block-spacer\"><\/div>\n\n\n\n<p class=\"has-text-color has-background has-large-font-size has-vivid-red-color has-luminous-vivid-amber-background-color\"><strong>Mercredi 6 mars<\/strong><\/p>\n\n\n\n<p class=\"has-medium-font-size\"><strong>Visite comment\u00e9e du Mus\u00e9e de Bretagne<\/strong><\/p>\n\n\n\n<p>L\u2019histoire de Bretagne en f\u00eate ! Affiches, photos, feuilles volantes, statuettes, objets curieux, Le Mus\u00e9e de Bretagne vous propose une red\u00e9couverte des collections permanentes sur le th\u00e8me de la f\u00eate, de l\u2019Antiquit\u00e9 \u00e0 nos jours. <br><\/p>\n\n\n\n<div class=\"wp-block-image\"><figure class=\"aligncenter is-resized\"><img loading=\"lazy\" decoding=\"async\" src=\"http:\/\/www.sevenadur.org\/2019\/wp-content\/uploads\/sites\/6\/2019\/01\/affiche-mus\u00e9e-de-bretagne-781x1024.jpg\" alt=\"\" class=\"wp-image-237\" width=\"373\" height=\"489\" srcset=\"http:\/\/www.sevenadur.org\/2019\/wp-content\/uploads\/sites\/6\/2019\/01\/affiche-mus\u00e9e-de-bretagne-781x1024.jpg 781w, http:\/\/www.sevenadur.org\/2019\/wp-content\/uploads\/sites\/6\/2019\/01\/affiche-mus\u00e9e-de-bretagne-229x300.jpg 229w, http:\/\/www.sevenadur.org\/2019\/wp-content\/uploads\/sites\/6\/2019\/01\/affiche-mus\u00e9e-de-bretagne-768x1007.jpg 768w, http:\/\/www.sevenadur.org\/2019\/wp-content\/uploads\/sites\/6\/2019\/01\/affiche-mus\u00e9e-de-bretagne.jpg 1907w\" sizes=\"auto, (max-width: 373px) 100vw, 373px\" \/><figcaption>Mus\u00e9e de Bretagne, Collection Arts graphiques<\/figcaption><\/figure><\/div>\n\n\n\n<p style=\"text-align:center\" class=\"has-small-font-size\"><br><strong>Mus\u00e9e de Bretagne,10 cours des Alli\u00e9s 35000 Rennes &#8211; 17h30-19h, gratuit. R\u00e9servation : Cercle Celtique de Rennes &#8211; contact@cercleceltiquederennes.org&nbsp;&#8211;&nbsp;02.99.54.36.45  (30&nbsp;personnes&nbsp;maxi.)<\/strong><\/p>\n\n\n\n<div style=\"height:100px\" aria-hidden=\"true\" class=\"wp-block-spacer\"><\/div>\n\n\n\n<p class=\"has-text-color has-background has-large-font-size has-vivid-red-color has-luminous-vivid-amber-background-color\"><strong>Jeudi 7 mars<\/strong><\/p>\n\n\n\n<p class=\"has-medium-font-size\"><strong>R\u00e9p\u00e9tition ouverte de Kan ha Diska\u00f1<\/strong><\/p>\n\n\n\n<p>Les \u00e9l\u00e8ves de l&rsquo;atelier de Kan ha Diska\u00f1 de l&rsquo;atelier du Cercle Celtique de Rennes vous invite \u00e0 leur r\u00e9p\u00e9tition, au Mod Koz ! Avec Elouan Le Sauze.<\/p>\n\n\n\n<p style=\"text-align:center\" class=\"has-small-font-size\"><strong>Mod Koz &#8211; 3 bis rue Jean-Marie Duhamel 35000 Rennes. A partir de 20h30, gratuit.&nbsp;<\/strong> <br><strong>Renseignements&nbsp;:&nbsp;<\/strong> <strong>Cercle Celtique de Rennes &#8211; contact@cercleceltiquederennes.org&nbsp;&#8211;&nbsp;02.99.54.36.45<\/strong> <strong>  <\/strong> <\/p>\n\n\n\n<div style=\"height:100px\" aria-hidden=\"true\" class=\"wp-block-spacer\"><\/div>\n\n\n\n<p class=\"has-text-color has-background has-large-font-size has-vivid-red-color has-luminous-vivid-amber-background-color\"><strong>Vendredi 8 mars<\/strong><\/p>\n\n\n\n<p class=\"has-medium-font-size\"><strong>Solenn Lefeuvre et Gilles Le Bigot &#8211; Chant et musique des Pays Celtes (Ecosse, Irlande, Bretagne)<\/strong><\/p>\n\n\n\n<p>Projet cr\u00e9\u00e9 en janvier 2014. <br>Solenn a, depuis de nombreuses ann\u00e9es, effectu\u00e9 un travail de recherche et d&rsquo;impr\u00e9gnation de la culture bretonne et ga\u00e9lique, d\u00e9passant largement le cadre d&rsquo;un seul r\u00e9pertoire. <br>La riche exp\u00e9rience professionnelle de Gilles l&rsquo;a conduit depuis plus de trente ans \u00e0 accompagner les plus grandes voix de la musique celtique. <br>Solenn, de sa voix au timbre singulier, chante avec expression et personnalit\u00e9 airs \u00e0 danser, chants de travail et ballades auxquels le jeu exceptionnel de la guitare de Gilles r\u00e9pond avec force et subtilit\u00e9.<br>L&rsquo;interpr\u00e9tation est dynamique et riche en nuances, cr\u00e9ant une harmonie nouvelle, juste \u00e9quilibre entre authenticit\u00e9 et modernit\u00e9. L&rsquo;album Glad, sorti en 2015, est le fruit de cette harmonie musicale. <\/p>\n\n\n\n<div class=\"wp-block-image\"><figure class=\"aligncenter\"><img loading=\"lazy\" decoding=\"async\" width=\"1024\" height=\"1024\" src=\"http:\/\/www.sevenadur.org\/2019\/wp-content\/uploads\/sites\/6\/2019\/02\/solenn-1024x1024.jpg\" alt=\"\" class=\"wp-image-353\" srcset=\"http:\/\/www.sevenadur.org\/2019\/wp-content\/uploads\/sites\/6\/2019\/02\/solenn-1024x1024.jpg 1024w, http:\/\/www.sevenadur.org\/2019\/wp-content\/uploads\/sites\/6\/2019\/02\/solenn-150x150.jpg 150w, http:\/\/www.sevenadur.org\/2019\/wp-content\/uploads\/sites\/6\/2019\/02\/solenn-300x300.jpg 300w, http:\/\/www.sevenadur.org\/2019\/wp-content\/uploads\/sites\/6\/2019\/02\/solenn-768x768.jpg 768w\" sizes=\"auto, (max-width: 1024px) 100vw, 1024px\" \/><\/figure><\/div>\n\n\n\n<p style=\"text-align:center\" class=\"has-small-font-size\"><strong> Ty Anna Tavarn, Place Sainte-Anne Rennes &#8211; A partir de 20h30, gratuit <\/strong><\/p>\n\n\n\n<p style=\"text-align:center\"><a href=\"http:\/\/www.solennlefeuvre.com\" rel=\"noreferrer noopener\" target=\"_blank\">www.solennlefeuvre.com<\/a><\/p>\n\n\n\n<div style=\"height:100px\" aria-hidden=\"true\" class=\"wp-block-spacer\"><\/div>\n\n\n\n<p class=\"has-text-color has-background has-large-font-size has-vivid-red-color has-luminous-vivid-amber-background-color\"><strong>Samedi 9 mars<\/strong><\/p>\n\n\n\n<p class=\"has-medium-font-size\"><strong>Repas chant\u00e9<\/strong><\/p>\n\n\n\n<p>Chansons \u00e0 boire, chansons de table, chansons imag\u00e9es puis\u00e9es dans le r\u00e9pertoire traditionnel, interpr\u00e9t\u00e9es par des chanteurs de tradition reconnus. Le tout autour d&rsquo;un repas bien de chez nous. <br>Chanteurs invit\u00e9s : Anne-Ga\u00eblle Normand, Ga\u00ebl Rolland, Isabelle Chatrain, Michel Colleu, Ren\u00e9 Malgorn, Les Lif\u2019Fredaines  <br>Menu : Kir et ses 3 toasts &#8211; Velout\u00e9 de butternut cr\u00e8me fra\u00eeche &#8211; Carbonade avec ses carottes et son riz &#8211; Duo de fromage sur son lit de salade &#8211; 3 choux caramel au beurre sal\u00e9 &#8211; Caf\u00e9 &#8211; Vin rouge et ros\u00e9, jus d\u2019orange, eau.<\/p>\n\n\n\n<div class=\"wp-block-image\"><figure class=\"aligncenter is-resized\"><img loading=\"lazy\" decoding=\"async\" src=\"http:\/\/www.sevenadur.org\/2019\/wp-content\/uploads\/sites\/6\/2019\/01\/RepasChante-1024x683.jpg\" alt=\"\" class=\"wp-image-226\" width=\"512\" height=\"341\" srcset=\"http:\/\/www.sevenadur.org\/2019\/wp-content\/uploads\/sites\/6\/2019\/01\/RepasChante-1024x683.jpg 1024w, http:\/\/www.sevenadur.org\/2019\/wp-content\/uploads\/sites\/6\/2019\/01\/RepasChante-300x200.jpg 300w, http:\/\/www.sevenadur.org\/2019\/wp-content\/uploads\/sites\/6\/2019\/01\/RepasChante-768x512.jpg 768w, http:\/\/www.sevenadur.org\/2019\/wp-content\/uploads\/sites\/6\/2019\/01\/RepasChante.jpg 2048w\" sizes=\"auto, (max-width: 512px) 100vw, 512px\" \/><\/figure><\/div>\n\n\n\n<p style=\"text-align:center\" class=\"has-small-font-size\"><strong>Relais des cultures 35340 Erc\u00e9-pr\u00e8s-Liffr\u00e9 &#8211; 24\u20ac (boisson comprise). <br>R\u00e9servation \u00e0 adresser, avec le r\u00e8glement, avant le 28 f\u00e9vrier 2019, \u00e0 Association Gallo Tonic &#8211; La Morlais &#8211; 35340 Liffr\u00e9  <\/strong><a href=\"mailto:gallotonic@orange.fr\"><strong>gallotonic@orange.fr&nbsp;<\/strong><\/a><strong> 02.99.23.54.57 <\/strong><\/p>\n\n\n\n<div style=\"height:100px\" aria-hidden=\"true\" class=\"wp-block-spacer\"><\/div>\n\n\n\n<p class=\"has-medium-font-size\"><strong>Fest-Noz de la Saint Patrick<\/strong><\/p>\n\n\n\n<p>La Rimandelle de Chateaugiron vous convie \u00e0 son Fest-noz de la Saint-Patrick. Les groupes Eskemm (danse irlandaise, folk et bretonne) et Estran (danse irlandaise et bretonne) seront ravis de vous faire danser sur le parquet de la grande salle du Z\u00e9phyr !<\/p>\n\n\n\n<div style=\"height:20px\" aria-hidden=\"true\" class=\"wp-block-spacer\"><\/div>\n\n\n\n<p style=\"text-align:center\" class=\"has-small-font-size\"><strong>Salle du Z\u00e9phyr 15 avenue Pierre Le Treut 35410 Chateaugiron &#8211;  20h30-1h00, 7\u20ac. <br>Renseignements : La Rimandelle, 12 rue de Bretagne 35410 Ch\u00e2teaugiron   &#8211; 02 99 37 49 05 &#8211; neveucorentin@gmail.com  <\/strong><\/p>\n\n\n\n<div style=\"height:100px\" aria-hidden=\"true\" class=\"wp-block-spacer\"><\/div>\n\n\n\n<p class=\"has-medium-font-size\"><strong>F\u00eate&nbsp;de&nbsp;la&nbsp;vielle&nbsp;\u00e0&nbsp;roue<\/strong><\/p>\n\n\n\n<p>Atelier de d\u00e9couverte de la vielle \u00e0 roue, pour tous les curieux, de tout \u00e2ge&#8230; Anim\u00e9 par Marc Anthony.<\/p>\n\n\n\n<div class=\"wp-block-image\"><figure class=\"aligncenter is-resized\"><img loading=\"lazy\" decoding=\"async\" src=\"http:\/\/www.sevenadur.org\/2019\/wp-content\/uploads\/sites\/6\/2019\/01\/BAL-PLOUGASTEL-2017-1.jpg\" alt=\"\" class=\"wp-image-227\" width=\"443\" height=\"332\" srcset=\"http:\/\/www.sevenadur.org\/2019\/wp-content\/uploads\/sites\/6\/2019\/01\/BAL-PLOUGASTEL-2017-1.jpg 960w, http:\/\/www.sevenadur.org\/2019\/wp-content\/uploads\/sites\/6\/2019\/01\/BAL-PLOUGASTEL-2017-1-300x225.jpg 300w, http:\/\/www.sevenadur.org\/2019\/wp-content\/uploads\/sites\/6\/2019\/01\/BAL-PLOUGASTEL-2017-1-768x576.jpg 768w\" sizes=\"auto, (max-width: 443px) 100vw, 443px\" \/><\/figure><\/div>\n\n\n\n<p style=\"text-align:center\" class=\"has-small-font-size\"><strong>La Maison Bleue, 123 boulevard de Verdun 35000 Rennes &#8211; 14h-17h, gratuit. <br>Renseignements : Association la vielle en Bretagne vrb-asso.sec@laposte.net ou 06 62 37 05 48<\/strong> <\/p>\n\n\n\n<div style=\"height:100px\" aria-hidden=\"true\" class=\"wp-block-spacer\"><\/div>\n\n\n\n<p class=\"has-text-color has-background has-large-font-size has-vivid-red-color has-luminous-vivid-amber-background-color\"><strong>Dimanche 10 mars<\/strong><\/p>\n\n\n\n<div style=\"height:20px\" aria-hidden=\"true\" class=\"wp-block-spacer\"><\/div>\n\n\n\n<p class=\"has-medium-font-size\"><strong>Venez vous mettre dans de beaux Dr\u00e2a &#8211; Musique et Danse<\/strong><\/p>\n\n\n\n<div style=\"height:20px\" aria-hidden=\"true\" class=\"wp-block-spacer\"><\/div>\n\n\n\n<p>Sevenadur ouvre les portes de la MDA \u00e0 tous les publics de Rennes et des alentours, \u00e0 travers une carte blanche confi\u00e9e \u00e0 la Compagnie d\u2019Art Populaire du Cercle Celtique de Rennes : Astour. Dans le cadre de son spectacle, Astour convie plusieurs esth\u00e9tiques culturelles \u00e0 venir s\u2019exprimer sur le bal et la f\u00eate. Participation de l&rsquo;association Espoir de Dr\u00e2a, troupe berb\u00e8re.<br><\/p>\n\n\n\n<div style=\"height:20px\" aria-hidden=\"true\" class=\"wp-block-spacer\"><\/div>\n\n\n\n<p style=\"text-align:center\" class=\"has-small-font-size\"><strong>Maison des Associations, 6 cours des Alli\u00e9s, Rennes &#8211; 15h30-17h (ouverture de la salle \u00e0 15h) \u00e0 5\u20ac. Renseignements: Compagnie&nbsp;Astour&nbsp;&#8211;<\/strong><a href=\"mailto:florenceriot@gmail.com\"><strong>florenceriot@gmail.com<\/strong><\/a><strong> &nbsp;&#8211; 06 32 38 87 74 <\/strong><\/p>\n\n\n\n<p><br><\/p>\n\n\n\n<p><br><\/p>\n\n\n\n<p class=\"has-text-color has-background has-large-font-size has-vivid-red-color has-luminous-vivid-amber-background-color\"><strong>Mardi 12 mars<\/strong><\/p>\n\n\n\n<div style=\"height:20px\" aria-hidden=\"true\" class=\"wp-block-spacer\"><\/div>\n\n\n\n<p class=\"has-medium-font-size\"><strong>Fest Deiz du Cercle Celtique de Rennes<\/strong><\/p>\n\n\n\n<p>Avec les groupes et musiciens M.Duo, Christophe Courbet, Guy Chevallier,&#8230;<\/p>\n\n\n\n<div class=\"wp-block-image\"><figure class=\"aligncenter\"><img loading=\"lazy\" decoding=\"async\" width=\"1024\" height=\"575\" src=\"http:\/\/www.sevenadur.org\/2019\/wp-content\/uploads\/sites\/6\/2019\/01\/ronde-1024x575.jpg\" alt=\"\" class=\"wp-image-241\" srcset=\"http:\/\/www.sevenadur.org\/2019\/wp-content\/uploads\/sites\/6\/2019\/01\/ronde-1024x575.jpg 1024w, http:\/\/www.sevenadur.org\/2019\/wp-content\/uploads\/sites\/6\/2019\/01\/ronde-300x168.jpg 300w, http:\/\/www.sevenadur.org\/2019\/wp-content\/uploads\/sites\/6\/2019\/01\/ronde-768x431.jpg 768w\" sizes=\"auto, (max-width: 1024px) 100vw, 1024px\" \/><\/figure><\/div>\n\n\n\n<p style=\"text-align:center\" class=\"has-small-font-size\"><strong>Cercle Celtique de Rennes &#8211; Avenue Charles et Raymonde Tillon 35000 Rennes. 14h-18h, gratuit.&nbsp;<\/strong><br><strong>Renseignements&nbsp;:&nbsp;contact@cercleceltiquederennes.org&nbsp;&#8211;&nbsp;02.99.54.36.45<\/strong><\/p>\n\n\n\n<div style=\"height:100px\" aria-hidden=\"true\" class=\"wp-block-spacer\"><\/div>\n\n\n\n<p class=\"has-medium-font-size\"><strong>Quelle&nbsp;place&nbsp;pour&nbsp;le&nbsp;gallo&nbsp;en&nbsp;Bretagne&nbsp;?<\/strong><\/p>\n\n\n\n<p><\/p>\n\n\n\n<p style=\"text-align:center\" class=\"has-small-font-size\"><strong>Ferme de La Harpe, avenue Germaine et Charles Tillon 35000 Rennes &#8211; Gratuit. <br>Renseignements : Institut du Gallo, 26 avenue Pierre Donzelot 35700 Rennes. contact@institutdugalo.bzh 06 69 18 86 66  <\/strong><\/p>\n\n\n\n<div style=\"height:100px\" aria-hidden=\"true\" class=\"wp-block-spacer\"><\/div>\n\n\n\n<p class=\"has-text-color has-background has-large-font-size has-vivid-red-color has-luminous-vivid-amber-background-color\"><strong>Jeudi 14 mars<\/strong><\/p>\n\n\n\n<div style=\"height:20px\" aria-hidden=\"true\" class=\"wp-block-spacer\"><\/div>\n\n\n\n<p class=\"has-medium-font-size\"><strong>Initiation au Gallo<\/strong><\/p>\n\n\n\n<p>Avec Antouen Aguesse<\/p>\n\n\n\n<p style=\"text-align:center\" class=\"has-small-font-size\"><strong>Mod Koz &#8211; 3 bis rue Jean-Marie Duhamel 35000 Rennes. A partir de 18h, gratuit.&nbsp;<\/strong><br><strong>Renseignements&nbsp;:&nbsp;Cercle Celtique de Rennes &#8211; contact@cercleceltiquederennes.org&nbsp;&#8211;&nbsp;02.99.54.36.45<\/strong><\/p>\n\n\n\n<div style=\"height:100px\" aria-hidden=\"true\" class=\"wp-block-spacer\"><\/div>\n\n\n\n<p class=\"has-medium-font-size\"><strong>Table ronde sur la transmission familiale des langues<\/strong><\/p>\n\n\n\n<p>Venez \u00e9changer, \u00e9couter sur ce sujet passionnant. Autour de la table, des parents qui ont d\u00e9cid\u00e9 de transmettre leur langue maternelle \u00e0 leurs enfants. D\u00e9gustation de cr\u00eapes berb\u00e8res et bretonnes sur place.<\/p>\n\n\n\n<p style=\"text-align:center\" class=\"has-small-font-size\"><strong>Mod Koz &#8211; 3 bis rue Jean-Marie Duhamel 35000 Rennes. A partir de 18h30, gratuit.&nbsp;<\/strong><br><strong>Renseignements&nbsp;:&nbsp;Cercle Celtique de Rennes &#8211; contact@cercleceltiquederennes.org&nbsp;&#8211;&nbsp;02.99.54.36.45<\/strong><\/p>\n\n\n\n<div style=\"height:100px\" aria-hidden=\"true\" class=\"wp-block-spacer\"><\/div>\n\n\n\n<p class=\"has-medium-font-size\"><strong>Session autour des musiques du monde <\/strong><\/p>\n\n\n\n<p>La soir\u00e9e se poursuivra avec entre autres, le musicien et conteur Redouane Bentaleb, venez \u00e9changer, \u00e9couter, danser sur de la musique m\u00e9tiss\u00e9e !<\/p>\n\n\n\n<p style=\"text-align:center\" class=\"has-small-font-size\"><strong>Mod Koz &#8211; 3 bis rue Jean-Marie Duhamel 35000 Rennes. A partir de 21h, gratuit.&nbsp;<\/strong><br><strong>Renseignements&nbsp;:&nbsp;Cercle Celtique de Rennes &#8211; contact@cercleceltiquederennes.org&nbsp;&#8211;&nbsp;02.99.54.36.45<\/strong><\/p>\n\n\n\n<div style=\"height:100px\" aria-hidden=\"true\" class=\"wp-block-spacer\"><\/div>\n\n\n\n<p class=\"has-medium-font-size\"><strong>Concert : Trio Gargam-Kivijer-Burban \/ Talskan<\/strong><\/p>\n\n\n\n<p><\/p>\n\n\n\n<div class=\"wp-block-image\"><figure class=\"aligncenter is-resized\"><img loading=\"lazy\" decoding=\"async\" src=\"http:\/\/www.sevenadur.org\/2019\/wp-content\/uploads\/sites\/6\/2019\/01\/Gargam-Kivijer-Burban-201809-2-1024x763.jpg\" alt=\"\" class=\"wp-image-215\" width=\"584\" height=\"434\" srcset=\"http:\/\/www.sevenadur.org\/2019\/wp-content\/uploads\/sites\/6\/2019\/01\/Gargam-Kivijer-Burban-201809-2-1024x763.jpg 1024w, http:\/\/www.sevenadur.org\/2019\/wp-content\/uploads\/sites\/6\/2019\/01\/Gargam-Kivijer-Burban-201809-2-300x224.jpg 300w, http:\/\/www.sevenadur.org\/2019\/wp-content\/uploads\/sites\/6\/2019\/01\/Gargam-Kivijer-Burban-201809-2-768x572.jpg 768w\" sizes=\"auto, (max-width: 584px) 100vw, 584px\" \/><figcaption><strong>Trio<\/strong> <strong>Trio Guergam-Kivijer-Burban<\/strong><\/figcaption><\/figure><\/div>\n\n\n\n<div class=\"wp-block-image\"><figure class=\"aligncenter\"><img loading=\"lazy\" decoding=\"async\" width=\"840\" height=\"435\" src=\"http:\/\/www.sevenadur.org\/2019\/wp-content\/uploads\/sites\/6\/2019\/02\/Talskan.jpg\" alt=\"\" class=\"wp-image-356\" srcset=\"http:\/\/www.sevenadur.org\/2019\/wp-content\/uploads\/sites\/6\/2019\/02\/Talskan.jpg 840w, http:\/\/www.sevenadur.org\/2019\/wp-content\/uploads\/sites\/6\/2019\/02\/Talskan-300x155.jpg 300w, http:\/\/www.sevenadur.org\/2019\/wp-content\/uploads\/sites\/6\/2019\/02\/Talskan-768x398.jpg 768w\" sizes=\"auto, (max-width: 840px) 100vw, 840px\" \/><figcaption><strong>Talskan<\/strong><\/figcaption><\/figure><\/div>\n\n\n\n<p style=\"text-align:center\" class=\"has-small-font-size\"><strong>Ty Anna Tavarn, place Sainte-Anne, Rennes &#8211; 20h30 &#8211; Gratuit<\/strong><\/p>\n\n\n\n<div style=\"height:100px\" aria-hidden=\"true\" class=\"wp-block-spacer\"><\/div>\n\n\n\n<p class=\"has-text-color has-background has-large-font-size has-vivid-red-color has-luminous-vivid-amber-background-color\"><strong>Vendredi 15 mars<\/strong><\/p>\n\n\n\n<div style=\"height:20px\" aria-hidden=\"true\" class=\"wp-block-spacer\"><\/div>\n\n\n\n<p class=\"has-medium-font-size\"><strong>Happy hour en gallo<\/strong><\/p>\n\n\n\n<p>Au sortir du march\u00e9, d\u00e9couverte rencontre interg\u00e9n\u00e9rationnelle langue Gall\u00e8se et Culture (chant, conte)  autour d&rsquo;une galette saucisse et d&rsquo;un verre de cidre.<\/p>\n\n\n\n<div style=\"height:20px\" aria-hidden=\"true\" class=\"wp-block-spacer\"><\/div>\n\n\n\n<p style=\"text-align:center\" class=\"has-small-font-size\"><strong>Maison de quartier Villejean, 2 rue de Bourgogne 35000 Rennes &#8211; 12h-14h, gratuit. Renseignements : Bert\u00e8gn Gall\u00e8zz<\/strong> <a href=\"mailto:contact@bertegn-galezz.bzh\">contact@bertegn-galezz.bzh<\/a> &#8211;  <strong>02.99.38.97.65 <\/strong><\/p>\n\n\n\n<div style=\"height:100px\" aria-hidden=\"true\" class=\"wp-block-spacer\"><\/div>\n\n\n\n<p class=\"has-text-color has-background has-large-font-size has-vivid-red-color has-luminous-vivid-amber-background-color\"><strong>Samedi 16 mars<\/strong><\/p>\n\n\n\n<div style=\"height:20px\" aria-hidden=\"true\" class=\"wp-block-spacer\"><\/div>\n\n\n\n<p class=\"has-medium-font-size\"><strong>Animation et performance de tambours et calligraphie japonaise<\/strong><br><\/p>\n\n\n\n<p>Le syst\u00e8me d&rsquo;\u00e9criture contemporaine de la langue japonaisese compose sur deux sortes de lettres : les KANJI (caract\u00e8res chinois) et les KANA. Les lettres Kana sont des lettres phon\u00e9tiques qui gardent toujours ou presque le m\u00eame son, contrairement aux Kanji. La simplicit\u00e9 des lettres Kana a servit a accroitre les expressions purement nippones (et donc a servi de v\u00e9hicule \u00e0 la culture nippone), mais aussi  \u00e0 r\u00e9duire le pourcentage d&rsquo;analphab\u00e8tes au Japon. A cette occasion, les lyc\u00e9ens du Lyc\u00e9e Ste-Ursule-Eichi de Sendai vous d\u00e9voilent la beaut\u00e9 des lettres Kana, en l&rsquo;honneur de la culture nippone.<\/p>\n\n\n\n<div style=\"height:20px\" aria-hidden=\"true\" class=\"wp-block-spacer\"><\/div>\n\n\n\n<p style=\"text-align:center\" class=\"has-small-font-size\"><strong>Maison Bleue, 123 boulevard de Verdun, Rennes &#8211; 14h-16h : atelier ; 18h : performance de calligraphie japonaise,&nbsp;gratuit.<\/strong><br><strong>Renseignements : Maison&nbsp;Bleue,&nbsp;02.99.33.75.25&nbsp;ou&nbsp;maison.bleue2@wanadoo.fr.<\/strong><br><a rel=\"noreferrer noopener\" href=\"mailto:maison.bleue2@wanadoo.fr\" target=\"_blank\">&nbsp;<\/a><a rel=\"noreferrer noopener\" href=\"http:\/\/lamaisonbleuerennes.fr\/\" target=\"_blank\">http:\/\/lamaisonbleuerennes.fr\/<\/a> <\/p>\n\n\n\n<div style=\"height:100px\" aria-hidden=\"true\" class=\"wp-block-spacer\"><\/div>\n\n\n\n<p class=\"has-medium-font-size\"><strong>Bal de&nbsp;la&nbsp;Saint&nbsp;Patrick&nbsp;pour&nbsp;les&nbsp;enfants<\/strong><\/p>\n\n\n\n<p>Venez retrouver l&rsquo;association Avant deux du Rheu, autour des musiques et danses bretonnes et irlandaises.  <br>La journ\u00e9e s&rsquo;organisera en deux temps et deux espaces :  <br>&#8211; de 14h \u00e0 17h, danses et go\u00fbter \u00e0 la salle des Landes.   <br>&#8211; de 17h \u00e0 18h30 \u00e0 l&rsquo;espace La Flume, animations autour du carnaval Agora. <\/p>\n\n\n\n<div class=\"wp-block-image\"><figure class=\"aligncenter is-resized\"><img loading=\"lazy\" decoding=\"async\" src=\"http:\/\/www.sevenadur.org\/2019\/wp-content\/uploads\/sites\/6\/2019\/02\/Bal_celtique_enfant_avantdeux-724x1024.jpg\" alt=\"\" class=\"wp-image-339\" width=\"352\" height=\"498\" srcset=\"http:\/\/www.sevenadur.org\/2019\/wp-content\/uploads\/sites\/6\/2019\/02\/Bal_celtique_enfant_avantdeux-724x1024.jpg 724w, http:\/\/www.sevenadur.org\/2019\/wp-content\/uploads\/sites\/6\/2019\/02\/Bal_celtique_enfant_avantdeux-212x300.jpg 212w, http:\/\/www.sevenadur.org\/2019\/wp-content\/uploads\/sites\/6\/2019\/02\/Bal_celtique_enfant_avantdeux-768x1086.jpg 768w, http:\/\/www.sevenadur.org\/2019\/wp-content\/uploads\/sites\/6\/2019\/02\/Bal_celtique_enfant_avantdeux.jpg 1755w\" sizes=\"auto, (max-width: 352px) 100vw, 352px\" \/><\/figure><\/div>\n\n\n\n<p style=\"text-align:center\" class=\"has-small-font-size\"><strong>Salle des Landes, rue de Rennes 35650 Le Rheu <br>Salle La Flume, 4 avenue de la Bouvardi\u00e8re, 35650 Le Rheu &#8211; Participation libre  <br>Renseignements : Avant deux du Rheu, 06.61.36.48.14 -avant2durheu@gmx.fr  <\/strong><\/p>\n\n\n\n<div style=\"height:100px\" aria-hidden=\"true\" class=\"wp-block-spacer\"><\/div>\n\n\n\n<p class=\"has-medium-font-size\"><strong>Soir\u00e9e contes en gallo<\/strong><\/p>\n\n\n\n<p>Daniel Robert\u2026 de Saint P\u00e8re Marc en Poulet est connu de ceux et celles qui s&rsquo;int\u00e9ressent au conte en Gallo. Joyeux et impertinent, il a le pouvoir de mettre en conte tout ce qui se pr\u00e9sente. Fervent protecteur de la langue gall\u00e8se, il l&rsquo;utilise dans toutes ses facettes : conte, menterie, dierie, br\u00e8ve de comptoir, sc\u00e8nes de th\u00e9\u00e2tre\u2026 Plusieurs fois prim\u00e9 au concours de la Bogue d&rsquo;Or, il ravira petits et grands par ses contes riches de gallo. <br>\nD\u00e9dicace de Daniel Robert pour son livre \u00ab\u00a0I tet ene fai de temp\u2026 Conteries e istoueres en galo\u00a0\u00bb<br>\nLes conteurs de Gallo Tonic assureront la premi\u00e8re partie de soir\u00e9e et vous donneront peut-\u00eatre envie de rejoindre notre atelier de conte.<\/p>\n\n\n\n<div class=\"wp-block-image\"><figure class=\"aligncenter\"><img loading=\"lazy\" decoding=\"async\" width=\"1024\" height=\"683\" src=\"http:\/\/www.sevenadur.org\/2019\/wp-content\/uploads\/sites\/6\/2019\/01\/soiree_conte_gallo_02-1024x683.jpg\" alt=\"\" class=\"wp-image-242\" srcset=\"http:\/\/www.sevenadur.org\/2019\/wp-content\/uploads\/sites\/6\/2019\/01\/soiree_conte_gallo_02-1024x683.jpg 1024w, http:\/\/www.sevenadur.org\/2019\/wp-content\/uploads\/sites\/6\/2019\/01\/soiree_conte_gallo_02-300x200.jpg 300w, http:\/\/www.sevenadur.org\/2019\/wp-content\/uploads\/sites\/6\/2019\/01\/soiree_conte_gallo_02-768x512.jpg 768w, http:\/\/www.sevenadur.org\/2019\/wp-content\/uploads\/sites\/6\/2019\/01\/soiree_conte_gallo_02.jpg 2048w\" sizes=\"auto, (max-width: 1024px) 100vw, 1024px\" \/><\/figure><\/div>\n\n\n\n<p style=\"text-align:center\" class=\"has-small-font-size\"><strong>Relais des Cultures, Erc\u00e9-pr\u00e8s-Liffr\u00e9 (pr\u00e8s de la mairie) &#8211; \u00e0 partir de 20h30,  gratuit. Renseignement : 02 99 23 54 57 &#8211; gallotonic@orange.fr &#8211; http:\/\/gallotonic.org <\/strong>  <\/p>\n\n\n\n<div style=\"height:100px\" aria-hidden=\"true\" class=\"wp-block-spacer\"><\/div>\n\n\n\n<p class=\"has-medium-font-size\"><strong>Atelier culinaire autour des plats de f\u00eate, d&rsquo;Afrique et de Bretagne<\/strong><\/p>\n\n\n\n<div style=\"height:20px\" aria-hidden=\"true\" class=\"wp-block-spacer\"><\/div>\n\n\n\n<p> Au menu, maf\u00e9 et cr\u00eapes bretonnes ! <\/p>\n\n\n\n<div style=\"height:20px\" aria-hidden=\"true\" class=\"wp-block-spacer\"><\/div>\n\n\n\n<p style=\"text-align:center\" class=\"has-small-font-size\"><strong>L&rsquo;atelier d\u00e9butera vers 15h30. Repas pr\u00e9vu vers 20h<\/strong> <br><strong>Ferme de La Harpe, avenue Germaine et Charles Tillon 35000 Rennes <\/strong> <\/p>\n\n\n\n<div style=\"height:100px\" aria-hidden=\"true\" class=\"wp-block-spacer\"><\/div>\n\n\n\n<p class=\"has-text-color has-background has-large-font-size has-vivid-red-color has-luminous-vivid-amber-background-color\"><strong>Dimanche 17 mars<\/strong><\/p>\n\n\n\n<div style=\"height:20px\" aria-hidden=\"true\" class=\"wp-block-spacer\"><\/div>\n\n\n\n<p class=\"has-medium-font-size\"><strong>Chaudron d&rsquo;Orties &#8211; Spectacle autour d&rsquo;une soupe<\/strong><\/p>\n\n\n\n<p>Marie Chiff\u2019mine a des mots, des contes et des chansons pour chaque l\u00e9gume : pomme de terre, \u00e9chalotes et m\u00eame pour ce l\u00e9gume pr\u00e9historisque qu\u2019est l\u2019ortie. Le chaudron r\u00e9sonne d\u2019histoires de plantes. Voil\u00e0 une SOUPE D\u2019ORTIES \u00e0 go\u00fbter dans tous les sens qu\u2019ils soient d\u2019oreille, de l\u2019\u0153il, du nez, de la main et de la bouche ! A l\u2019issue du spectacle, la soupe se d\u00e9guste \u00e0 l\u2019unisson.<br> <\/p>\n\n\n\n<div style=\"height:20px\" aria-hidden=\"true\" class=\"wp-block-spacer\"><\/div>\n\n\n\n<p> \u00a0\u00bb Qu\u2019est-ce qui br\u00fble un peu<br> Et qui n\u2019est pas du feu ?<br> Qu\u2019est-ce qui pique<br> Et qui n\u2019est pas un moustique ? \u00bb<br> L\u2019ortie se fait belle ! Elle est en sortie !<br> Assortie de contes, d\u2019histoires, de textes slam, de chants, la soupe mijote !<br> A table ! \u00ab\u00a0<\/p>\n\n\n\n<div class=\"wp-block-image\"><figure class=\"aligncenter\"><img loading=\"lazy\" decoding=\"async\" width=\"1024\" height=\"683\" src=\"http:\/\/www.sevenadur.org\/2019\/wp-content\/uploads\/sites\/6\/2019\/01\/DSCF2337-1024x683.jpg\" alt=\"\" class=\"wp-image-268\" srcset=\"http:\/\/www.sevenadur.org\/2019\/wp-content\/uploads\/sites\/6\/2019\/01\/DSCF2337-1024x683.jpg 1024w, http:\/\/www.sevenadur.org\/2019\/wp-content\/uploads\/sites\/6\/2019\/01\/DSCF2337-300x200.jpg 300w, http:\/\/www.sevenadur.org\/2019\/wp-content\/uploads\/sites\/6\/2019\/01\/DSCF2337-768x512.jpg 768w\" sizes=\"auto, (max-width: 1024px) 100vw, 1024px\" \/><\/figure><\/div>\n\n\n\n<p style=\"text-align:center\" class=\"has-small-font-size\"><strong>Maison Saint Cyr, 59 rue Papu 35000 Rennes &#8211; \u00e0 partir de 15h, gratuit.   Renseignement : Maison Saint Cyr &#8211; 02 99 59 48 80<\/strong><\/p>\n\n\n\n<div style=\"height:100px\" aria-hidden=\"true\" class=\"wp-block-spacer\"><\/div>\n\n\n\n<p class=\"has-medium-font-size\"><strong>Le forum des cultures &#8211; Journ\u00e9es de cl\u00f4ture<\/strong><\/p>\n\n\n\n<p>\nLe Forum des cultures cl\u00f4t les rencontres Sevenadur. C\u2019est une grande f\u00eate o\u00f9 les partenaires associatifs ayant particip\u00e9 aux journ\u00e9es Sevenadur. etc., pour c\u00e9l\u00e9brer, danser, se rencontrer, \u00e9couter de la musique, manger. Concerts, chants des \u00e9l\u00e8ves des \u00e9coles bilingues fran\u00e7ais-bretons et autres animations sont au programme.\n\n<\/p>\n\n\n\n<div class=\"wp-block-image\"><figure class=\"aligncenter\"><img loading=\"lazy\" decoding=\"async\" width=\"1024\" height=\"681\" src=\"http:\/\/www.sevenadur.org\/2019\/wp-content\/uploads\/sites\/6\/2019\/01\/JMC0190-1024x681.jpg\" alt=\"\" class=\"wp-image-272\" srcset=\"http:\/\/www.sevenadur.org\/2019\/wp-content\/uploads\/sites\/6\/2019\/01\/JMC0190-1024x681.jpg 1024w, http:\/\/www.sevenadur.org\/2019\/wp-content\/uploads\/sites\/6\/2019\/01\/JMC0190-300x200.jpg 300w, http:\/\/www.sevenadur.org\/2019\/wp-content\/uploads\/sites\/6\/2019\/01\/JMC0190-768x511.jpg 768w, http:\/\/www.sevenadur.org\/2019\/wp-content\/uploads\/sites\/6\/2019\/01\/JMC0190.jpg 1600w\" sizes=\"auto, (max-width: 1024px) 100vw, 1024px\" \/><\/figure><\/div>\n\n\n\n<p style=\"text-align:center\" class=\"has-small-font-size\"><strong>Halle Martenot, Place des Lices 35000 Rennes &#8211; 14h-18h, gratuit. Renseignement : Cercle Celtique de Rennes &#8211; 02.99.54.36.45<\/strong><\/p>\n\n\n\n<div style=\"height:100px\" aria-hidden=\"true\" class=\"wp-block-spacer\"><\/div>\n\n\n\n<p class=\"has-background has-luminous-vivid-amber-background-color\"><strong>Et tous les mercredis, retrouvez la traditionnelle <em>Session irlandaise<\/em> du  Mod Koz ! En compagnie des musiciens R\u00e9mi Bouguennec, Ronan Pellen et  d\u2019autres aficionados\u2026 L\u2019occasion d\u2019\u00e9couter la plus incroyable musique irlandaise de l\u2019ouest !<\/strong><\/p>\n\n\n\n<div class=\"wp-block-image\"><figure class=\"aligncenter\"><img loading=\"lazy\" decoding=\"async\" width=\"1024\" height=\"614\" src=\"http:\/\/www.sevenadur.org\/2019\/wp-content\/uploads\/sites\/6\/2019\/01\/mod-koz-2-1024x614.jpg\" alt=\"\" class=\"wp-image-274\" srcset=\"http:\/\/www.sevenadur.org\/2019\/wp-content\/uploads\/sites\/6\/2019\/01\/mod-koz-2-1024x614.jpg 1024w, http:\/\/www.sevenadur.org\/2019\/wp-content\/uploads\/sites\/6\/2019\/01\/mod-koz-2-300x180.jpg 300w, http:\/\/www.sevenadur.org\/2019\/wp-content\/uploads\/sites\/6\/2019\/01\/mod-koz-2-768x461.jpg 768w, http:\/\/www.sevenadur.org\/2019\/wp-content\/uploads\/sites\/6\/2019\/01\/mod-koz-2.jpg 2048w\" sizes=\"auto, (max-width: 1024px) 100vw, 1024px\" \/><\/figure><\/div>\n\n\n\n<p style=\"text-align:center\" class=\"has-small-font-size\"><strong> <\/strong> <br><strong>Mod Koz &#8211; 3 bis rue Jean-Marie Duhamel 35000 Rennes. A partir de 21h30, gratuit.&nbsp;Renseignements&nbsp;:&nbsp;02.99.52.86.91<\/strong> <\/p>\n\n\n\n<p class=\"has-small-font-size\"><strong><br><\/strong><\/p>\n","protected":false},"excerpt":{"rendered":"<p>Mercredi 20 f\u00e9vrier Veill\u00e9e chants, contes et po\u00e8mes Cette ann\u00e9e la soir\u00e9e biblioth\u00e8que accueillera une veill\u00e9e autour des r\u00e9pertoires traditionnels de Bretagne. Au programme : chants, contes, po\u00e8mes\u2026 Pas de t\u00eate d\u2019affiche, vous \u00eates tous invit\u00e9s \u00e0 intervenir au cours &hellip; <a href=\"http:\/\/www.sevenadur.org\/2019\/programmation\/\">Continuer la lecture <span class=\"meta-nav\">&rarr;<\/span><\/a><\/p>\n","protected":false},"author":4,"featured_media":0,"parent":0,"menu_order":0,"comment_status":"closed","ping_status":"closed","template":"","meta":{"_vp_format_video_url":"","_vp_image_focal_point":[],"footnotes":""},"class_list":["post-11","page","type-page","status-publish","hentry"],"_links":{"self":[{"href":"http:\/\/www.sevenadur.org\/2019\/wp-json\/wp\/v2\/pages\/11","targetHints":{"allow":["GET"]}}],"collection":[{"href":"http:\/\/www.sevenadur.org\/2019\/wp-json\/wp\/v2\/pages"}],"about":[{"href":"http:\/\/www.sevenadur.org\/2019\/wp-json\/wp\/v2\/types\/page"}],"author":[{"embeddable":true,"href":"http:\/\/www.sevenadur.org\/2019\/wp-json\/wp\/v2\/users\/4"}],"replies":[{"embeddable":true,"href":"http:\/\/www.sevenadur.org\/2019\/wp-json\/wp\/v2\/comments?post=11"}],"version-history":[{"count":96,"href":"http:\/\/www.sevenadur.org\/2019\/wp-json\/wp\/v2\/pages\/11\/revisions"}],"predecessor-version":[{"id":404,"href":"http:\/\/www.sevenadur.org\/2019\/wp-json\/wp\/v2\/pages\/11\/revisions\/404"}],"wp:attachment":[{"href":"http:\/\/www.sevenadur.org\/2019\/wp-json\/wp\/v2\/media?parent=11"}],"curies":[{"name":"wp","href":"https:\/\/api.w.org\/{rel}","templated":true}]}}