{"id":67,"date":"2017-12-06T16:34:23","date_gmt":"2017-12-06T15:34:23","guid":{"rendered":"http:\/\/www.sevenadur.org\/2018\/?page_id=67"},"modified":"2018-02-13T12:29:14","modified_gmt":"2018-02-13T11:29:14","slug":"jeunesse","status":"publish","type":"page","link":"http:\/\/www.sevenadur.org\/2018\/jeunesse\/","title":{"rendered":"Jeunesse"},"content":{"rendered":"<p><span style=\"font-family: 'Trebuchet MS', Geneva;font-size: 14pt;color: #003366\"><strong>Les journ\u00e9es\u00a0<\/strong><strong>Sevenadur Enfants et Kiffe ta Breizh pour les ados<\/strong><\/span><\/p>\n<p>&nbsp;<\/p>\n<p><span style=\"font-family: 'Trebuchet MS', Geneva;font-size: 10pt;color: #000000\">Chaque ann\u00e9e, le Cercle Celtique de Rennes organise aux vacances d\u2019Hiver les journ\u00e9es enfants Sevenadur pour les 6-10 ans et Kiffe ta Breizh pour les adolescents entre 11 et 17 ans. Ces journ\u00e9es sont d\u00e9di\u00e9es \u00e0 la sensibilisation \u00e0 notre patrimoine culturel immat\u00e9riel et aux rencontres interculturelles gr\u00e2ce aux diff\u00e9rentes cultures pr\u00e9sentes sur le territoire.<\/span><\/p>\n<p>&nbsp;<\/p>\n<p><span style=\"font-family: 'Trebuchet MS', Geneva;font-size: 10pt;color: #000000\">L\u2019id\u00e9e est de sensibiliser les enfants au patrimoine local en permettant une ouverture vers la diversit\u00e9 culturelle et ce, tout en s\u2019amusant.<\/span><\/p>\n<p><span style=\"font-family: 'Trebuchet MS', Geneva;font-size: 10pt;color: #000000\">Cette ann\u00e9e le th\u00e8me de Sevenadur est la main. Nous avons choisi de d\u00e9cliner ce th\u00e8me par la transmission de savoir faire, la rencontre et le partage, la musique, la danse et les jeux traditionnels.<\/span><\/p>\n<p>&nbsp;<\/p>\n<p><span style=\"font-family: 'Trebuchet MS', Geneva;font-size: 10pt\"><span style=\"color: #000000\">T\u00e9l\u00e9chargez le bulletin d&rsquo;inscription et le programme enfants<\/span>\u00a0<a href=\"http:\/\/www.sevenadur.org\/2018\/wp-content\/uploads\/sites\/5\/2018\/02\/Programme-enfant-Sevenadur2018.indd_.pdf\">ICI<\/a> !<\/span><\/p>\n<h3><\/h3>\n<p>&nbsp;<\/p>\n<h3><span style=\"color: #003366;font-size: 14pt;font-family: 'Trebuchet MS', Geneva\">Mercredi 28 f\u00e9vrier<\/span><\/h3>\n<p><span style=\"font-family: 'Trebuchet MS', Geneva;color: #003366\">Atelier de broderie<\/span><\/p>\n<p><span style=\"font-family: 'Trebuchet MS', Geneva;color: #003366\"><span style=\"font-size: 10pt;color: #000000\"><b><img loading=\"lazy\" decoding=\"async\" class=\"size-full wp-image-899 alignleft\" src=\"http:\/\/www.sevenadur.org\/2018\/wp-content\/uploads\/sites\/5\/2018\/01\/broderie_enfants.jpg\" alt=\"\" width=\"224\" height=\"191\" \/>Cercle Celtique, Ferme de la Harpe, Rennes<span style=\"color: #000000\"> \u2666<\/span>\u00a0<\/b><b>9h30 &#8211; 17h (accueil possible de 9h \u00e0 18h)<span style=\"color: #000000\"> \u2666<\/span>\u00a0<\/b><b>10\u20ac <span style=\"color: #000000\">\u2666<\/span>\u00a0<\/b><b>\u00e0 partir de 8 ans<\/b><span style=\"color: #003366\"><b><span style=\"color: #000000\"> \u2666<\/span>\u00a0<\/b><\/span><b>Renseignements et inscriptions : 02 99 54 36 45 &#8211; mediation@cercleceltiquederennes.org <span style=\"color: #000000\">\u2666<\/span>\u00a0<\/b><b>Inscription \u00e0 la journ\u00e9e &#8211; pr\u00e9voir le pique-nique<\/b><\/span><\/span><\/p>\n<p><span style=\"font-size: 12pt\"><span style=\"font-family: 'Trebuchet MS', Geneva\">Youpi ! C&rsquo;est l&rsquo;atelier de broderie !<\/span><\/span><\/p>\n<p><span style=\"font-weight: 400;font-family: 'Trebuchet MS', Geneva;font-size: 10pt\">Accompagn\u00e9s par les brodeuses du Cercle Celtique, les enfants r\u00e9alisent une broderie originale et font ainsi revivre ce savoir-faire ancien en l\u2019adaptant \u00e0 leurs go\u00fbts.\u00a0<\/span><\/p>\n<p><span style=\"font-family: 'Trebuchet MS', Geneva;font-size: 10pt\"><strong>On pique, et on tire, on perle&#8230; et surprise\u00a0! On cr\u00e9e une \u0153uvre collective\u00a0!<\/strong><\/span><\/p>\n<p><span style=\"color: #008080;font-family: 'Trebuchet MS', Geneva;font-size: 8pt\"><em><strong>Org. : p\u00f4le m\u00e9diation du Cercle Celtique de Rennes<\/strong><\/em><\/span><\/p>\n<p>&nbsp;<\/p>\n<p>&nbsp;<\/p>\n<p><span style=\"font-family: 'Trebuchet MS', Geneva;color: #003366\">Quand la Br<\/span><span style=\"font-family: 'Trebuchet MS', Geneva;color: #003366\">etagne et l&rsquo;Afrique se rencontrent&#8230;<\/span><\/p>\n<p>&nbsp;<\/p>\n<p><span style=\"font-family: 'Trebuchet MS', Geneva;font-size: 10pt;color: #000000\"><b>Cercle celtique, Ferme de la Harpe, Rennes \u2666\u00a0\u00a0<\/b><b>9h30 &#8211; 17h (accueil possible de 9h \u00e0 18h) \u2666\u00a0\u00a0<\/b><b>5\u20ac + 2 tickets de m\u00e9tro \u2666\u00a0<\/b><b>\u00a0\u00e0 partir de 6 ans \u2666 Renseignements et inscriptions : 02 99 54 36 45 &#8211; mediation@cercleceltiquederennes.org \u2666\u00a0<\/b><b>Inscription \u00e0 la journ\u00e9e &#8211; pr\u00e9voir le pique-nique<\/b><\/span><\/p>\n<p><span style=\"font-family: 'Trebuchet MS', Geneva;font-size: 10pt\">C\u2019est un voyage \u00e0 travers les cultures africaines que l\u2019on te propose tout au long de cette journ\u00e9e. Des objets africains et bretons se sont invit\u00e9s au mus\u00e9e des beaux arts, allons donc y jeter un \u0153il. Le wombi\u00a0? Qu\u2019est-ce donc que cela\u00a0?<\/span><\/p>\n<p><span style=\"font-family: 'Trebuchet MS', Geneva;font-size: 10pt\">Les langues, les tissus, la musique, autant de sujets abord\u00e9s qui \u00e9veilleront les enfants\u2026. Apr\u00e8s l\u2019inspiration place \u00e0 la cr\u00e9ation\u00a0:\u00a0 ciseaux en main, colle, fil et tissus pour une rencontre d\u00e9tonante entre les \u00e9l\u00e9ments du costume traditionnel africain et breton.<\/span><\/p>\n<p><span style=\"font-family: 'Trebuchet MS', Geneva;font-size: 10pt\">Et pourquoi pas un costume afro breton\u00a0?\u00a0 Si, si ! On fait le pari avec Lecy cr\u00e9a, cr\u00e9atrice contemporaine qui a d\u00e9j\u00e0 pleins d\u2019id\u00e9es \u00e0 transmettre.<\/span><\/p>\n<p><span style=\"font-family: 'Trebuchet MS', Geneva;font-size: 8pt;color: #008080\"><em><strong>Org. : p\u00f4le m\u00e9diation du Cercle Celtique de Rennes, en partenariat avec le Mus\u00e9e des Beaux Arts<\/strong><\/em><\/span><\/p>\n<p>&nbsp;<\/p>\n<p>&nbsp;<\/p>\n<h3><span style=\"color: #003366;font-size: 14pt;font-family: 'Trebuchet MS', Geneva\">Jeudi 01 mars<\/span><\/h3>\n<p><span style=\"font-family: 'Trebuchet MS', Geneva;color: #003366\">Cap sur la Roumanie<\/span><\/p>\n<p>&nbsp;<\/p>\n<p><span style=\"font-family: 'Trebuchet MS', Geneva;font-size: 10pt;color: #000000\"><b><img loading=\"lazy\" decoding=\"async\" class=\"alignright wp-image-923\" src=\"http:\/\/www.sevenadur.org\/2018\/wp-content\/uploads\/sites\/5\/2018\/01\/martisor-300x225.jpg\" alt=\"\" width=\"232\" height=\"174\" srcset=\"http:\/\/www.sevenadur.org\/2018\/wp-content\/uploads\/sites\/5\/2018\/01\/martisor-300x225.jpg 300w, http:\/\/www.sevenadur.org\/2018\/wp-content\/uploads\/sites\/5\/2018\/01\/martisor.jpg 500w\" sizes=\"auto, (max-width: 232px) 100vw, 232px\" \/>Cercle Celtique, Ferme de la Harpe, Rennes\u00a0\u2666\u00a0<\/b><b>9h30 &#8211; 17h\u00a0(accueil possible de 9h \u00e0 18h)\u00a0<span style=\"color: #000000\"><strong><span style=\"font-family: 'Trebuchet MS', Geneva\">\u2666<\/span><\/strong><\/span><\/b><b>\u00a05\u20ac <strong><span style=\"font-family: 'Trebuchet MS', Geneva\">\u2666<\/span><\/strong><\/b><b>\u00a0\u00e0 partir de 6 ans <span style=\"color: #000000\"><strong><span style=\"font-family: 'Trebuchet MS', Geneva\">\u2666<\/span><\/strong><\/span><\/b><b>\u00a0<\/b><b>Renseignements et inscriptions : 02 99 54 36 45 &#8211; mediation@cercleceltiquederennes.org <strong><span style=\"font-family: 'Trebuchet MS', Geneva\">\u2666<\/span><\/strong><\/b><b>\u00a0<\/b><b>Inscription \u00e0 la journ\u00e9e &#8211; pr\u00e9voir le pique-nique<\/b><\/span><\/p>\n<p><span style=\"color: #333333;font-family: 'Trebuchet MS', Geneva\">Le pouvoir magique de MARTISOR et la f\u00eate du printemps en Roumanie\u00a0!<\/span><\/p>\n<p><span style=\"font-family: 'Trebuchet MS', Geneva;font-size: 10pt\">En partenariat avec Solidarit\u00e9 35 Roumanie, Raluca nous racontera tout sur cette l\u00e9gende roumaine et les coutumes associ\u00e9es \u00e0 la f\u00eate du Printemps en proposant des activit\u00e9s manuelles et culinaires.\u00a0<\/span><span style=\"font-family: 'Trebuchet MS', Geneva;font-size: 10pt\">L\u2019apr\u00e8s midi sera consacr\u00e9e\u00a0\u00e0 la d\u00e9couverte des\u00a0 jeux traditionnels du monde de la Roumanie et de la Bretagne\u2026<\/span><\/p>\n<p><span style=\"font-family: 'Trebuchet MS', Geneva;font-size: 8pt;color: #008080\"><em><strong>Org. : p\u00f4le m\u00e9diation du Cercle Celtique de Rennes, Solidarit\u00e9 35 Roumanie<\/strong><\/em><\/span><\/p>\n<p>&nbsp;<\/p>\n<p>&nbsp;<\/p>\n<p>&nbsp;<\/p>\n<p><span style=\"font-family: 'Trebuchet MS', Geneva\"><span style=\"color: #003366\"><img loading=\"lazy\" decoding=\"async\" class=\" wp-image-896 alignleft\" src=\"http:\/\/www.sevenadur.org\/2018\/wp-content\/uploads\/sites\/5\/2018\/01\/lecy-cr\u00e9a-225x300.jpg\" alt=\"\" width=\"181\" height=\"242\" srcset=\"http:\/\/www.sevenadur.org\/2018\/wp-content\/uploads\/sites\/5\/2018\/01\/lecy-cr\u00e9a-225x300.jpg 225w, http:\/\/www.sevenadur.org\/2018\/wp-content\/uploads\/sites\/5\/2018\/01\/lecy-cr\u00e9a-768x1024.jpg 768w, http:\/\/www.sevenadur.org\/2018\/wp-content\/uploads\/sites\/5\/2018\/01\/lecy-cr\u00e9a.jpg 2000w\" sizes=\"auto, (max-width: 181px) 100vw, 181px\" \/>Performance artistique avec Lecy Cr\u00e9a<\/span><\/span><\/p>\n<p><span style=\"font-family: 'Trebuchet MS', Geneva;font-size: 10pt;color: #000000\"><b>Cercle Celtique, Ferme de la Harpe, Rennes\u00a0\u2666<\/b><b>\u00a09h30 &#8211; 17h\u00a0(accueil possible de 9h \u00e0 18h) \u2666<\/b><b>\u00a010\u20ac\u00a0\u2666<\/b><b>\u00a0<\/b><b>\u00e0 partir de 10 ans<\/b><b>\u00a0\u2666<\/b><b>\u00a0Renseignements et inscriptions : 02 99 54 36 45 &#8211; mediation@cercleceltiquederennes.org\u00a0\u2666<\/b><b>\u00a0<\/b><b>Inscription \u00e0 la journ\u00e9e &#8211; pr\u00e9voir le pique-nique<\/b><\/span><\/p>\n<p><span style=\"font-family: 'Trebuchet MS', Geneva\">Bienvenue dans le monde de la cr\u00e9ation\u00a0!<\/span><\/p>\n<p><span style=\"font-family: 'Trebuchet MS', Geneva;font-size: 10pt\"><strong>Lecy cr\u00e9a<\/strong> est une cr\u00e9atrice contemporaine qui viendra r\u00e9aliser avec les enfants, une coiffe d\u00e9tonante et interculturelle !\u00a0 Dans les coulisses du monde de la cr\u00e9ation, Lecy transmettra son savoir faire et ses astuces pour assembler tout un costume.<\/span><\/p>\n<p><span style=\"font-family: 'Trebuchet MS', Geneva;font-size: 8pt;color: #008080\">\u00a0<em><strong>Org. : p\u00f4le m\u00e9diation du Cercle Celtique de Rennes<\/strong><\/em><\/span><\/p>\n<p>&nbsp;<\/p>\n<p>&nbsp;<\/p>\n<p>&nbsp;<\/p>\n<h3><span style=\"color: #003366;font-size: 14pt;font-family: 'Trebuchet MS', Geneva\">Vendredi 02 mars<\/span><\/h3>\n<p><span style=\"font-family: 'Trebuchet MS', Geneva;color: #003366\">La f\u00eate des couleurs en Inde<\/span><\/p>\n<p>&nbsp;<\/p>\n<p><span style=\"font-size: 10pt;font-family: 'Trebuchet MS', Geneva;color: #000000\"><b><img loading=\"lazy\" decoding=\"async\" class=\"alignright size-medium wp-image-921\" src=\"http:\/\/www.sevenadur.org\/2018\/wp-content\/uploads\/sites\/5\/2018\/01\/couelurs-indiennes-300x225.jpg\" alt=\"\" width=\"300\" height=\"225\" srcset=\"http:\/\/www.sevenadur.org\/2018\/wp-content\/uploads\/sites\/5\/2018\/01\/couelurs-indiennes-300x225.jpg 300w, http:\/\/www.sevenadur.org\/2018\/wp-content\/uploads\/sites\/5\/2018\/01\/couelurs-indiennes.jpg 720w\" sizes=\"auto, (max-width: 300px) 100vw, 300px\" \/>Cercle Celtique, Ferme de la Harpe, Rennes \u2666<\/b><b>\u00a09h30 &#8211; 17h\u00a0(accueil possible de 9h \u00e0 18h) \u2666<\/b><b>\u00a05\u20ac \u2666<\/b><b>\u00a0\u00e0 partir de 6 ans \u2666<\/b><b>\u00a0<\/b><b>Renseignements et inscriptions : 02 99 54 36 45 &#8211; mediation@cercleceltiquederennes.org \u2666<\/b><b>\u00a0<\/b><b>Inscription \u00e0 la journ\u00e9e &#8211; pr\u00e9voir le pique-nique<\/b><\/span><\/p>\n<p><span style=\"font-family: 'Trebuchet MS', Geneva;font-size: 10pt\">De retour d\u2019Inde, Deepali nous parlera de sa culture, pr\u00e9sentera le Holi et\u00a0 nous expliquera tout sur cette f\u00eate populaire des couleurs en Inde qui c\u00e9l\u00e8bre l\u2019arriv\u00e9e du printemps\u00a0!<\/span><strong>\u00a0<\/strong><span style=\"font-family: 'Trebuchet MS', Geneva;font-size: 10pt\">On pourra alors s\u2019essayer au rangoli\u00a0:<\/span><\/p>\n<p><span style=\"font-family: 'Trebuchet MS', Geneva;font-size: 10pt\">Un art indien auquel les enfants pourront\u00a0 s\u2019essayer dans le cadre d\u2019une cr\u00e9ation\u00a0 m\u00e9langeant des couleurs naturelles et des motifs\u2026. bretons\u00a0.<\/span><\/p>\n<p><span style=\"font-family: 'Trebuchet MS', Geneva;font-size: 10pt\">Ce sera aussi l\u2019occasion de d\u00e9couvrir quelques pas de danses sur des rythmes indiens pour se pr\u00e9parer \u00e0 la soir\u00e9e \u00ab\u00a0Un avant-go\u00fbt de Holi\u00a0\u00bb .<\/span><\/p>\n<p><span style=\"font-family: 'Trebuchet MS', Geneva;font-size: 8pt;color: #008080\"><em><strong>Org. : p\u00f4le m\u00e9diation du Cercle Celtique de Rennes<\/strong><\/em><\/span><\/p>\n<p>&nbsp;<\/p>\n<p>&nbsp;<\/p>\n<p><span style=\"font-family: 'Trebuchet MS', Geneva;color: #003366\">Stage de musique d&rsquo;ensemble enfant avec Delphine Florez<\/span><\/p>\n<p>&nbsp;<\/p>\n<p><img loading=\"lazy\" decoding=\"async\" class=\" wp-image-670 alignnone\" src=\"http:\/\/www.sevenadur.org\/2018\/wp-content\/uploads\/sites\/5\/2018\/01\/delphine-florez-ensemble-300x111.jpg\" alt=\"\" width=\"327\" height=\"121\" srcset=\"http:\/\/www.sevenadur.org\/2018\/wp-content\/uploads\/sites\/5\/2018\/01\/delphine-florez-ensemble-300x111.jpg 300w, http:\/\/www.sevenadur.org\/2018\/wp-content\/uploads\/sites\/5\/2018\/01\/delphine-florez-ensemble-768x284.jpg 768w, http:\/\/www.sevenadur.org\/2018\/wp-content\/uploads\/sites\/5\/2018\/01\/delphine-florez-ensemble.jpg 851w\" sizes=\"auto, (max-width: 327px) 100vw, 327px\" \/><\/p>\n<p><span style=\"font-family: 'Trebuchet MS', Geneva;font-size: 10pt;color: #000000\"><b>Cercle Celtique, Ferme de la Harpe, Rennes \u2666<\/b><b>\u00a09h30 &#8211; 17h\u00a0(accueil possible de 9h \u00e0 18h) \u2666<\/b><b>\u00a010\u20ac \u2666<\/b><b>\u00a0<\/b><b>\u00e0 partir de 10 ans<\/b><b> \u2666<\/b><b>\u00a0Renseignements et inscriptions : 02 99 54 36 45 &#8211; mediation@cercleceltiquederennes.org \u2666<\/b><b>\u00a0<\/b><b>Inscription \u00e0 la journ\u00e9e &#8211; pr\u00e9voir le pique-nique<\/b><\/span><\/p>\n<p><span style=\"font-weight: 400;font-family: 'Trebuchet MS', Geneva;font-size: 10pt\">Encadr\u00e9s par Delphine Florez, professeur du Cercle Celtique de Rennes, les jeunes musiciens (ayant au minimum deux ou trois ans de pratique musicale) travailleront un morceau en commun qu\u2019ils pourront restituer dans le cadre de la soir\u00e9e \u201cUn avant go\u00fbt de Holi\u201d.<\/span><\/p>\n<p><span style=\"font-family: 'Trebuchet MS', Geneva;font-size: 8pt;color: #008080\"><em><strong>Org. : p\u00f4le m\u00e9diation du Cercle Celtique de Rennes<\/strong><\/em><\/span><\/p>\n<p>&nbsp;<\/p>\n<p>&nbsp;<\/p>\n<p><span style=\"font-family: 'Trebuchet MS', Geneva;color: #003366\">Kiffe ta Breizh\u00a0qui rencontre l&rsquo;Inde !<\/span><\/p>\n<p>&nbsp;<\/p>\n<p><span style=\"font-family: 'Trebuchet MS', Geneva;font-size: 10pt;color: #000000\"><b>Cercle Celtique, Ferme de la Harpe, Rennes \u2666<\/b><b>\u00a014h &#8211; 23h \u2666<\/b><b>\u00a05\u20ac \u2666<\/b><b>\u00a0<\/b><b>\u00e0 partir de 11 ans<\/b><b>\u00a0\u2666<\/b><b>\u00a0Renseignements et inscriptions : 02 99 54 36 45 &#8211; mediation@cercleceltiquederennes.org\u00a0<\/b><\/span><\/p>\n<p><span style=\"font-size: 12pt\"><span style=\"font-family: 'Trebuchet MS', Geneva\">Vous saurez tout sur le Holi et la f\u00eate des couleurs indienne\u00a0\u00a0!<\/span><\/span><\/p>\n<p><span style=\"font-family: 'Trebuchet MS', Geneva;font-size: 10pt\">A vos tabliers\u00a0&#8230;pour une s\u00e9ance\u00a0 d\u2019atelier culinaire de cuisine indienne avec Deepali qui vous d\u00e9voilera peut-\u00eatre quelques uns de ses secrets de cuisine.\u00a0<\/span><span style=\"font-family: 'Trebuchet MS', Geneva;font-size: 10pt\">Dans cette id\u00e9e vous serez les organisateurs de la soir\u00e9e d\u2019avant Holi depuis sa d\u00e9coration jusqu\u2019au catering de sa programmation avec un invit\u00e9 d\u2019honneur\u00a0!<\/span><\/p>\n<p><span style=\"color: #008080;font-size: 8pt;font-family: 'Trebuchet MS', Geneva\"><em><strong>Org. : p\u00f4le m\u00e9diation du Cercle Celtique de Rennes<\/strong><\/em><\/span><\/p>\n<p>&nbsp;<\/p>\n<p>&nbsp;<\/p>\n<p><span style=\"font-family: 'Trebuchet MS', Geneva;color: #003366\"><img loading=\"lazy\" decoding=\"async\" class=\" wp-image-1053 alignleft\" src=\"http:\/\/www.sevenadur.org\/2018\/wp-content\/uploads\/sites\/5\/2018\/02\/affiche_holi2-212x300.jpg\" alt=\"\" width=\"192\" height=\"272\" srcset=\"http:\/\/www.sevenadur.org\/2018\/wp-content\/uploads\/sites\/5\/2018\/02\/affiche_holi2-212x300.jpg 212w, http:\/\/www.sevenadur.org\/2018\/wp-content\/uploads\/sites\/5\/2018\/02\/affiche_holi2.jpg 596w\" sizes=\"auto, (max-width: 192px) 100vw, 192px\" \/>Un avant go\u00fbt de Holi !<\/span><\/p>\n<p>&nbsp;<\/p>\n<p><span style=\"font-family: 'Trebuchet MS', Geneva;font-size: 10pt;color: #000000\"><b>Cercle Celtique, Ferme de la Harpe, Rennes \u2666<\/b><b>\u00a020h &#8211; 23h \u2666<\/b><b>\u00a0Gratuit\u00a0\u2666<\/b><b>\u00a0Renseignements et inscriptions : 02 99 54 36 45 &#8211; mediation@cercleceltiquederennes.org<\/b><\/span><\/p>\n<p><span style=\"font-family: 'Trebuchet MS', Geneva;font-size: 10pt\">Parents, amis, enfants et curieux sont invit\u00e9s \u00e0 partager une soir\u00e9e contes au coin du feu dans l\u2019esprit de la f\u00eate indienne d\u2019avant Holi, o\u00f9 musiciens et danseurs \u00ab<strong>\u00a0<\/strong>brezhoneg &amp; guests\u00a0<strong>\u00bb<\/strong>\u00a0se retrouveront pour cl\u00f4turer ces journ\u00e9es enfants dans la joie et la bonne humeur\u00a0!<\/span><\/p>\n<p><span style=\"font-family: 'Trebuchet MS', Geneva;font-size: 8pt;color: #008080\"><em><strong>Org. : p\u00f4le m\u00e9diation du Cercle Celtique de Rennes<\/strong><\/em><\/span><\/p>\n<p>&nbsp;<\/p>\n<p>&nbsp;<\/p>\n<p>&nbsp;<\/p>\n<p>&nbsp;<\/p>\n<p>&nbsp;<\/p>\n<h3><span style=\"color: #003366;font-size: 14pt;font-family: 'Trebuchet MS', Geneva\">Samedi 03 mars<\/span><\/h3>\n<p><span style=\"font-family: 'Trebuchet MS', Geneva;color: #003366\">Stage de musique d&rsquo;ensemble Ado<\/span><\/p>\n<p>&nbsp;<\/p>\n<p><span style=\"font-family: 'Trebuchet MS', Geneva;font-size: 10pt;color: #000000\"><b>Cercle Celtique, Ferme de la Harpe, Rennes \u2666<\/b><b>\u00a010h &#8211; 17h \u2666<\/b><b>\u00a010\u20ac \u2666<\/b><b>\u00a0<\/b><b>13 &#8211; 17 ans<\/b><b> \u2666<\/b><b>\u00a0Renseignements et inscriptions : 02 99 54 36 45 &#8211; mediation@cercleceltiquederennes.org \u2666<\/b>\u00a0<b>Inscription \u00e0 la journ\u00e9e &#8211; pr\u00e9voir le pique-nique<\/b><\/span><\/p>\n<p><span style=\"font-family: 'Trebuchet MS', Geneva;font-size: 10pt\">Jouer d\u2019un instrument c\u2019est bien\u2026 mais jouer \u00e0 plusieurs c\u2019est encore mieux. On vous propose de vivre cette exp\u00e9rience lors de ce stage encadr\u00e9 par un musicien professionnel qui pourra vous donner toutes les astuces pour\u00a0 interpr\u00e9ter des airs ensemble.<\/span><\/p>\n<h3><span style=\"color: #008080;font-size: 8pt\">\u00a0<span style=\"font-family: 'Trebuchet MS', Geneva\"><em><strong>Org. : p\u00f4le m\u00e9diation du Cercle Celtique de Rennes<\/strong><\/em><\/span><\/span><\/h3>\n<p>&nbsp;<\/p>\n<p>&nbsp;<\/p>\n<h3><span style=\"color: #003366;font-size: 14pt;font-family: 'Trebuchet MS', Geneva\">Dimanche 04 mars<\/span><\/h3>\n<h4><span style=\"font-size: 12pt;font-family: 'Trebuchet MS', Geneva\"><span style=\"color: #003366\">Le Cavalier des Vagues<\/span><\/span><\/h4>\n<p><span style=\"font-size: 10pt;color: #000000;font-family: 'Trebuchet MS', Geneva\"><strong>Aud<img loading=\"lazy\" decoding=\"async\" class=\" wp-image-35 alignleft\" src=\"http:\/\/www.sevenadur.org\/2018\/wp-content\/uploads\/sites\/5\/2017\/12\/Affiche-Le-Cavalier-des-Vagues-Carole-Mc-212x300.jpg\" alt=\"\" width=\"235\" height=\"333\" srcset=\"http:\/\/www.sevenadur.org\/2018\/wp-content\/uploads\/sites\/5\/2017\/12\/Affiche-Le-Cavalier-des-Vagues-Carole-Mc-212x300.jpg 212w, http:\/\/www.sevenadur.org\/2018\/wp-content\/uploads\/sites\/5\/2017\/12\/Affiche-Le-Cavalier-des-Vagues-Carole-Mc-768x1087.jpg 768w, http:\/\/www.sevenadur.org\/2018\/wp-content\/uploads\/sites\/5\/2017\/12\/Affiche-Le-Cavalier-des-Vagues-Carole-Mc-724x1024.jpg 724w\" sizes=\"auto, (max-width: 235px) 100vw, 235px\" \/>itorium du mus\u00e9e des Beaux-Arts,\u00a020 quai Emile Zola, Rennes\u00a0<b>\u2666<\/b> 16h30\u00a0<b>\u2666<\/b> Spectacle tout public, d\u00e8s 6 ans\u00a0<b>\u2666<\/b> 6 \u20ac\u00a0<b>\u2666<\/b>\u00a0Renseignements et r\u00e9servations : 02 99 54 36 45 &#8211; <em><img loading=\"lazy\" decoding=\"async\" class=\" wp-image-941 alignnone\" src=\"http:\/\/www.sevenadur.org\/2018\/wp-content\/uploads\/sites\/5\/2018\/01\/picto_handicap.jpg\" alt=\"\" width=\"19\" height=\"19\" srcset=\"http:\/\/www.sevenadur.org\/2018\/wp-content\/uploads\/sites\/5\/2018\/01\/picto_handicap.jpg 256w, http:\/\/www.sevenadur.org\/2018\/wp-content\/uploads\/sites\/5\/2018\/01\/picto_handicap-150x150.jpg 150w\" sizes=\"auto, (max-width: 19px) 100vw, 19px\" \/><\/em>mediation@cercleceltiquederennes.org\u00a0<b>\u2666<\/b> Billetterie ouverte d\u00e8s 16h<\/strong><\/span><\/p>\n<p><span style=\"font-family: 'Trebuchet MS', Geneva\"><span style=\"font-weight: 400\"><span style=\"font-size: 10pt\">Plongez dans l\u2019histoire de Yann, jeune marin breton. Lorsque son patron lui annonce qu\u2019il part pour une grande campagne de p\u00eache, Yann ne se doute pas de toutes les p\u00e9rip\u00e9ties qui l\u2019attendent&#8230; Cette aventure va le mener de ses c\u00f4tes natales jusqu\u2019\u00e0 celles du golfe de Guin\u00e9e. Au cours de ce voyage rempli de musiques et de rencontres, des personnages fantastiques et <\/span><\/span><span style=\"font-size: 10pt\">malicieux croiseront sa route et lui feront d\u00e9couvrir de nouveaux\u00a0<\/span><\/span><\/p>\n<p><span style=\"font-weight: 400;font-size: 10pt;font-family: 'Trebuchet MS', Geneva\">\u00a0horizons\u2026 <\/span><\/p>\n<p><span style=\"font-weight: 400;font-size: 10pt;font-family: 'Trebuchet MS', Geneva\">R\u00e9alis\u00e9 et interpr\u00e9t\u00e9 par Yves Marie et Cl\u00e9ment Le Goff, ce spectacle vous fera voyager entre les sonorit\u00e9s bretonnes et mandingues. En vous laissant emporter, vous y respirerez un parfum d\u2019iode et de voyage !<\/span><\/p>\n<p><span style=\"font-size: 10pt\"><strong><span style=\"font-family: 'Trebuchet MS', Geneva\">Ne manquez sous aucun pr\u00e9texte les objets africains sortis sp\u00e9cialement des r\u00e9serves du mus\u00e9e !<\/span><\/strong><\/span><\/p>\n<p><span style=\"font-size: 8pt;font-family: 'Trebuchet MS', Geneva;color: #008080\"><em><strong>Org. : p\u00f4le m\u00e9diation du Cercle Celtique en partenariat avec le\u00a0<a style=\"color: #008080\" href=\"https:\/\/mba.rennes.fr\/\" target=\"_blank\" rel=\"noopener noreferrer\">Mus\u00e9e des Beaux-Arts<\/a><\/strong><\/em><\/span><\/p>\n","protected":false},"excerpt":{"rendered":"<p>Les journ\u00e9es\u00a0Sevenadur Enfants et Kiffe ta Breizh pour les ados &nbsp; Chaque ann\u00e9e, le Cercle Celtique de Rennes organise aux vacances d\u2019Hiver les journ\u00e9es enfants Sevenadur pour les 6-10 ans et Kiffe ta Breizh pour les adolescents entre 11 et &hellip; <a href=\"http:\/\/www.sevenadur.org\/2018\/jeunesse\/\">Continuer la lecture <span class=\"meta-nav\">&rarr;<\/span><\/a><\/p>\n","protected":false},"author":1,"featured_media":0,"parent":0,"menu_order":0,"comment_status":"closed","ping_status":"closed","template":"","meta":{"_vp_format_video_url":"","_vp_image_focal_point":[],"footnotes":""},"class_list":["post-67","page","type-page","status-publish","hentry"],"_links":{"self":[{"href":"http:\/\/www.sevenadur.org\/2018\/wp-json\/wp\/v2\/pages\/67","targetHints":{"allow":["GET"]}}],"collection":[{"href":"http:\/\/www.sevenadur.org\/2018\/wp-json\/wp\/v2\/pages"}],"about":[{"href":"http:\/\/www.sevenadur.org\/2018\/wp-json\/wp\/v2\/types\/page"}],"author":[{"embeddable":true,"href":"http:\/\/www.sevenadur.org\/2018\/wp-json\/wp\/v2\/users\/1"}],"replies":[{"embeddable":true,"href":"http:\/\/www.sevenadur.org\/2018\/wp-json\/wp\/v2\/comments?post=67"}],"version-history":[{"count":86,"href":"http:\/\/www.sevenadur.org\/2018\/wp-json\/wp\/v2\/pages\/67\/revisions"}],"predecessor-version":[{"id":1057,"href":"http:\/\/www.sevenadur.org\/2018\/wp-json\/wp\/v2\/pages\/67\/revisions\/1057"}],"wp:attachment":[{"href":"http:\/\/www.sevenadur.org\/2018\/wp-json\/wp\/v2\/media?parent=67"}],"curies":[{"name":"wp","href":"https:\/\/api.w.org\/{rel}","templated":true}]}}